{"id":1675,"date":"2024-07-16T11:29:56","date_gmt":"2024-07-16T09:29:56","guid":{"rendered":"https:\/\/aromenderalpen.de\/start\/"},"modified":"2025-09-15T14:41:56","modified_gmt":"2025-09-15T12:41:56","slug":"start","status":"publish","type":"page","link":"https:\/\/aromenderalpen.de\/pl\/","title":{"rendered":"Start"},"content":{"rendered":"\n<div id=\"wd-8d553aaa\" class=\"wp-block-wd-slider wd-slider wd-carousel-container wd-anim-parallax wd-stretched\"><div class=\"wd-carousel-inner\"><div class=\"wd-carousel wd-grid\" data-effect=\"parallax\" data-wrap=\"yes\" data-autoheight=\"yes\" data-sliding_speed=\"700\" style=\"--wd-col-lg:1;--wd-col-md:1;--wd-col-sm:1;\" data-autoplay=\"yes\" data-speed=\"25000\"><div class=\"wd-carousel-wrap\">\n<div id=\"wd-c66b905b\" class=\"wp-block-wd-slider-item wd-slide wd-carousel-item\"><div class=\"wd-slide-container\">\n<div id=\"wd-a18d431d\" class=\"wp-block-wd-container wd-dir-col wd-custom-width\">\n<span id=\"wd-828a2bcd\" class=\"wp-block-wd-paragraph wd-animation wd-transform wd-animation-slide-from-bottom wd_delay_150\">Pyszne sery alpejskie<\/span>\n\n\n\n<span id=\"wd-b0925609\" class=\"wp-block-wd-paragraph wd-animation wd-transform wd-animation-slide-from-bottom wd_delay_250\">Wybrane specja\u0142y z innych region\u00f3w.<\/span>\n\n\n\n<div id=\"wd-03b50cf8\" class=\"wp-block-wd-container wd-dir-row wd-dir-row-md wd-dir-row-sm wd-align-is-lg-center wd-animation wd-transform wd-animation-slide-from-bottom wd_delay_350\">\n<a id=\"wd-1059c6d2\" class=\"wp-block-wd-button btn btn-style-default btn-color-white btn-size-default btn-shape-round\" href=\"https:\/\/aromenderalpen.de\/pl\/sklep\/\"><span>Kup teraz<\/span><\/a>\n<\/div>\n<\/div>\n<\/div><div class=\"wd-slide-bg wd-fill\"><\/div><\/div>\n<\/div><\/div><div class=\"wd-nav-arrows wd-slider-arrows wd-custom-style wd-pos-sep wd-hide-md-sm wd-hide-sm wd-style-3 color-scheme-dark\"><div class=\"wd-btn-arrow wd-prev\"><div class=\"wd-arrow-inner\"><\/div><\/div><div class=\"wd-btn-arrow wd-next\"><div class=\"wd-arrow-inner\"><\/div><\/div><\/div><\/div><div class=\"wd-nav-pagin-wrap wd-slider-pagin wd-custom-style wd-style-shape-3 color-scheme-dark\"><ul class=\"wd-nav-pagin\"><\/ul><\/div><\/div>\n\n<div id=\"wd-575b600f\" class=\"wp-block-wd-products-tabs wd-tabs wd-products-tabs tabs-design-alt wd-hover-parent\">\n<div id=\"wd-a9f5bbf5\" class=\"wp-block-wd-products-tabs-header wd-tabs-header\"><div class=\"tabs-name title\">Bestsellery tygodnia!<\/div><div class=\"wd-nav-wrapper wd-nav-tabs-wrapper\"><ul class=\"wd-nav wd-nav-tabs products-tabs-title wd-icon-pos-start wd-style-underline\">\n<li id=\"wd-dca563b2\" class=\"wp-block-wd-products-tabs-tab\" data-atts=\"{\"items_per_page\":\"10\",\"product_hover\":\"inherit\",\"columns\":5,\"products_with_background\":true,\"columns_tablet\":3,\"el_id\":\"wd-dca563b2\"}\"><a href=\"#\" class=\"wd-nav-link\"><span class=\"tab-label nav-link-text\">Wszystkie<\/span><\/a><\/li>\n\n\n\n<li id=\"wd-f9fe6c9b\" class=\"wp-block-wd-products-tabs-tab\" data-atts=\"{\"items_per_page\":\"10\",\"columns\":5,\"products_with_background\":true,\"order\":\"ASC\",\"columns_tablet\":3,\"el_id\":\"wd-f9fe6c9b\"}\"><a href=\"#\" class=\"wd-nav-link\"><span class=\"tab-label nav-link-text\">Najcz\u0119\u015bciej kupowane<\/span><\/a><\/li>\n<\/ul><\/div><\/div>\n\n\n\t\t\t<div id=\"wd-dca563b2\" class=\"wd-tabs-content-wrapper\">\n\t\t\t\t\t\t<div class=\"wd-sticky-loader\"><span class=\"wd-loader\"><\/span><\/div>\n\t\t\n\t\t\t\t\t\t\t<div id=\"\" class=\"wd-products-element wd-tab-content wd-active wd-in\">\n\t\t\t\n\t\t\n\t\t\t\t\t<div class=\"products wd-products  grid-columns-5 elements-grid wd-grid-g wd-stretch-cont-lg wd-stretch-cont-md wd-stretch-cont-sm wd-products-with-bg\" data-paged=\"1\" data-atts=\"{&quot;speed&quot;:5000,&quot;wrap&quot;:&quot;no&quot;,&quot;hide_pagination_control_tablet&quot;:&quot;no&quot;,&quot;hide_pagination_control_mobile&quot;:&quot;no&quot;,&quot;hide_prev_next_buttons&quot;:&quot;no&quot;,&quot;hide_prev_next_buttons_tablet&quot;:&quot;no&quot;,&quot;hide_prev_next_buttons_mobile&quot;:&quot;no&quot;,&quot;spacing&quot;:&quot;20&quot;,&quot;items_per_page&quot;:&quot;10&quot;,&quot;columns&quot;:5,&quot;columns_tablet&quot;:3,&quot;products_with_background&quot;:true,&quot;products_different_sizes&quot;:&quot;disable&quot;,&quot;wrapper_classes&quot;:&quot; wd-tab-content wd-active wd-in&quot;,&quot;force_not_ajax&quot;:&quot;no&quot;}\" data-source=\"shortcode\" data-columns=\"5\" data-grid-gallery=\"{&quot;grid_gallery&quot;:&quot;1&quot;,&quot;grid_gallery_control&quot;:&quot;arrows&quot;,&quot;grid_gallery_enable_arrows&quot;:&quot;none&quot;}\" style=\"--wd-col-lg:5;--wd-col-md:3;--wd-col-sm:2;--wd-gap-lg:20px;--wd-gap-sm:10px;\">\n\t\t\t<div class=\"wd-product wd-hover-buttons-on-hover wd-col product-grid-item product type-product post-1802 status-publish instock product_cat-deska-serow has-post-thumbnail purchasable product-type-simple\" data-loop=\"1\" data-id=\"1802\">\n\t\n\t\n<div class=\"product-wrapper\">\n\t<div class=\"product-element-top wd-quick-shop\">\n\t\t<a href=\"https:\/\/aromenderalpen.de\/pl\/produkt\/alpejska-uczta-deska-serow-dla-koneserow\/\" class=\"product-image-link\" tabindex=\"-1\" aria-label=\"Alpejska uczta \u2013 deska ser\u00f3w dla koneser\u00f3w\">\n\t\t\t<img decoding=\"async\" width=\"600\" height=\"600\" src=\"https:\/\/aromenderalpen.de\/wp-content\/uploads\/2025\/07\/IMG_5784-600x600.jpg\" class=\"attachment-woocommerce_thumbnail size-woocommerce_thumbnail\" alt=\"Alpenschmaus \u2013 K\u00e4seplatte f\u00fcr Genie\u00dfer\" srcset=\"https:\/\/aromenderalpen.de\/wp-content\/uploads\/2025\/07\/IMG_5784-600x600.jpg 600w, https:\/\/aromenderalpen.de\/wp-content\/uploads\/2025\/07\/IMG_5784-150x150.jpg 150w\" sizes=\"(max-width: 600px) 100vw, 600px\" \/>\t\t<\/a>\n\n\t\t\n\t\t<div class=\"wd-buttons wd-pos-r-t\">\n\t\t\t\t\t<\/div>\n\t<\/div>\n\n\t<div class=\"product-element-bottom\">\n\n\t\t<div class=\"wd-product-header\">\n\t\t\t<h3 class=\"wd-entities-title\"><a href=\"https:\/\/aromenderalpen.de\/pl\/produkt\/alpejska-uczta-deska-serow-dla-koneserow\/\">Alpejska uczta \u2013 deska ser\u00f3w dla koneser\u00f3w<\/a><\/h3>\n\t\t\t\t\t<\/div>\n\n\t\t\n\t\t\t\t<div class=\"wd-product-cats\">\n\t\t\t<a href=\"https:\/\/aromenderalpen.de\/pl\/kategoria-produktow\/deska-serow\/\" rel=\"tag\">Deska ser\u00f3w<\/a>\t\t<\/div>\n\t\t\n\t\t\n\t\t<div class=\"wrap-price\">\n\t\t\t\n\t<span class=\"price\"><span class=\"woocommerce-Price-amount amount\"><bdi>53,25&nbsp;<span class=\"woocommerce-Price-currencySymbol\">&#122;&#322;<\/span><\/bdi><\/span><\/span>\n\n\t\t\t\t\t<\/div>\n\n\t\t<span class=\"gtm4wp_productdata\" style=\"display:none; visibility:hidden;\" data-gtm4wp_product_data=\"{&quot;internal_id&quot;:1802,&quot;item_id&quot;:&quot;1001&quot;,&quot;item_name&quot;:&quot;Alpejska uczta \\u2013 deska ser\\u00f3w dla koneser\\u00f3w&quot;,&quot;sku&quot;:&quot;1001&quot;,&quot;price&quot;:53.25,&quot;stocklevel&quot;:null,&quot;stockstatus&quot;:&quot;instock&quot;,&quot;google_business_vertical&quot;:&quot;retail&quot;,&quot;item_category&quot;:&quot;Deska ser\\u00f3w&quot;,&quot;id&quot;:&quot;1001&quot;,&quot;productlink&quot;:&quot;https:\\\/\\\/aromenderalpen.de\\\/pl\\\/produkt\\\/alpejska-uczta-deska-serow-dla-koneserow\\\/&quot;,&quot;item_list_name&quot;:&quot;General Product List&quot;,&quot;index&quot;:2,&quot;product_type&quot;:&quot;simple&quot;,&quot;item_brand&quot;:&quot;&quot;}\"><\/span>\t\t\t<input type=\"hidden\" class=\"wpmProductId\" data-id=\"1802\">\n\t\t\t\t\t<script>\n\t\t\t(window.wpmDataLayer = window.wpmDataLayer || {}).products                = window.wpmDataLayer.products || {};\n\t\t\twindow.wpmDataLayer.products[1802] = {\"id\":\"1802\",\"sku\":\"1001\",\"price\":53.25,\"brand\":\"Aromen der Alpen\",\"quantity\":1,\"dyn_r_ids\":{\"post_id\":\"1802\",\"sku\":\"1001\",\"gpf\":\"woocommerce_gpf_1802\",\"gla\":\"gla_1802\"},\"is_variable\":false,\"type\":\"simple\",\"name\":\"Alpejska uczta \u2013 deska ser\u00f3w dla koneser\u00f3w\",\"category\":[\"Deska ser\u00f3w\"],\"is_variation\":false};\n\t\t\t\t\twindow.pmw_product_position = window.pmw_product_position || 1;\n\t\twindow.wpmDataLayer.products[1802]['position'] = window.pmw_product_position++;\n\t\t\t\t<\/script>\n\t\t\n\t\t\n\t\t\n\t\t\n\t\t<div class=\"wd-product-footer\">\n\t\t\t<div class=\"wd-add-btn wd-add-btn-replace\">\n\t\t\t\t<a href=\"\/pl\/wp-json\/wp\/v2\/pages\/1675?add-to-cart=1802\" aria-describedby=\"woocommerce_loop_add_to_cart_link_describedby_1802\" data-quantity=\"1\" class=\"button product_type_simple add_to_cart_button ajax_add_to_cart add-to-cart-loop\" data-product_id=\"1802\" data-product_sku=\"1001\" aria-label=\"Dodaj do koszyka: &bdquo;Alpejska uczta \u2013 deska ser\u00f3w dla koneser\u00f3w&rdquo;\" rel=\"nofollow\" data-success_message=\"&ldquo;Alpejska uczta \u2013 deska ser\u00f3w dla koneser\u00f3w&rdquo; zosta\u0142 dodany do twojego koszyka\" role=\"button\"><span>Dodaj do koszyka<\/span><\/a>\t<span id=\"woocommerce_loop_add_to_cart_link_describedby_1802\" class=\"screen-reader-text\">\n\t\t\t<\/span>\n\t\t\t<\/div>\n\n\t\t\t\t\t\t<div class=\"wd-action-buttons\">\n\t\t\t\t\t\t\t\t\t\t<div class=\"quick-view wd-action-btn wd-style-icon wd-quick-view-icon wd-tooltip\">\n\t\t\t<a\n\t\t\t\thref=\"https:\/\/aromenderalpen.de\/pl\/produkt\/alpejska-uczta-deska-serow-dla-koneserow\/\"\n\t\t\t\tclass=\"open-quick-view quick-view-button\"\n\t\t\t\trel=\"nofollow\"\n\t\t\t\tdata-id=\"1802\"\n\t\t\t\t>Zobacz<\/a>\n\t\t<\/div>\n\t\t\t\t\t<\/div>\n\t\t\t\t\t<\/div>\n\t<\/div>\n<\/div>\n<\/div>\n<div class=\"wd-product wd-hover-buttons-on-hover wd-col product-grid-item product type-product post-1800 status-publish instock product_cat-deska-serow has-post-thumbnail purchasable product-type-simple\" data-loop=\"2\" data-id=\"1800\">\n\t\n\t\n<div class=\"product-wrapper\">\n\t<div class=\"product-element-top wd-quick-shop\">\n\t\t<a href=\"https:\/\/aromenderalpen.de\/pl\/produkt\/alpenfest-duza-deska-serow-dla-smakoszy\/\" class=\"product-image-link\" tabindex=\"-1\" aria-label=\"Alpenfest \u2013 Du\u017ca deska ser\u00f3w dla smakoszy\">\n\t\t\t<img decoding=\"async\" width=\"600\" height=\"600\" src=\"https:\/\/aromenderalpen.de\/wp-content\/uploads\/2025\/07\/IMG_5800_6d3fcc90-97ef-4377-9e37-dc1ee11c16a0-600x600.jpg\" class=\"attachment-woocommerce_thumbnail size-woocommerce_thumbnail\" alt=\"Alpenfest \u2013 Gro\u00dfe K\u00e4seplatte f\u00fcr Feinschmecker\" srcset=\"https:\/\/aromenderalpen.de\/wp-content\/uploads\/2025\/07\/IMG_5800_6d3fcc90-97ef-4377-9e37-dc1ee11c16a0-600x600.jpg 600w, https:\/\/aromenderalpen.de\/wp-content\/uploads\/2025\/07\/IMG_5800_6d3fcc90-97ef-4377-9e37-dc1ee11c16a0-150x150.jpg 150w\" sizes=\"(max-width: 600px) 100vw, 600px\" \/>\t\t<\/a>\n\n\t\t\n\t\t<div class=\"wd-buttons wd-pos-r-t\">\n\t\t\t\t\t<\/div>\n\t<\/div>\n\n\t<div class=\"product-element-bottom\">\n\n\t\t<div class=\"wd-product-header\">\n\t\t\t<h3 class=\"wd-entities-title\"><a href=\"https:\/\/aromenderalpen.de\/pl\/produkt\/alpenfest-duza-deska-serow-dla-smakoszy\/\">Alpenfest \u2013 Du\u017ca deska ser\u00f3w dla smakoszy<\/a><\/h3>\n\t\t\t\t\t<\/div>\n\n\t\t\n\t\t\t\t<div class=\"wd-product-cats\">\n\t\t\t<a href=\"https:\/\/aromenderalpen.de\/pl\/kategoria-produktow\/deska-serow\/\" rel=\"tag\">Deska ser\u00f3w<\/a>\t\t<\/div>\n\t\t\n\t\t\n\t\t<div class=\"wrap-price\">\n\t\t\t\n\t<span class=\"price\"><span class=\"woocommerce-Price-amount amount\"><bdi>106,50&nbsp;<span class=\"woocommerce-Price-currencySymbol\">&#122;&#322;<\/span><\/bdi><\/span><\/span>\n\n\t\t\t\t\t<\/div>\n\n\t\t<span class=\"gtm4wp_productdata\" style=\"display:none; visibility:hidden;\" data-gtm4wp_product_data=\"{&quot;internal_id&quot;:1800,&quot;item_id&quot;:&quot;1000&quot;,&quot;item_name&quot;:&quot;Alpenfest \\u2013 Du\\u017ca deska ser\\u00f3w dla smakoszy&quot;,&quot;sku&quot;:&quot;1000&quot;,&quot;price&quot;:106.5,&quot;stocklevel&quot;:null,&quot;stockstatus&quot;:&quot;instock&quot;,&quot;google_business_vertical&quot;:&quot;retail&quot;,&quot;item_category&quot;:&quot;Deska ser\\u00f3w&quot;,&quot;id&quot;:&quot;1000&quot;,&quot;productlink&quot;:&quot;https:\\\/\\\/aromenderalpen.de\\\/pl\\\/produkt\\\/alpenfest-duza-deska-serow-dla-smakoszy\\\/&quot;,&quot;item_list_name&quot;:&quot;General Product List&quot;,&quot;index&quot;:3,&quot;product_type&quot;:&quot;simple&quot;,&quot;item_brand&quot;:&quot;&quot;}\"><\/span>\t\t\t<input type=\"hidden\" class=\"wpmProductId\" data-id=\"1800\">\n\t\t\t\t\t<script>\n\t\t\t(window.wpmDataLayer = window.wpmDataLayer || {}).products                = window.wpmDataLayer.products || {};\n\t\t\twindow.wpmDataLayer.products[1800] = {\"id\":\"1800\",\"sku\":\"1000\",\"price\":106.5,\"brand\":\"Aromen der Alpen\",\"quantity\":1,\"dyn_r_ids\":{\"post_id\":\"1800\",\"sku\":\"1000\",\"gpf\":\"woocommerce_gpf_1800\",\"gla\":\"gla_1800\"},\"is_variable\":false,\"type\":\"simple\",\"name\":\"Alpenfest \u2013 Du\u017ca deska ser\u00f3w dla smakoszy\",\"category\":[\"Deska ser\u00f3w\"],\"is_variation\":false};\n\t\t\t\t\twindow.pmw_product_position = window.pmw_product_position || 1;\n\t\twindow.wpmDataLayer.products[1800]['position'] = window.pmw_product_position++;\n\t\t\t\t<\/script>\n\t\t\n\t\t\n\t\t\n\t\t\n\t\t<div class=\"wd-product-footer\">\n\t\t\t<div class=\"wd-add-btn wd-add-btn-replace\">\n\t\t\t\t<a href=\"\/pl\/wp-json\/wp\/v2\/pages\/1675?add-to-cart=1800\" aria-describedby=\"woocommerce_loop_add_to_cart_link_describedby_1800\" data-quantity=\"1\" class=\"button product_type_simple add_to_cart_button ajax_add_to_cart add-to-cart-loop\" data-product_id=\"1800\" data-product_sku=\"1000\" aria-label=\"Dodaj do koszyka: &bdquo;Alpenfest \u2013 Du\u017ca deska ser\u00f3w dla smakoszy&rdquo;\" rel=\"nofollow\" data-success_message=\"&ldquo;Alpenfest \u2013 Du\u017ca deska ser\u00f3w dla smakoszy&rdquo; zosta\u0142 dodany do twojego koszyka\" role=\"button\"><span>Dodaj do koszyka<\/span><\/a>\t<span id=\"woocommerce_loop_add_to_cart_link_describedby_1800\" class=\"screen-reader-text\">\n\t\t\t<\/span>\n\t\t\t<\/div>\n\n\t\t\t\t\t\t<div class=\"wd-action-buttons\">\n\t\t\t\t\t\t\t\t\t\t<div class=\"quick-view wd-action-btn wd-style-icon wd-quick-view-icon wd-tooltip\">\n\t\t\t<a\n\t\t\t\thref=\"https:\/\/aromenderalpen.de\/pl\/produkt\/alpenfest-duza-deska-serow-dla-smakoszy\/\"\n\t\t\t\tclass=\"open-quick-view quick-view-button\"\n\t\t\t\trel=\"nofollow\"\n\t\t\t\tdata-id=\"1800\"\n\t\t\t\t>Zobacz<\/a>\n\t\t<\/div>\n\t\t\t\t\t<\/div>\n\t\t\t\t\t<\/div>\n\t<\/div>\n<\/div>\n<\/div>\n<div class=\"wd-product wd-hover-buttons-on-hover wd-col product-grid-item product type-product post-5862 status-publish last instock product_cat-zestawy-produktow has-post-thumbnail purchasable product-type-simple\" data-loop=\"3\" data-id=\"5862\">\n\t\n\t\n<div class=\"product-wrapper\">\n\t<div class=\"product-element-top wd-quick-shop\">\n\t\t<a href=\"https:\/\/aromenderalpen.de\/pl\/produkt\/imperium-aroma-potega-smaku-luksus-w-kazdym-lyku-kopie\/\" class=\"product-image-link\" tabindex=\"-1\" aria-label=\"Aromaty \u015bwiata \u2013 luksusowa kolekcja\">\n\t\t\t<img decoding=\"async\" width=\"600\" height=\"600\" src=\"https:\/\/aromenderalpen.de\/wp-content\/uploads\/2026\/04\/WhatsApp-Image-2026-03-29-at-12.22.47-600x600.jpeg\" class=\"attachment-woocommerce_thumbnail size-woocommerce_thumbnail\" alt=\"Aromen der Welt \u2013 luxuri\u00f6se Kollektion\" srcset=\"https:\/\/aromenderalpen.de\/wp-content\/uploads\/2026\/04\/WhatsApp-Image-2026-03-29-at-12.22.47-600x600.jpeg 600w, https:\/\/aromenderalpen.de\/wp-content\/uploads\/2026\/04\/WhatsApp-Image-2026-03-29-at-12.22.47-150x150.jpeg 150w\" sizes=\"(max-width: 600px) 100vw, 600px\" \/>\t\t<\/a>\n\n\t\t\n\t\t<div class=\"wd-buttons wd-pos-r-t\">\n\t\t\t\t\t<\/div>\n\t<\/div>\n\n\t<div class=\"product-element-bottom\">\n\n\t\t<div class=\"wd-product-header\">\n\t\t\t<h3 class=\"wd-entities-title\"><a href=\"https:\/\/aromenderalpen.de\/pl\/produkt\/imperium-aroma-potega-smaku-luksus-w-kazdym-lyku-kopie\/\">Aromaty \u015bwiata \u2013 luksusowa kolekcja<\/a><\/h3>\n\t\t\t\t\t<\/div>\n\n\t\t\n\t\t\t\t<div class=\"wd-product-cats\">\n\t\t\t<a href=\"https:\/\/aromenderalpen.de\/pl\/kategoria-produktow\/zestawy-produktow\/\" rel=\"tag\">Zestawy produkt\u00f3w<\/a>\t\t<\/div>\n\t\t\n\t\t\n\t\t<div class=\"wrap-price\">\n\t\t\t\n\t<span class=\"price\"><span class=\"woocommerce-Price-amount amount\"><bdi>529,99&nbsp;<span class=\"woocommerce-Price-currencySymbol\">&#122;&#322;<\/span><\/bdi><\/span><\/span>\n\n\t\t\t\t\t<\/div>\n\n\t\t<span class=\"gtm4wp_productdata\" style=\"display:none; visibility:hidden;\" data-gtm4wp_product_data=\"{&quot;internal_id&quot;:5862,&quot;item_id&quot;:5862,&quot;item_name&quot;:&quot;Aromaty \\u015bwiata \\u2013 luksusowa kolekcja&quot;,&quot;sku&quot;:5862,&quot;price&quot;:529.99,&quot;stocklevel&quot;:null,&quot;stockstatus&quot;:&quot;instock&quot;,&quot;google_business_vertical&quot;:&quot;retail&quot;,&quot;item_category&quot;:&quot;Zestawy produkt\\u00f3w&quot;,&quot;id&quot;:5862,&quot;productlink&quot;:&quot;https:\\\/\\\/aromenderalpen.de\\\/pl\\\/produkt\\\/imperium-aroma-potega-smaku-luksus-w-kazdym-lyku-kopie\\\/&quot;,&quot;item_list_name&quot;:&quot;General Product List&quot;,&quot;index&quot;:4,&quot;product_type&quot;:&quot;simple&quot;,&quot;item_brand&quot;:&quot;&quot;}\"><\/span>\t\t\t<input type=\"hidden\" class=\"wpmProductId\" data-id=\"5862\">\n\t\t\t\t\t<script>\n\t\t\t(window.wpmDataLayer = window.wpmDataLayer || {}).products                = window.wpmDataLayer.products || {};\n\t\t\twindow.wpmDataLayer.products[5862] = {\"id\":\"5862\",\"sku\":\"\",\"price\":529.99,\"brand\":\"\",\"quantity\":1,\"dyn_r_ids\":{\"post_id\":\"5862\",\"sku\":5862,\"gpf\":\"woocommerce_gpf_5862\",\"gla\":\"gla_5862\"},\"is_variable\":false,\"type\":\"simple\",\"name\":\"Aromaty \u015bwiata \u2013 luksusowa kolekcja\",\"category\":[\"Zestawy produkt\u00f3w\"],\"is_variation\":false};\n\t\t\t\t\twindow.pmw_product_position = window.pmw_product_position || 1;\n\t\twindow.wpmDataLayer.products[5862]['position'] = window.pmw_product_position++;\n\t\t\t\t<\/script>\n\t\t\n\t\t\n\t\t\n\t\t\n\t\t<div class=\"wd-product-footer\">\n\t\t\t<div class=\"wd-add-btn wd-add-btn-replace\">\n\t\t\t\t<a href=\"\/pl\/wp-json\/wp\/v2\/pages\/1675?add-to-cart=5862\" aria-describedby=\"woocommerce_loop_add_to_cart_link_describedby_5862\" data-quantity=\"1\" class=\"button product_type_simple add_to_cart_button ajax_add_to_cart add-to-cart-loop\" data-product_id=\"5862\" data-product_sku=\"\" aria-label=\"Dodaj do koszyka: &bdquo;Aromaty \u015bwiata \u2013 luksusowa kolekcja&rdquo;\" rel=\"nofollow\" data-success_message=\"&ldquo;Aromaty \u015bwiata \u2013 luksusowa kolekcja&rdquo; zosta\u0142 dodany do twojego koszyka\" role=\"button\"><span>Dodaj do koszyka<\/span><\/a>\t<span id=\"woocommerce_loop_add_to_cart_link_describedby_5862\" class=\"screen-reader-text\">\n\t\t\t<\/span>\n\t\t\t<\/div>\n\n\t\t\t\t\t\t<div class=\"wd-action-buttons\">\n\t\t\t\t\t\t\t\t\t\t<div class=\"quick-view wd-action-btn wd-style-icon wd-quick-view-icon wd-tooltip\">\n\t\t\t<a\n\t\t\t\thref=\"https:\/\/aromenderalpen.de\/pl\/produkt\/imperium-aroma-potega-smaku-luksus-w-kazdym-lyku-kopie\/\"\n\t\t\t\tclass=\"open-quick-view quick-view-button\"\n\t\t\t\trel=\"nofollow\"\n\t\t\t\tdata-id=\"5862\"\n\t\t\t\t>Zobacz<\/a>\n\t\t<\/div>\n\t\t\t\t\t<\/div>\n\t\t\t\t\t<\/div>\n\t<\/div>\n<\/div>\n<\/div>\n<div class=\"wd-product wd-hover-buttons-on-hover wd-col product-grid-item product type-product post-4911 status-publish first instock product_cat-przyprawy has-post-thumbnail shipping-taxable purchasable product-type-simple\" data-loop=\"4\" data-id=\"4911\">\n\t\n\t\n<div class=\"product-wrapper\">\n\t<div class=\"product-element-top wd-quick-shop\">\n\t\t<a href=\"https:\/\/aromenderalpen.de\/pl\/produkt\/przyprawa-do-smazonych-ziemniakow-aurelia-50g-kopie\/\" class=\"product-image-link\" tabindex=\"-1\" aria-label=\"Aurelia Tomatenliebe \u2013 mieszanka do pesto 100g\">\n\t\t\t<img decoding=\"async\" width=\"512\" height=\"512\" src=\"https:\/\/aromenderalpen.de\/wp-content\/uploads\/2026\/03\/Pesto-Fix-Tomatenliebe.jpg\" class=\"attachment-woocommerce_thumbnail size-woocommerce_thumbnail\" alt=\"\" srcset=\"https:\/\/aromenderalpen.de\/wp-content\/uploads\/2026\/03\/Pesto-Fix-Tomatenliebe.jpg 512w, https:\/\/aromenderalpen.de\/wp-content\/uploads\/2026\/03\/Pesto-Fix-Tomatenliebe-300x300.jpg 300w, https:\/\/aromenderalpen.de\/wp-content\/uploads\/2026\/03\/Pesto-Fix-Tomatenliebe-150x150.jpg 150w\" sizes=\"(max-width: 512px) 100vw, 512px\" \/>\t\t<\/a>\n\n\t\t\n\t\t<div class=\"wd-buttons wd-pos-r-t\">\n\t\t\t\t\t<\/div>\n\t<\/div>\n\n\t<div class=\"product-element-bottom\">\n\n\t\t<div class=\"wd-product-header\">\n\t\t\t<h3 class=\"wd-entities-title\"><a href=\"https:\/\/aromenderalpen.de\/pl\/produkt\/przyprawa-do-smazonych-ziemniakow-aurelia-50g-kopie\/\">Aurelia Tomatenliebe \u2013 mieszanka do pesto 100g<\/a><\/h3>\n\t\t\t\t\t<\/div>\n\n\t\t\n\t\t\t\t<div class=\"wd-product-cats\">\n\t\t\t<a href=\"https:\/\/aromenderalpen.de\/pl\/kategoria-produktow\/przyprawy\/\" rel=\"tag\">Przyprawy<\/a>\t\t<\/div>\n\t\t\n\t\t\n\t\t<div class=\"wrap-price\">\n\t\t\t\n\t<span class=\"price\"><span class=\"woocommerce-Price-amount amount\"><bdi>30,09&nbsp;<span class=\"woocommerce-Price-currencySymbol\">&#122;&#322;<\/span><\/bdi><\/span><\/span>\n\n\t\t\t\t\t<\/div>\n\n\t\t<span class=\"gtm4wp_productdata\" style=\"display:none; visibility:hidden;\" data-gtm4wp_product_data=\"{&quot;internal_id&quot;:4911,&quot;item_id&quot;:&quot;90001&quot;,&quot;item_name&quot;:&quot;Aurelia Tomatenliebe \\u2013 mieszanka do pesto 100g&quot;,&quot;sku&quot;:&quot;90001&quot;,&quot;price&quot;:30.09,&quot;stocklevel&quot;:null,&quot;stockstatus&quot;:&quot;instock&quot;,&quot;google_business_vertical&quot;:&quot;retail&quot;,&quot;item_category&quot;:&quot;Przyprawy&quot;,&quot;id&quot;:&quot;90001&quot;,&quot;productlink&quot;:&quot;https:\\\/\\\/aromenderalpen.de\\\/pl\\\/produkt\\\/przyprawa-do-smazonych-ziemniakow-aurelia-50g-kopie\\\/&quot;,&quot;item_list_name&quot;:&quot;General Product List&quot;,&quot;index&quot;:5,&quot;product_type&quot;:&quot;simple&quot;,&quot;item_brand&quot;:&quot;&quot;}\"><\/span>\t\t\t<input type=\"hidden\" class=\"wpmProductId\" data-id=\"4911\">\n\t\t\t\t\t<script>\n\t\t\t(window.wpmDataLayer = window.wpmDataLayer || {}).products                = window.wpmDataLayer.products || {};\n\t\t\twindow.wpmDataLayer.products[4911] = {\"id\":\"4911\",\"sku\":\"90001\",\"price\":30.09,\"brand\":\"\",\"quantity\":1,\"dyn_r_ids\":{\"post_id\":\"4911\",\"sku\":\"90001\",\"gpf\":\"woocommerce_gpf_4911\",\"gla\":\"gla_4911\"},\"is_variable\":false,\"type\":\"simple\",\"name\":\"Aurelia Tomatenliebe \u2013 mieszanka do pesto 100g\",\"category\":[\"Przyprawy\"],\"is_variation\":false};\n\t\t\t\t\twindow.pmw_product_position = window.pmw_product_position || 1;\n\t\twindow.wpmDataLayer.products[4911]['position'] = window.pmw_product_position++;\n\t\t\t\t<\/script>\n\t\t\n\t\t\n\t\t\n\t\t\n\t\t<div class=\"wd-product-footer\">\n\t\t\t<div class=\"wd-add-btn wd-add-btn-replace\">\n\t\t\t\t<a href=\"\/pl\/wp-json\/wp\/v2\/pages\/1675?add-to-cart=4911\" aria-describedby=\"woocommerce_loop_add_to_cart_link_describedby_4911\" data-quantity=\"1\" class=\"button product_type_simple add_to_cart_button ajax_add_to_cart add-to-cart-loop\" data-product_id=\"4911\" data-product_sku=\"90001\" aria-label=\"Dodaj do koszyka: &bdquo;Aurelia Tomatenliebe \u2013 mieszanka do pesto 100g&rdquo;\" rel=\"nofollow\" data-success_message=\"&ldquo;Aurelia Tomatenliebe \u2013 mieszanka do pesto 100g&rdquo; zosta\u0142 dodany do twojego koszyka\" role=\"button\"><span>Dodaj do koszyka<\/span><\/a>\t<span id=\"woocommerce_loop_add_to_cart_link_describedby_4911\" class=\"screen-reader-text\">\n\t\t\t<\/span>\n\t\t\t<\/div>\n\n\t\t\t\t\t\t<div class=\"wd-action-buttons\">\n\t\t\t\t\t\t\t\t\t\t<div class=\"quick-view wd-action-btn wd-style-icon wd-quick-view-icon wd-tooltip\">\n\t\t\t<a\n\t\t\t\thref=\"https:\/\/aromenderalpen.de\/pl\/produkt\/przyprawa-do-smazonych-ziemniakow-aurelia-50g-kopie\/\"\n\t\t\t\tclass=\"open-quick-view quick-view-button\"\n\t\t\t\trel=\"nofollow\"\n\t\t\t\tdata-id=\"4911\"\n\t\t\t\t>Zobacz<\/a>\n\t\t<\/div>\n\t\t\t\t\t<\/div>\n\t\t\t\t\t<\/div>\n\t<\/div>\n<\/div>\n<\/div>\n<div class=\"wd-product wd-hover-buttons-on-hover wd-col product-grid-item product type-product post-1702 status-publish instock product_cat-ser-miekki has-post-thumbnail purchasable product-type-simple\" data-loop=\"5\" data-id=\"1702\">\n\t\n\t\n<div class=\"product-wrapper\">\n\t<div class=\"product-element-top wd-quick-shop\">\n\t\t<a href=\"https:\/\/aromenderalpen.de\/pl\/produkt\/bauernstolz-180-g\/\" class=\"product-image-link\" tabindex=\"-1\" aria-label=\"Bauernstolz 180 g\">\n\t\t\t\t\t<div class=\"wd-product-grid-slider wd-fill\">\n\t\t\t\t\t\t\t<div class=\"wd-product-grid-slide\" data-image-url=\"https:\/\/aromenderalpen.de\/wp-content\/uploads\/2025\/07\/bauernstolz-600x600.jpg\" data-image-srcset=\"https:\/\/aromenderalpen.de\/wp-content\/uploads\/2025\/07\/bauernstolz-600x600.jpg 600w, https:\/\/aromenderalpen.de\/wp-content\/uploads\/2025\/07\/bauernstolz-300x300.jpg 300w, https:\/\/aromenderalpen.de\/wp-content\/uploads\/2025\/07\/bauernstolz-150x150.jpg 150w, https:\/\/aromenderalpen.de\/wp-content\/uploads\/2025\/07\/bauernstolz.jpg 700w\" data-image-id=\"0\"><\/div>\n\t\t\t\t\t\t\t<div class=\"wd-product-grid-slide\" data-image-url=\"https:\/\/aromenderalpen.de\/wp-content\/uploads\/2025\/07\/Bauernstolz-180-g-600x600.webp\" data-image-srcset=\"https:\/\/aromenderalpen.de\/wp-content\/uploads\/2025\/07\/Bauernstolz-180-g-600x600.webp 600w, https:\/\/aromenderalpen.de\/wp-content\/uploads\/2025\/07\/Bauernstolz-180-g-300x300.webp 300w, https:\/\/aromenderalpen.de\/wp-content\/uploads\/2025\/07\/Bauernstolz-180-g-150x150.webp 150w, https:\/\/aromenderalpen.de\/wp-content\/uploads\/2025\/07\/Bauernstolz-180-g.webp 700w\" data-image-id=\"1\"><\/div>\n\t\t\t\t\t<\/div>\n\n\t\t\t\t\t<div class=\"wd-product-grid-slider-nav wd-fill wd-hide-md\">\n\t\t\t\t<div class=\"wd-prev\"><\/div>\n\t\t\t\t<div class=\"wd-next\"><\/div>\n\t\t\t<\/div>\n\t\t\n\t\t\t\t\t\t\t\t\t<img decoding=\"async\" width=\"600\" height=\"600\" src=\"https:\/\/aromenderalpen.de\/wp-content\/uploads\/2025\/07\/bauernstolz-600x600.jpg\" class=\"attachment-woocommerce_thumbnail size-woocommerce_thumbnail\" alt=\"Bauernstolz 180 g\" srcset=\"https:\/\/aromenderalpen.de\/wp-content\/uploads\/2025\/07\/bauernstolz-600x600.jpg 600w, https:\/\/aromenderalpen.de\/wp-content\/uploads\/2025\/07\/bauernstolz-300x300.jpg 300w, https:\/\/aromenderalpen.de\/wp-content\/uploads\/2025\/07\/bauernstolz-150x150.jpg 150w, https:\/\/aromenderalpen.de\/wp-content\/uploads\/2025\/07\/bauernstolz.jpg 700w\" sizes=\"(max-width: 600px) 100vw, 600px\" \/>\t\t<\/a>\n\n\t\t\n\t\t<div class=\"wd-buttons wd-pos-r-t\">\n\t\t\t\t\t<\/div>\n\t<\/div>\n\n\t<div class=\"product-element-bottom\">\n\n\t\t<div class=\"wd-product-header\">\n\t\t\t<h3 class=\"wd-entities-title\"><a href=\"https:\/\/aromenderalpen.de\/pl\/produkt\/bauernstolz-180-g\/\">Bauernstolz 180 g<\/a><\/h3>\n\t\t\t\t\t<\/div>\n\n\t\t\n\t\t\t\t<div class=\"wd-product-cats\">\n\t\t\t<a href=\"https:\/\/aromenderalpen.de\/pl\/kategoria-produktow\/ser-miekki\/\" rel=\"tag\">Ser mi\u0119kki<\/a>\t\t<\/div>\n\t\t\n\t\t\n\t\t<div class=\"wrap-price\">\n\t\t\t\n\t<span class=\"price\"><span class=\"woocommerce-Price-amount amount\"><bdi>42,59&nbsp;<span class=\"woocommerce-Price-currencySymbol\">&#122;&#322;<\/span><\/bdi><\/span><\/span>\n\n\t\t\t\t\t<\/div>\n\n\t\t<span class=\"gtm4wp_productdata\" style=\"display:none; visibility:hidden;\" data-gtm4wp_product_data=\"{&quot;internal_id&quot;:1702,&quot;item_id&quot;:&quot;1125&quot;,&quot;item_name&quot;:&quot;Bauernstolz 180 g&quot;,&quot;sku&quot;:&quot;1125&quot;,&quot;price&quot;:42.59,&quot;stocklevel&quot;:null,&quot;stockstatus&quot;:&quot;instock&quot;,&quot;google_business_vertical&quot;:&quot;retail&quot;,&quot;item_category&quot;:&quot;Ser mi\\u0119kki&quot;,&quot;id&quot;:&quot;1125&quot;,&quot;productlink&quot;:&quot;https:\\\/\\\/aromenderalpen.de\\\/pl\\\/produkt\\\/bauernstolz-180-g\\\/&quot;,&quot;item_list_name&quot;:&quot;General Product List&quot;,&quot;index&quot;:6,&quot;product_type&quot;:&quot;simple&quot;,&quot;item_brand&quot;:&quot;&quot;}\"><\/span>\t\t\t<input type=\"hidden\" class=\"wpmProductId\" data-id=\"1702\">\n\t\t\t\t\t<script>\n\t\t\t(window.wpmDataLayer = window.wpmDataLayer || {}).products                = window.wpmDataLayer.products || {};\n\t\t\twindow.wpmDataLayer.products[1702] = {\"id\":\"1702\",\"sku\":\"1125\",\"price\":42.59,\"brand\":\"Aromen der Alpen\",\"quantity\":1,\"dyn_r_ids\":{\"post_id\":\"1702\",\"sku\":\"1125\",\"gpf\":\"woocommerce_gpf_1702\",\"gla\":\"gla_1702\"},\"is_variable\":false,\"type\":\"simple\",\"name\":\"Bauernstolz 180 g\",\"category\":[\"Ser mi\u0119kki\"],\"is_variation\":false};\n\t\t\t\t\twindow.pmw_product_position = window.pmw_product_position || 1;\n\t\twindow.wpmDataLayer.products[1702]['position'] = window.pmw_product_position++;\n\t\t\t\t<\/script>\n\t\t\n\t\t\n\t\t\n\t\t\n\t\t<div class=\"wd-product-footer\">\n\t\t\t<div class=\"wd-add-btn wd-add-btn-replace\">\n\t\t\t\t<a href=\"\/pl\/wp-json\/wp\/v2\/pages\/1675?add-to-cart=1702\" aria-describedby=\"woocommerce_loop_add_to_cart_link_describedby_1702\" data-quantity=\"1\" class=\"button product_type_simple add_to_cart_button ajax_add_to_cart add-to-cart-loop\" data-product_id=\"1702\" data-product_sku=\"1125\" aria-label=\"Dodaj do koszyka: &bdquo;Bauernstolz 180 g&rdquo;\" rel=\"nofollow\" data-success_message=\"&ldquo;Bauernstolz 180 g&rdquo; zosta\u0142 dodany do twojego koszyka\" role=\"button\"><span>Dodaj do koszyka<\/span><\/a>\t<span id=\"woocommerce_loop_add_to_cart_link_describedby_1702\" class=\"screen-reader-text\">\n\t\t\t<\/span>\n\t\t\t<\/div>\n\n\t\t\t\t\t\t<div class=\"wd-action-buttons\">\n\t\t\t\t\t\t\t\t\t\t<div class=\"quick-view wd-action-btn wd-style-icon wd-quick-view-icon wd-tooltip\">\n\t\t\t<a\n\t\t\t\thref=\"https:\/\/aromenderalpen.de\/pl\/produkt\/bauernstolz-180-g\/\"\n\t\t\t\tclass=\"open-quick-view quick-view-button\"\n\t\t\t\trel=\"nofollow\"\n\t\t\t\tdata-id=\"1702\"\n\t\t\t\t>Zobacz<\/a>\n\t\t<\/div>\n\t\t\t\t\t<\/div>\n\t\t\t\t\t<\/div>\n\t<\/div>\n<\/div>\n<\/div>\n<div class=\"wd-product wd-hover-buttons-on-hover wd-col product-grid-item product type-product post-1716 status-publish instock product_cat-ser-twardy has-post-thumbnail purchasable product-type-variable\" data-loop=\"6\" data-id=\"1716\">\n\t\n\t\n<div class=\"product-wrapper\">\n\t<div class=\"product-element-top wd-quick-shop\">\n\t\t<a href=\"https:\/\/aromenderalpen.de\/pl\/produkt\/bergler-5-miesiecy\/\" class=\"product-image-link\" tabindex=\"-1\" aria-label=\"Bergler 5 miesi\u0119cy\">\n\t\t\t\t\t<div class=\"wd-product-grid-slider wd-fill\">\n\t\t\t\t\t\t\t<div class=\"wd-product-grid-slide\" data-image-url=\"https:\/\/aromenderalpen.de\/wp-content\/uploads\/2025\/07\/bergler_1-600x600.jpg\" data-image-srcset=\"https:\/\/aromenderalpen.de\/wp-content\/uploads\/2025\/07\/bergler_1-600x600.jpg 600w, https:\/\/aromenderalpen.de\/wp-content\/uploads\/2025\/07\/bergler_1-300x300.jpg 300w, https:\/\/aromenderalpen.de\/wp-content\/uploads\/2025\/07\/bergler_1-150x150.jpg 150w, https:\/\/aromenderalpen.de\/wp-content\/uploads\/2025\/07\/bergler_1.jpg 700w\" data-image-id=\"0\"><\/div>\n\t\t\t\t\t\t\t<div class=\"wd-product-grid-slide\" data-image-url=\"https:\/\/aromenderalpen.de\/wp-content\/uploads\/2025\/07\/Bergler-5-Monaten1-600x600.webp\" data-image-srcset=\"https:\/\/aromenderalpen.de\/wp-content\/uploads\/2025\/07\/Bergler-5-Monaten1-600x600.webp 600w, https:\/\/aromenderalpen.de\/wp-content\/uploads\/2025\/07\/Bergler-5-Monaten1-300x300.webp 300w, https:\/\/aromenderalpen.de\/wp-content\/uploads\/2025\/07\/Bergler-5-Monaten1-150x150.webp 150w, https:\/\/aromenderalpen.de\/wp-content\/uploads\/2025\/07\/Bergler-5-Monaten1.webp 700w\" data-image-id=\"1\"><\/div>\n\t\t\t\t\t\t\t<div class=\"wd-product-grid-slide\" data-image-url=\"https:\/\/aromenderalpen.de\/wp-content\/uploads\/2025\/07\/Bergler-5-Monaten-600x600.webp\" data-image-srcset=\"https:\/\/aromenderalpen.de\/wp-content\/uploads\/2025\/07\/Bergler-5-Monaten-600x600.webp 600w, https:\/\/aromenderalpen.de\/wp-content\/uploads\/2025\/07\/Bergler-5-Monaten-300x300.webp 300w, https:\/\/aromenderalpen.de\/wp-content\/uploads\/2025\/07\/Bergler-5-Monaten-150x150.webp 150w, https:\/\/aromenderalpen.de\/wp-content\/uploads\/2025\/07\/Bergler-5-Monaten.webp 700w\" data-image-id=\"2\"><\/div>\n\t\t\t\t\t<\/div>\n\n\t\t\t\t\t<div class=\"wd-product-grid-slider-nav wd-fill wd-hide-md\">\n\t\t\t\t<div class=\"wd-prev\"><\/div>\n\t\t\t\t<div class=\"wd-next\"><\/div>\n\t\t\t<\/div>\n\t\t\n\t\t\t\t\t\t\t\t\t<img decoding=\"async\" width=\"600\" height=\"600\" src=\"https:\/\/aromenderalpen.de\/wp-content\/uploads\/2025\/07\/bergler_1-600x600.jpg\" class=\"attachment-woocommerce_thumbnail size-woocommerce_thumbnail\" alt=\"Bergler 5 Monaten\" srcset=\"https:\/\/aromenderalpen.de\/wp-content\/uploads\/2025\/07\/bergler_1-600x600.jpg 600w, https:\/\/aromenderalpen.de\/wp-content\/uploads\/2025\/07\/bergler_1-300x300.jpg 300w, https:\/\/aromenderalpen.de\/wp-content\/uploads\/2025\/07\/bergler_1-150x150.jpg 150w, https:\/\/aromenderalpen.de\/wp-content\/uploads\/2025\/07\/bergler_1.jpg 700w\" sizes=\"(max-width: 600px) 100vw, 600px\" \/>\t\t<\/a>\n\n\t\t\n\t\t<div class=\"wd-buttons wd-pos-r-t\">\n\t\t\t\t\t<\/div>\n\t<\/div>\n\n\t<div class=\"product-element-bottom\">\n\n\t\t<div class=\"wd-product-header\">\n\t\t\t<h3 class=\"wd-entities-title\"><a href=\"https:\/\/aromenderalpen.de\/pl\/produkt\/bergler-5-miesiecy\/\">Bergler 5 miesi\u0119cy<\/a><\/h3>\n\t\t\t\t\t<\/div>\n\n\t\t\n\t\t\t\t<div class=\"wd-product-cats\">\n\t\t\t<a href=\"https:\/\/aromenderalpen.de\/pl\/kategoria-produktow\/ser-twardy\/\" rel=\"tag\">Ser twardy<\/a>\t\t<\/div>\n\t\t\n\t\t\n\t\t<div class=\"wrap-price\">\n\t\t\t\n\t<span class=\"price\"><span class=\"woocommerce-Price-amount amount\" aria-hidden=\"true\"><bdi>20,45&nbsp;<span class=\"woocommerce-Price-currencySymbol\">&#122;&#322;<\/span><\/bdi><\/span> <span aria-hidden=\"true\">\u2013<\/span> <span class=\"woocommerce-Price-amount amount\" aria-hidden=\"true\"><bdi>125,69&nbsp;<span class=\"woocommerce-Price-currencySymbol\">&#122;&#322;<\/span><\/bdi><\/span><span class=\"screen-reader-text\">Zakres cen: od 20,45&nbsp;&#122;&#322; do 125,69&nbsp;&#122;&#322;<\/span><\/span>\n\n\t\t\t\t\t<\/div>\n\n\t\t<span class=\"gtm4wp_productdata\" style=\"display:none; visibility:hidden;\" data-gtm4wp_product_data=\"{&quot;internal_id&quot;:1716,&quot;item_id&quot;:&quot;1110&quot;,&quot;item_name&quot;:&quot;Bergler 5 miesi\\u0119cy&quot;,&quot;sku&quot;:&quot;1110&quot;,&quot;price&quot;:20.45,&quot;stocklevel&quot;:null,&quot;stockstatus&quot;:&quot;instock&quot;,&quot;google_business_vertical&quot;:&quot;retail&quot;,&quot;item_category&quot;:&quot;Ser twardy&quot;,&quot;id&quot;:&quot;1110&quot;,&quot;productlink&quot;:&quot;https:\\\/\\\/aromenderalpen.de\\\/pl\\\/produkt\\\/bergler-5-miesiecy\\\/&quot;,&quot;item_list_name&quot;:&quot;General Product List&quot;,&quot;index&quot;:7,&quot;product_type&quot;:&quot;variable&quot;,&quot;item_brand&quot;:&quot;&quot;}\"><\/span>\t\t\t<input type=\"hidden\" class=\"wpmProductId\" data-id=\"1716\">\n\t\t\t\t\t<script>\n\t\t\t(window.wpmDataLayer = window.wpmDataLayer || {}).products                = window.wpmDataLayer.products || {};\n\t\t\twindow.wpmDataLayer.products[1716] = {\"id\":\"1716\",\"sku\":\"1110\",\"price\":20.45,\"brand\":\"Aromen der Alpen\",\"quantity\":1,\"dyn_r_ids\":{\"post_id\":\"1716\",\"sku\":\"1110\",\"gpf\":\"woocommerce_gpf_1716\",\"gla\":\"gla_1716\"},\"is_variable\":true,\"type\":\"variable\",\"name\":\"Bergler 5 miesi\u0119cy\",\"category\":[\"Ser twardy\"],\"is_variation\":false};\n\t\t\t\t\twindow.pmw_product_position = window.pmw_product_position || 1;\n\t\twindow.wpmDataLayer.products[1716]['position'] = window.pmw_product_position++;\n\t\t\t\t<\/script>\n\t\t\n\t\t\n\t\t\n\t\t\n\t\t<div class=\"wd-product-footer\">\n\t\t\t<div class=\"wd-add-btn wd-add-btn-replace\">\n\t\t\t\t<a href=\"https:\/\/aromenderalpen.de\/pl\/produkt\/bergler-5-miesiecy\/\" aria-describedby=\"woocommerce_loop_add_to_cart_link_describedby_1716\" data-quantity=\"1\" class=\"button product_type_variable add_to_cart_button add-to-cart-loop\" data-product_id=\"1716\" data-product_sku=\"1110\" aria-label=\"Wybierz opcje dla &bdquo;Bergler 5 miesi\u0119cy&rdquo;\" rel=\"nofollow\"><span>Wybierz opcje<\/span><\/a>\t<span id=\"woocommerce_loop_add_to_cart_link_describedby_1716\" class=\"screen-reader-text\">\n\t\tTen produkt ma wiele wariant\u00f3w. Opcje mo\u017cna wybra\u0107 na stronie produktu\t<\/span>\n\t\t\t<\/div>\n\n\t\t\t\t\t\t<div class=\"wd-action-buttons\">\n\t\t\t\t\t\t\t\t\t\t<div class=\"quick-view wd-action-btn wd-style-icon wd-quick-view-icon wd-tooltip\">\n\t\t\t<a\n\t\t\t\thref=\"https:\/\/aromenderalpen.de\/pl\/produkt\/bergler-5-miesiecy\/\"\n\t\t\t\tclass=\"open-quick-view quick-view-button\"\n\t\t\t\trel=\"nofollow\"\n\t\t\t\tdata-id=\"1716\"\n\t\t\t\t>Zobacz<\/a>\n\t\t<\/div>\n\t\t\t\t\t<\/div>\n\t\t\t\t\t<\/div>\n\t<\/div>\n<\/div>\n<\/div>\n<div class=\"wd-product wd-hover-buttons-on-hover wd-col product-grid-item product type-product post-1803 status-publish last instock product_cat-produkty-truflowe has-post-thumbnail purchasable product-type-simple\" data-loop=\"7\" data-id=\"1803\">\n\t\n\t\n<div class=\"product-wrapper\">\n\t<div class=\"product-element-top wd-quick-shop\">\n\t\t<a href=\"https:\/\/aromenderalpen.de\/pl\/produkt\/bialy-krem-truflowy-delikatna-pasta-z-bialej-trufli\/\" class=\"product-image-link\" tabindex=\"-1\" aria-label=\"Bia\u0142y krem truflowy &#8211; delikatna pasta z bia\u0142ej trufli\">\n\t\t\t<img decoding=\"async\" width=\"600\" height=\"600\" src=\"https:\/\/aromenderalpen.de\/wp-content\/uploads\/2025\/07\/B_QCWMHXYN_3-600x600.jpg\" class=\"attachment-woocommerce_thumbnail size-woocommerce_thumbnail\" alt=\"Wei\u00dfe tr\u00fcffelcreme \u2013 feiner aufstrich mit wei\u00dfer tr\u00fcffel\" srcset=\"https:\/\/aromenderalpen.de\/wp-content\/uploads\/2025\/07\/B_QCWMHXYN_3-600x600.jpg 600w, https:\/\/aromenderalpen.de\/wp-content\/uploads\/2025\/07\/B_QCWMHXYN_3-300x300.jpg 300w, https:\/\/aromenderalpen.de\/wp-content\/uploads\/2025\/07\/B_QCWMHXYN_3-150x150.jpg 150w, https:\/\/aromenderalpen.de\/wp-content\/uploads\/2025\/07\/B_QCWMHXYN_3-768x768.jpg 768w, https:\/\/aromenderalpen.de\/wp-content\/uploads\/2025\/07\/B_QCWMHXYN_3.jpg 1000w\" sizes=\"(max-width: 600px) 100vw, 600px\" \/>\t\t<\/a>\n\n\t\t\n\t\t<div class=\"wd-buttons wd-pos-r-t\">\n\t\t\t\t\t<\/div>\n\t<\/div>\n\n\t<div class=\"product-element-bottom\">\n\n\t\t<div class=\"wd-product-header\">\n\t\t\t<h3 class=\"wd-entities-title\"><a href=\"https:\/\/aromenderalpen.de\/pl\/produkt\/bialy-krem-truflowy-delikatna-pasta-z-bialej-trufli\/\">Bia\u0142y krem truflowy &#8211; delikatna pasta z bia\u0142ej trufli<\/a><\/h3>\n\t\t\t\t\t<\/div>\n\n\t\t\n\t\t\t\t<div class=\"wd-product-cats\">\n\t\t\t<a href=\"https:\/\/aromenderalpen.de\/pl\/kategoria-produktow\/produkty-truflowe\/\" rel=\"tag\">Produkty truflowe<\/a>\t\t<\/div>\n\t\t\n\t\t\n\t\t<div class=\"wrap-price\">\n\t\t\t\n\t<span class=\"price\"><span class=\"woocommerce-Price-amount amount\"><bdi>93,69&nbsp;<span class=\"woocommerce-Price-currencySymbol\">&#122;&#322;<\/span><\/bdi><\/span><\/span>\n\n\t\t\t\t\t<\/div>\n\n\t\t<span class=\"gtm4wp_productdata\" style=\"display:none; visibility:hidden;\" data-gtm4wp_product_data=\"{&quot;internal_id&quot;:1803,&quot;item_id&quot;:&quot;1002&quot;,&quot;item_name&quot;:&quot;Bia\\u0142y krem truflowy - delikatna pasta z bia\\u0142ej trufli&quot;,&quot;sku&quot;:&quot;1002&quot;,&quot;price&quot;:93.69,&quot;stocklevel&quot;:null,&quot;stockstatus&quot;:&quot;instock&quot;,&quot;google_business_vertical&quot;:&quot;retail&quot;,&quot;item_category&quot;:&quot;Produkty truflowe&quot;,&quot;id&quot;:&quot;1002&quot;,&quot;productlink&quot;:&quot;https:\\\/\\\/aromenderalpen.de\\\/pl\\\/produkt\\\/bialy-krem-truflowy-delikatna-pasta-z-bialej-trufli\\\/&quot;,&quot;item_list_name&quot;:&quot;General Product List&quot;,&quot;index&quot;:8,&quot;product_type&quot;:&quot;simple&quot;,&quot;item_brand&quot;:&quot;&quot;}\"><\/span>\t\t\t<input type=\"hidden\" class=\"wpmProductId\" data-id=\"1803\">\n\t\t\t\t\t<script>\n\t\t\t(window.wpmDataLayer = window.wpmDataLayer || {}).products                = window.wpmDataLayer.products || {};\n\t\t\twindow.wpmDataLayer.products[1803] = {\"id\":\"1803\",\"sku\":\"1002\",\"price\":93.69,\"brand\":\"Aromen der Alpen\",\"quantity\":1,\"dyn_r_ids\":{\"post_id\":\"1803\",\"sku\":\"1002\",\"gpf\":\"woocommerce_gpf_1803\",\"gla\":\"gla_1803\"},\"is_variable\":false,\"type\":\"simple\",\"name\":\"Bia\u0142y krem truflowy - delikatna pasta z bia\u0142ej trufli\",\"category\":[\"Produkty truflowe\"],\"is_variation\":false};\n\t\t\t\t\twindow.pmw_product_position = window.pmw_product_position || 1;\n\t\twindow.wpmDataLayer.products[1803]['position'] = window.pmw_product_position++;\n\t\t\t\t<\/script>\n\t\t\n\t\t\n\t\t\n\t\t\n\t\t<div class=\"wd-product-footer\">\n\t\t\t<div class=\"wd-add-btn wd-add-btn-replace\">\n\t\t\t\t<a href=\"\/pl\/wp-json\/wp\/v2\/pages\/1675?add-to-cart=1803\" aria-describedby=\"woocommerce_loop_add_to_cart_link_describedby_1803\" data-quantity=\"1\" class=\"button product_type_simple add_to_cart_button ajax_add_to_cart add-to-cart-loop\" data-product_id=\"1803\" data-product_sku=\"1002\" aria-label=\"Dodaj do koszyka: &bdquo;Bia\u0142y krem truflowy - delikatna pasta z bia\u0142ej trufli&rdquo;\" rel=\"nofollow\" data-success_message=\"&ldquo;Bia\u0142y krem truflowy - delikatna pasta z bia\u0142ej trufli&rdquo; zosta\u0142 dodany do twojego koszyka\" role=\"button\"><span>Dodaj do koszyka<\/span><\/a>\t<span id=\"woocommerce_loop_add_to_cart_link_describedby_1803\" class=\"screen-reader-text\">\n\t\t\t<\/span>\n\t\t\t<\/div>\n\n\t\t\t\t\t\t<div class=\"wd-action-buttons\">\n\t\t\t\t\t\t\t\t\t\t<div class=\"quick-view wd-action-btn wd-style-icon wd-quick-view-icon wd-tooltip\">\n\t\t\t<a\n\t\t\t\thref=\"https:\/\/aromenderalpen.de\/pl\/produkt\/bialy-krem-truflowy-delikatna-pasta-z-bialej-trufli\/\"\n\t\t\t\tclass=\"open-quick-view quick-view-button\"\n\t\t\t\trel=\"nofollow\"\n\t\t\t\tdata-id=\"1803\"\n\t\t\t\t>Zobacz<\/a>\n\t\t<\/div>\n\t\t\t\t\t<\/div>\n\t\t\t\t\t<\/div>\n\t<\/div>\n<\/div>\n<\/div>\n<div class=\"wd-product wd-hover-buttons-on-hover wd-col product-grid-item product type-product post-1807 status-publish first instock product_cat-produkty-truflowe has-post-thumbnail purchasable product-type-simple\" data-loop=\"8\" data-id=\"1807\">\n\t\n\t\n<div class=\"product-wrapper\">\n\t<div class=\"product-element-top wd-quick-shop\">\n\t\t<a href=\"https:\/\/aromenderalpen.de\/pl\/produkt\/bialy-olejek-truflowy-oliwa-z-oliwek-z-aromatem-bialej-trufli-250-ml\/\" class=\"product-image-link\" tabindex=\"-1\" aria-label=\"Bia\u0142y olejek truflowy &#8211; oliwa z oliwek z aromatem bia\u0142ej trufli 250 ml\">\n\t\t\t<img decoding=\"async\" width=\"600\" height=\"600\" src=\"https:\/\/aromenderalpen.de\/wp-content\/uploads\/2025\/07\/B_OCBNBJRN-600x600.jpg\" class=\"attachment-woocommerce_thumbnail size-woocommerce_thumbnail\" alt=\"Wei\u00dfes Tr\u00fcffel\u00f6l \u2013 oliven\u00f6l mit wei\u00dfem tr\u00fcffelaroma 250 ml\" srcset=\"https:\/\/aromenderalpen.de\/wp-content\/uploads\/2025\/07\/B_OCBNBJRN-600x600.jpg 600w, https:\/\/aromenderalpen.de\/wp-content\/uploads\/2025\/07\/B_OCBNBJRN-300x300.jpg 300w, https:\/\/aromenderalpen.de\/wp-content\/uploads\/2025\/07\/B_OCBNBJRN-150x150.jpg 150w, https:\/\/aromenderalpen.de\/wp-content\/uploads\/2025\/07\/B_OCBNBJRN-768x768.jpg 768w, https:\/\/aromenderalpen.de\/wp-content\/uploads\/2025\/07\/B_OCBNBJRN.jpg 800w\" sizes=\"(max-width: 600px) 100vw, 600px\" \/>\t\t<\/a>\n\n\t\t\n\t\t<div class=\"wd-buttons wd-pos-r-t\">\n\t\t\t\t\t<\/div>\n\t<\/div>\n\n\t<div class=\"product-element-bottom\">\n\n\t\t<div class=\"wd-product-header\">\n\t\t\t<h3 class=\"wd-entities-title\"><a href=\"https:\/\/aromenderalpen.de\/pl\/produkt\/bialy-olejek-truflowy-oliwa-z-oliwek-z-aromatem-bialej-trufli-250-ml\/\">Bia\u0142y olejek truflowy &#8211; oliwa z oliwek z aromatem bia\u0142ej trufli 250 ml<\/a><\/h3>\n\t\t\t\t\t<\/div>\n\n\t\t\n\t\t\t\t<div class=\"wd-product-cats\">\n\t\t\t<a href=\"https:\/\/aromenderalpen.de\/pl\/kategoria-produktow\/produkty-truflowe\/\" rel=\"tag\">Produkty truflowe<\/a>\t\t<\/div>\n\t\t\n\t\t\n\t\t<div class=\"wrap-price\">\n\t\t\t\n\t<span class=\"price\"><span class=\"woocommerce-Price-amount amount\"><bdi>78,79&nbsp;<span class=\"woocommerce-Price-currencySymbol\">&#122;&#322;<\/span><\/bdi><\/span><\/span>\n\n\t\t\t\t\t<\/div>\n\n\t\t<span class=\"gtm4wp_productdata\" style=\"display:none; visibility:hidden;\" data-gtm4wp_product_data=\"{&quot;internal_id&quot;:1807,&quot;item_id&quot;:&quot;1009&quot;,&quot;item_name&quot;:&quot;Bia\\u0142y olejek truflowy - oliwa z oliwek z aromatem bia\\u0142ej trufli 250 ml&quot;,&quot;sku&quot;:&quot;1009&quot;,&quot;price&quot;:78.79,&quot;stocklevel&quot;:null,&quot;stockstatus&quot;:&quot;instock&quot;,&quot;google_business_vertical&quot;:&quot;retail&quot;,&quot;item_category&quot;:&quot;Produkty truflowe&quot;,&quot;id&quot;:&quot;1009&quot;,&quot;productlink&quot;:&quot;https:\\\/\\\/aromenderalpen.de\\\/pl\\\/produkt\\\/bialy-olejek-truflowy-oliwa-z-oliwek-z-aromatem-bialej-trufli-250-ml\\\/&quot;,&quot;item_list_name&quot;:&quot;General Product List&quot;,&quot;index&quot;:9,&quot;product_type&quot;:&quot;simple&quot;,&quot;item_brand&quot;:&quot;&quot;}\"><\/span>\t\t\t<input type=\"hidden\" class=\"wpmProductId\" data-id=\"1807\">\n\t\t\t\t\t<script>\n\t\t\t(window.wpmDataLayer = window.wpmDataLayer || {}).products                = window.wpmDataLayer.products || {};\n\t\t\twindow.wpmDataLayer.products[1807] = {\"id\":\"1807\",\"sku\":\"1009\",\"price\":78.79,\"brand\":\"Aromen der Alpen\",\"quantity\":1,\"dyn_r_ids\":{\"post_id\":\"1807\",\"sku\":\"1009\",\"gpf\":\"woocommerce_gpf_1807\",\"gla\":\"gla_1807\"},\"is_variable\":false,\"type\":\"simple\",\"name\":\"Bia\u0142y olejek truflowy - oliwa z oliwek z aromatem bia\u0142ej trufli 250 ml\",\"category\":[\"Produkty truflowe\"],\"is_variation\":false};\n\t\t\t\t\twindow.pmw_product_position = window.pmw_product_position || 1;\n\t\twindow.wpmDataLayer.products[1807]['position'] = window.pmw_product_position++;\n\t\t\t\t<\/script>\n\t\t\n\t\t\n\t\t\n\t\t\n\t\t<div class=\"wd-product-footer\">\n\t\t\t<div class=\"wd-add-btn wd-add-btn-replace\">\n\t\t\t\t<a href=\"\/pl\/wp-json\/wp\/v2\/pages\/1675?add-to-cart=1807\" aria-describedby=\"woocommerce_loop_add_to_cart_link_describedby_1807\" data-quantity=\"1\" class=\"button product_type_simple add_to_cart_button ajax_add_to_cart add-to-cart-loop\" data-product_id=\"1807\" data-product_sku=\"1009\" aria-label=\"Dodaj do koszyka: &bdquo;Bia\u0142y olejek truflowy - oliwa z oliwek z aromatem bia\u0142ej trufli 250 ml&rdquo;\" rel=\"nofollow\" data-success_message=\"&ldquo;Bia\u0142y olejek truflowy - oliwa z oliwek z aromatem bia\u0142ej trufli 250 ml&rdquo; zosta\u0142 dodany do twojego koszyka\" role=\"button\"><span>Dodaj do koszyka<\/span><\/a>\t<span id=\"woocommerce_loop_add_to_cart_link_describedby_1807\" class=\"screen-reader-text\">\n\t\t\t<\/span>\n\t\t\t<\/div>\n\n\t\t\t\t\t\t<div class=\"wd-action-buttons\">\n\t\t\t\t\t\t\t\t\t\t<div class=\"quick-view wd-action-btn wd-style-icon wd-quick-view-icon wd-tooltip\">\n\t\t\t<a\n\t\t\t\thref=\"https:\/\/aromenderalpen.de\/pl\/produkt\/bialy-olejek-truflowy-oliwa-z-oliwek-z-aromatem-bialej-trufli-250-ml\/\"\n\t\t\t\tclass=\"open-quick-view quick-view-button\"\n\t\t\t\trel=\"nofollow\"\n\t\t\t\tdata-id=\"1807\"\n\t\t\t\t>Zobacz<\/a>\n\t\t<\/div>\n\t\t\t\t\t<\/div>\n\t\t\t\t\t<\/div>\n\t<\/div>\n<\/div>\n<\/div>\n<div class=\"wd-product wd-hover-buttons-on-hover wd-col product-grid-item product type-product post-1806 status-publish instock product_cat-produkty-truflowe has-post-thumbnail purchasable product-type-simple\" data-loop=\"9\" data-id=\"1806\">\n\t\n\t\n<div class=\"product-wrapper\">\n\t<div class=\"product-element-top wd-quick-shop\">\n\t\t<a href=\"https:\/\/aromenderalpen.de\/pl\/produkt\/bialy-olejek-truflowy-olejek-przyprawowy-o-aromacie-trufli-55-ml\/\" class=\"product-image-link\" tabindex=\"-1\" aria-label=\"Bia\u0142y olejek truflowy \u2013 olejek przyprawowy o aromacie trufli 55 ml\">\n\t\t\t<img decoding=\"async\" width=\"600\" height=\"600\" src=\"https:\/\/aromenderalpen.de\/wp-content\/uploads\/2025\/07\/B_QXRTQXSO-600x600.jpg\" class=\"attachment-woocommerce_thumbnail size-woocommerce_thumbnail\" alt=\"Wei\u00dfes Tr\u00fcffel\u00f6l \u2013 W\u00fcrz\u00f6l mit Tr\u00fcffelaroma 55 ml\" srcset=\"https:\/\/aromenderalpen.de\/wp-content\/uploads\/2025\/07\/B_QXRTQXSO-600x600.jpg 600w, https:\/\/aromenderalpen.de\/wp-content\/uploads\/2025\/07\/B_QXRTQXSO-300x300.jpg 300w, https:\/\/aromenderalpen.de\/wp-content\/uploads\/2025\/07\/B_QXRTQXSO-150x150.jpg 150w, https:\/\/aromenderalpen.de\/wp-content\/uploads\/2025\/07\/B_QXRTQXSO-768x768.jpg 768w, https:\/\/aromenderalpen.de\/wp-content\/uploads\/2025\/07\/B_QXRTQXSO.jpg 800w\" sizes=\"(max-width: 600px) 100vw, 600px\" \/>\t\t<\/a>\n\n\t\t\n\t\t<div class=\"wd-buttons wd-pos-r-t\">\n\t\t\t\t\t<\/div>\n\t<\/div>\n\n\t<div class=\"product-element-bottom\">\n\n\t\t<div class=\"wd-product-header\">\n\t\t\t<h3 class=\"wd-entities-title\"><a href=\"https:\/\/aromenderalpen.de\/pl\/produkt\/bialy-olejek-truflowy-olejek-przyprawowy-o-aromacie-trufli-55-ml\/\">Bia\u0142y olejek truflowy \u2013 olejek przyprawowy o aromacie trufli 55 ml<\/a><\/h3>\n\t\t\t\t\t<\/div>\n\n\t\t\n\t\t\t\t<div class=\"wd-product-cats\">\n\t\t\t<a href=\"https:\/\/aromenderalpen.de\/pl\/kategoria-produktow\/produkty-truflowe\/\" rel=\"tag\">Produkty truflowe<\/a>\t\t<\/div>\n\t\t\n\t\t\n\t\t<div class=\"wrap-price\">\n\t\t\t\n\t<span class=\"price\"><span class=\"woocommerce-Price-amount amount\"><bdi>40,49&nbsp;<span class=\"woocommerce-Price-currencySymbol\">&#122;&#322;<\/span><\/bdi><\/span><\/span>\n\n\t\t\t\t\t<\/div>\n\n\t\t<span class=\"gtm4wp_productdata\" style=\"display:none; visibility:hidden;\" data-gtm4wp_product_data=\"{&quot;internal_id&quot;:1806,&quot;item_id&quot;:&quot;1010&quot;,&quot;item_name&quot;:&quot;Bia\\u0142y olejek truflowy \\u2013 olejek przyprawowy o aromacie trufli 55 ml&quot;,&quot;sku&quot;:&quot;1010&quot;,&quot;price&quot;:40.49,&quot;stocklevel&quot;:null,&quot;stockstatus&quot;:&quot;instock&quot;,&quot;google_business_vertical&quot;:&quot;retail&quot;,&quot;item_category&quot;:&quot;Produkty truflowe&quot;,&quot;id&quot;:&quot;1010&quot;,&quot;productlink&quot;:&quot;https:\\\/\\\/aromenderalpen.de\\\/pl\\\/produkt\\\/bialy-olejek-truflowy-olejek-przyprawowy-o-aromacie-trufli-55-ml\\\/&quot;,&quot;item_list_name&quot;:&quot;General Product List&quot;,&quot;index&quot;:10,&quot;product_type&quot;:&quot;simple&quot;,&quot;item_brand&quot;:&quot;&quot;}\"><\/span>\t\t\t<input type=\"hidden\" class=\"wpmProductId\" data-id=\"1806\">\n\t\t\t\t\t<script>\n\t\t\t(window.wpmDataLayer = window.wpmDataLayer || {}).products                = window.wpmDataLayer.products || {};\n\t\t\twindow.wpmDataLayer.products[1806] = {\"id\":\"1806\",\"sku\":\"1010\",\"price\":40.49,\"brand\":\"Aromen der Alpen\",\"quantity\":1,\"dyn_r_ids\":{\"post_id\":\"1806\",\"sku\":\"1010\",\"gpf\":\"woocommerce_gpf_1806\",\"gla\":\"gla_1806\"},\"is_variable\":false,\"type\":\"simple\",\"name\":\"Bia\u0142y olejek truflowy \u2013 olejek przyprawowy o aromacie trufli 55 ml\",\"category\":[\"Produkty truflowe\"],\"is_variation\":false};\n\t\t\t\t\twindow.pmw_product_position = window.pmw_product_position || 1;\n\t\twindow.wpmDataLayer.products[1806]['position'] = window.pmw_product_position++;\n\t\t\t\t<\/script>\n\t\t\n\t\t\n\t\t\n\t\t\n\t\t<div class=\"wd-product-footer\">\n\t\t\t<div class=\"wd-add-btn wd-add-btn-replace\">\n\t\t\t\t<a href=\"\/pl\/wp-json\/wp\/v2\/pages\/1675?add-to-cart=1806\" aria-describedby=\"woocommerce_loop_add_to_cart_link_describedby_1806\" data-quantity=\"1\" class=\"button product_type_simple add_to_cart_button ajax_add_to_cart add-to-cart-loop\" data-product_id=\"1806\" data-product_sku=\"1010\" aria-label=\"Dodaj do koszyka: &bdquo;Bia\u0142y olejek truflowy \u2013 olejek przyprawowy o aromacie trufli 55 ml&rdquo;\" rel=\"nofollow\" data-success_message=\"&ldquo;Bia\u0142y olejek truflowy \u2013 olejek przyprawowy o aromacie trufli 55 ml&rdquo; zosta\u0142 dodany do twojego koszyka\" role=\"button\"><span>Dodaj do koszyka<\/span><\/a>\t<span id=\"woocommerce_loop_add_to_cart_link_describedby_1806\" class=\"screen-reader-text\">\n\t\t\t<\/span>\n\t\t\t<\/div>\n\n\t\t\t\t\t\t<div class=\"wd-action-buttons\">\n\t\t\t\t\t\t\t\t\t\t<div class=\"quick-view wd-action-btn wd-style-icon wd-quick-view-icon wd-tooltip\">\n\t\t\t<a\n\t\t\t\thref=\"https:\/\/aromenderalpen.de\/pl\/produkt\/bialy-olejek-truflowy-olejek-przyprawowy-o-aromacie-trufli-55-ml\/\"\n\t\t\t\tclass=\"open-quick-view quick-view-button\"\n\t\t\t\trel=\"nofollow\"\n\t\t\t\tdata-id=\"1806\"\n\t\t\t\t>Zobacz<\/a>\n\t\t<\/div>\n\t\t\t\t\t<\/div>\n\t\t\t\t\t<\/div>\n\t<\/div>\n<\/div>\n<\/div>\n<div class=\"wd-product wd-hover-buttons-on-hover wd-col product-grid-item product type-product post-2507 status-publish instock product_cat-makarony has-post-thumbnail purchasable product-type-simple\" data-loop=\"10\" data-id=\"2507\">\n\t\n\t\n<div class=\"product-wrapper\">\n\t<div class=\"product-element-top wd-quick-shop\">\n\t\t<a href=\"https:\/\/aromenderalpen.de\/pl\/produkt\/bigoli\/\" class=\"product-image-link\" tabindex=\"-1\" aria-label=\"BIGOLI\">\n\t\t\t<img decoding=\"async\" width=\"600\" height=\"600\" src=\"https:\/\/aromenderalpen.de\/wp-content\/uploads\/2025\/09\/bigoli-pastificio-morelli-600x600.webp\" class=\"attachment-woocommerce_thumbnail size-woocommerce_thumbnail\" alt=\"\" srcset=\"https:\/\/aromenderalpen.de\/wp-content\/uploads\/2025\/09\/bigoli-pastificio-morelli-600x600.webp 600w, https:\/\/aromenderalpen.de\/wp-content\/uploads\/2025\/09\/bigoli-pastificio-morelli-300x300.webp 300w, https:\/\/aromenderalpen.de\/wp-content\/uploads\/2025\/09\/bigoli-pastificio-morelli-150x150.webp 150w, https:\/\/aromenderalpen.de\/wp-content\/uploads\/2025\/09\/bigoli-pastificio-morelli.webp 700w\" sizes=\"(max-width: 600px) 100vw, 600px\" \/>\t\t<\/a>\n\n\t\t\n\t\t<div class=\"wd-buttons wd-pos-r-t\">\n\t\t\t\t\t<\/div>\n\t<\/div>\n\n\t<div class=\"product-element-bottom\">\n\n\t\t<div class=\"wd-product-header\">\n\t\t\t<h3 class=\"wd-entities-title\"><a href=\"https:\/\/aromenderalpen.de\/pl\/produkt\/bigoli\/\">BIGOLI<\/a><\/h3>\n\t\t\t\t\t<\/div>\n\n\t\t\n\t\t\t\t<div class=\"wd-product-cats\">\n\t\t\t<a href=\"https:\/\/aromenderalpen.de\/pl\/kategoria-produktow\/makarony\/\" rel=\"tag\">Makarony<\/a>\t\t<\/div>\n\t\t\n\t\t\n\t\t<div class=\"wrap-price\">\n\t\t\t\n\t<span class=\"price\"><span class=\"woocommerce-Price-amount amount\"><bdi>18,75&nbsp;<span class=\"woocommerce-Price-currencySymbol\">&#122;&#322;<\/span><\/bdi><\/span><\/span>\n\n\t\t\t\t\t<\/div>\n\n\t\t<span class=\"gtm4wp_productdata\" style=\"display:none; visibility:hidden;\" data-gtm4wp_product_data=\"{&quot;internal_id&quot;:2507,&quot;item_id&quot;:2507,&quot;item_name&quot;:&quot;BIGOLI&quot;,&quot;sku&quot;:2507,&quot;price&quot;:18.75,&quot;stocklevel&quot;:null,&quot;stockstatus&quot;:&quot;instock&quot;,&quot;google_business_vertical&quot;:&quot;retail&quot;,&quot;item_category&quot;:&quot;Makarony&quot;,&quot;id&quot;:2507,&quot;productlink&quot;:&quot;https:\\\/\\\/aromenderalpen.de\\\/pl\\\/produkt\\\/bigoli\\\/&quot;,&quot;item_list_name&quot;:&quot;General Product List&quot;,&quot;index&quot;:11,&quot;product_type&quot;:&quot;simple&quot;,&quot;item_brand&quot;:&quot;&quot;}\"><\/span>\t\t\t<input type=\"hidden\" class=\"wpmProductId\" data-id=\"2507\">\n\t\t\t\t\t<script>\n\t\t\t(window.wpmDataLayer = window.wpmDataLayer || {}).products                = window.wpmDataLayer.products || {};\n\t\t\twindow.wpmDataLayer.products[2507] = {\"id\":\"2507\",\"sku\":\"\",\"price\":18.75,\"brand\":\"\",\"quantity\":1,\"dyn_r_ids\":{\"post_id\":\"2507\",\"sku\":2507,\"gpf\":\"woocommerce_gpf_2507\",\"gla\":\"gla_2507\"},\"is_variable\":false,\"type\":\"simple\",\"name\":\"BIGOLI\",\"category\":[\"Makarony\"],\"is_variation\":false};\n\t\t\t\t\twindow.pmw_product_position = window.pmw_product_position || 1;\n\t\twindow.wpmDataLayer.products[2507]['position'] = window.pmw_product_position++;\n\t\t\t\t<\/script>\n\t\t\n\t\t\n\t\t\n\t\t\n\t\t<div class=\"wd-product-footer\">\n\t\t\t<div class=\"wd-add-btn wd-add-btn-replace\">\n\t\t\t\t<a href=\"\/pl\/wp-json\/wp\/v2\/pages\/1675?add-to-cart=2507\" aria-describedby=\"woocommerce_loop_add_to_cart_link_describedby_2507\" data-quantity=\"1\" class=\"button product_type_simple add_to_cart_button ajax_add_to_cart add-to-cart-loop\" data-product_id=\"2507\" data-product_sku=\"\" aria-label=\"Dodaj do koszyka: &bdquo;BIGOLI&rdquo;\" rel=\"nofollow\" data-success_message=\"&ldquo;BIGOLI&rdquo; zosta\u0142 dodany do twojego koszyka\" role=\"button\"><span>Dodaj do koszyka<\/span><\/a>\t<span id=\"woocommerce_loop_add_to_cart_link_describedby_2507\" class=\"screen-reader-text\">\n\t\t\t<\/span>\n\t\t\t<\/div>\n\n\t\t\t\t\t\t<div class=\"wd-action-buttons\">\n\t\t\t\t\t\t\t\t\t\t<div class=\"quick-view wd-action-btn wd-style-icon wd-quick-view-icon wd-tooltip\">\n\t\t\t<a\n\t\t\t\thref=\"https:\/\/aromenderalpen.de\/pl\/produkt\/bigoli\/\"\n\t\t\t\tclass=\"open-quick-view quick-view-button\"\n\t\t\t\trel=\"nofollow\"\n\t\t\t\tdata-id=\"2507\"\n\t\t\t\t>Zobacz<\/a>\n\t\t<\/div>\n\t\t\t\t\t<\/div>\n\t\t\t\t\t<\/div>\n\t<\/div>\n<\/div>\n<\/div>\n\t\t\t<\/div>\n\t\t\t<\/div>\t\t\t<\/div>\n\t\t<\/div>\n\n<h2 id=\"wd-8b1e127b\" class=\"wp-block-wd-title title\">Opinie klient\u00f3w<\/h2>\n\n<pre class=\"ti-widget\" style=\"display: none\"><template id=\"trustindex-google-widget-html\"><div class=\" ti-widget  ti-goog ti-review-text-mode-readmore ti-text-align-left\" data-no-translation=\"true\" data-time-locale=\"vor %d %s|Heute|Tag|Tagen|Woche|Wochen|Monat|Monaten|Jahr|Jahren\" data-layout-id=\"13\" data-layout-category=\"slider\" data-set-id=\"light-background\" data-pid=\"\" data-language=\"de\" data-close-locale=\"Schlie\u00dfen\" data-review-target-width=\"275\" data-css-version=\"2\" data-reply-by-locale=\"Antwort des Eigent\u00fcmers\" data-pager-autoplay-timeout=\"6\"> <div class=\"ti-widget-container ti-col-4\"> <div class=\"ti-footer source-Google\"> <div class=\"ti-row\"> <div class=\"ti-profile-img\"> <trustindex-image data-imgurl=\"https:\/\/lh3.googleusercontent.com\/p\/AF1QipMp0SQPfY8YpZ7gIKp_-_GmY63AYE1DPqBH7I7Z=w65-h65-p-k-no\" alt=\"Aromen der Alpen\" loading=\"lazy\"><\/trustindex-image> <\/div> <div class=\"ti-profile-details\"> <div class=\"ti-name\"> Aromen der Alpen<\/div> <span class=\"ti-stars\"><trustindex-image class=\"ti-star\" data-imgurl=\"https:\/\/cdn.trustindex.io\/assets\/platform\/Google\/star\/f.svg\" alt=\"Google\" width=\"17\" height=\"17\" loading=\"lazy\"><\/trustindex-image><trustindex-image class=\"ti-star\" data-imgurl=\"https:\/\/cdn.trustindex.io\/assets\/platform\/Google\/star\/f.svg\" alt=\"Google\" width=\"17\" height=\"17\" loading=\"lazy\"><\/trustindex-image><trustindex-image class=\"ti-star\" data-imgurl=\"https:\/\/cdn.trustindex.io\/assets\/platform\/Google\/star\/f.svg\" alt=\"Google\" width=\"17\" height=\"17\" loading=\"lazy\"><\/trustindex-image><trustindex-image class=\"ti-star\" data-imgurl=\"https:\/\/cdn.trustindex.io\/assets\/platform\/Google\/star\/f.svg\" alt=\"Google\" width=\"17\" height=\"17\" loading=\"lazy\"><\/trustindex-image><trustindex-image class=\"ti-star\" data-imgurl=\"https:\/\/cdn.trustindex.io\/assets\/platform\/Google\/star\/f.svg\" alt=\"Google\" width=\"17\" height=\"17\" loading=\"lazy\"><\/trustindex-image><\/span> <div class=\"ti-rating-text\"> <span class=\"nowrap\"><strong>6 Google Bewertungen<\/strong><\/span> <\/div> <div class=\"ti-header-write-btn-container\"> <a href=\"https:\/\/admin.trustindex.io\/api\/googleWriteReview?place-id=ChIJhU1j483dCEcR2zwJ4-E8eHM\" class=\"ti-header-write-btn\" role=\"button\" aria-label=\"Schreiben Sie eine Bewertung zu Google\" target=\"_blank\" rel=\"noopener nofollow\">Eine Bewertung schreiben<\/a> <\/div>  <\/div> <\/div> <\/div> <div class=\"ti-reviews-container\"> <div class=\"ti-controls\"> <div class=\"ti-next\" aria-label=\"N\u00e4chste Bewertung\" role=\"button\"><\/div> <div class=\"ti-prev\" aria-label=\"Vorherige Bewertung\" role=\"button\"><\/div> <\/div> <div class=\"ti-reviews-container-wrapper\">  <div data-empty=\"0\" data-time=\"1736035200\" class=\"ti-review-item source-Google ti-image-layout-thumbnail\" data-id=\"cfcd208495d565ef66e7dff9f98764da\"> <div class=\"ti-inner\"> <div class=\"ti-review-header\"> <div class=\"ti-platform-icon ti-with-tooltip\"> <span class=\"ti-tooltip\">Gepostet auf <\/span> <trustindex-image data-imgurl=\"https:\/\/cdn.trustindex.io\/assets\/platform\/Google\/icon.svg\" alt=\"\" width=\"20\" height=\"20\" loading=\"lazy\"><\/trustindex-image> <\/div> <div class=\"ti-profile-img\"> <trustindex-image data-imgurl=\"https:\/\/lh3.googleusercontent.com\/a-\/ALV-UjXmWf48fjW72cEHDqNH8euOqnrSFsqRoUM3f5gcLlHV_k6c6bfJ=w40-h40-c-rp-mo-ba2-br100\" alt=\"Mateusz profile picture\" loading=\"lazy\"><\/trustindex-image> <\/div> <div class=\"ti-profile-details\"> <div class=\"ti-name\"> Mateusz <\/div> <div class=\"ti-date\"><\/div> <\/div> <\/div> <span class=\"ti-stars\"><trustindex-image class=\"ti-star\" data-imgurl=\"https:\/\/cdn.trustindex.io\/assets\/platform\/Google\/star\/f.svg\" alt=\"Google\" width=\"17\" height=\"17\" loading=\"lazy\"><\/trustindex-image><trustindex-image class=\"ti-star\" data-imgurl=\"https:\/\/cdn.trustindex.io\/assets\/platform\/Google\/star\/f.svg\" alt=\"Google\" width=\"17\" height=\"17\" loading=\"lazy\"><\/trustindex-image><trustindex-image class=\"ti-star\" data-imgurl=\"https:\/\/cdn.trustindex.io\/assets\/platform\/Google\/star\/f.svg\" alt=\"Google\" width=\"17\" height=\"17\" loading=\"lazy\"><\/trustindex-image><trustindex-image class=\"ti-star\" data-imgurl=\"https:\/\/cdn.trustindex.io\/assets\/platform\/Google\/star\/f.svg\" alt=\"Google\" width=\"17\" height=\"17\" loading=\"lazy\"><\/trustindex-image><trustindex-image class=\"ti-star\" data-imgurl=\"https:\/\/cdn.trustindex.io\/assets\/platform\/Google\/star\/f.svg\" alt=\"Google\" width=\"17\" height=\"17\" loading=\"lazy\"><\/trustindex-image><span class=\"ti-verified-review ti-verified-platform\"><span class=\"ti-verified-tooltip\">Trustindex \u00fcberpr\u00fcft, ob die Originalquelle der Bewertung Google ist.<\/span><\/span><\/span> <div class=\"ti-review-text-container ti-review-content\"><!-- R-CONTENT -->Ich habe Gruy\u00e8re und den Tr\u00fcffelk\u00e4se bestellt und muss zugeben, dass dies der beste K\u00e4se war, den ich seit langem gegessen habe! Er schmeckte genau wie der, den ich in der Schweiz probiert habe. Der Shop bietet eine schnelle und problemlose Lieferung. Ich werde auf jeden Fall Stammkunde!<!-- R-CONTENT --><\/div> <span class=\"ti-read-more\" data-container=\".ti-review-content\" data-collapse-text=\"Ausblenden\" data-open-text=\"Weiterlesen\"><\/span> <\/div> <\/div>  <div data-empty=\"0\" data-time=\"1735862400\" class=\"ti-review-item source-Google ti-image-layout-thumbnail\" data-id=\"cfcd208495d565ef66e7dff9f98764da\"> <div class=\"ti-inner\"> <div class=\"ti-review-header\"> <div class=\"ti-platform-icon ti-with-tooltip\"> <span class=\"ti-tooltip\">Gepostet auf <\/span> <trustindex-image data-imgurl=\"https:\/\/cdn.trustindex.io\/assets\/platform\/Google\/icon.svg\" alt=\"\" width=\"20\" height=\"20\" loading=\"lazy\"><\/trustindex-image> <\/div> <div class=\"ti-profile-img\"> <trustindex-image data-imgurl=\"https:\/\/lh3.googleusercontent.com\/a-\/ALV-UjXdtFMksZEkKda39HyIO_PE1KnxMTvmQ9tbmtx0xduhgqdm6Cx5=w40-h40-c-rp-mo-br100\" alt=\"Tomasz Siomasz profile picture\" loading=\"lazy\"><\/trustindex-image> <\/div> <div class=\"ti-profile-details\"> <div class=\"ti-name\"> Tomasz Siomasz <\/div> <div class=\"ti-date\"><\/div> <\/div> <\/div> <span class=\"ti-stars\"><trustindex-image class=\"ti-star\" data-imgurl=\"https:\/\/cdn.trustindex.io\/assets\/platform\/Google\/star\/f.svg\" alt=\"Google\" width=\"17\" height=\"17\" loading=\"lazy\"><\/trustindex-image><trustindex-image class=\"ti-star\" data-imgurl=\"https:\/\/cdn.trustindex.io\/assets\/platform\/Google\/star\/f.svg\" alt=\"Google\" width=\"17\" height=\"17\" loading=\"lazy\"><\/trustindex-image><trustindex-image class=\"ti-star\" data-imgurl=\"https:\/\/cdn.trustindex.io\/assets\/platform\/Google\/star\/f.svg\" alt=\"Google\" width=\"17\" height=\"17\" loading=\"lazy\"><\/trustindex-image><trustindex-image class=\"ti-star\" data-imgurl=\"https:\/\/cdn.trustindex.io\/assets\/platform\/Google\/star\/f.svg\" alt=\"Google\" width=\"17\" height=\"17\" loading=\"lazy\"><\/trustindex-image><trustindex-image class=\"ti-star\" data-imgurl=\"https:\/\/cdn.trustindex.io\/assets\/platform\/Google\/star\/f.svg\" alt=\"Google\" width=\"17\" height=\"17\" loading=\"lazy\"><\/trustindex-image><span class=\"ti-verified-review ti-verified-platform\"><span class=\"ti-verified-tooltip\">Trustindex \u00fcberpr\u00fcft, ob die Originalquelle der Bewertung Google ist.<\/span><\/span><\/span> <div class=\"ti-review-text-container ti-review-content\"><!-- R-CONTENT -->Doskona\u0142y bogaty wyb\u00f3r.  Przepyszne.<!-- R-CONTENT --><\/div> <span class=\"ti-read-more\" data-container=\".ti-review-content\" data-collapse-text=\"Ausblenden\" data-open-text=\"Weiterlesen\"><\/span> <\/div> <\/div>  <div data-empty=\"0\" data-time=\"1735516800\" class=\"ti-review-item source-Google ti-image-layout-thumbnail\" data-id=\"cfcd208495d565ef66e7dff9f98764da\"> <div class=\"ti-inner\"> <div class=\"ti-review-header\"> <div class=\"ti-platform-icon ti-with-tooltip\"> <span class=\"ti-tooltip\">Gepostet auf <\/span> <trustindex-image data-imgurl=\"https:\/\/cdn.trustindex.io\/assets\/platform\/Google\/icon.svg\" alt=\"\" width=\"20\" height=\"20\" loading=\"lazy\"><\/trustindex-image> <\/div> <div class=\"ti-profile-img\"> <trustindex-image data-imgurl=\"https:\/\/lh3.googleusercontent.com\/a-\/ALV-UjU4UDEG2ImT0aX5h7M-aVNuu3Tt29ox-kcDdyO825CXrvhcRNlIrw=w40-h40-c-rp-mo-ba3-br100\" alt=\"andrzej koc profile picture\" loading=\"lazy\"><\/trustindex-image> <\/div> <div class=\"ti-profile-details\"> <div class=\"ti-name\"> andrzej koc <\/div> <div class=\"ti-date\"><\/div> <\/div> <\/div> <span class=\"ti-stars\"><trustindex-image class=\"ti-star\" data-imgurl=\"https:\/\/cdn.trustindex.io\/assets\/platform\/Google\/star\/f.svg\" alt=\"Google\" width=\"17\" height=\"17\" loading=\"lazy\"><\/trustindex-image><trustindex-image class=\"ti-star\" data-imgurl=\"https:\/\/cdn.trustindex.io\/assets\/platform\/Google\/star\/f.svg\" alt=\"Google\" width=\"17\" height=\"17\" loading=\"lazy\"><\/trustindex-image><trustindex-image class=\"ti-star\" data-imgurl=\"https:\/\/cdn.trustindex.io\/assets\/platform\/Google\/star\/f.svg\" alt=\"Google\" width=\"17\" height=\"17\" loading=\"lazy\"><\/trustindex-image><trustindex-image class=\"ti-star\" data-imgurl=\"https:\/\/cdn.trustindex.io\/assets\/platform\/Google\/star\/f.svg\" alt=\"Google\" width=\"17\" height=\"17\" loading=\"lazy\"><\/trustindex-image><trustindex-image class=\"ti-star\" data-imgurl=\"https:\/\/cdn.trustindex.io\/assets\/platform\/Google\/star\/f.svg\" alt=\"Google\" width=\"17\" height=\"17\" loading=\"lazy\"><\/trustindex-image><span class=\"ti-verified-review ti-verified-platform\"><span class=\"ti-verified-tooltip\">Trustindex \u00fcberpr\u00fcft, ob die Originalquelle der Bewertung Google ist.<\/span><\/span><\/span> <div class=\"ti-review-text-container ti-review-content\"><!-- R-CONTENT -->Mniami \ud83e\udd70<!-- R-CONTENT --><\/div> <span class=\"ti-read-more\" data-container=\".ti-review-content\" data-collapse-text=\"Ausblenden\" data-open-text=\"Weiterlesen\"><\/span> <\/div> <\/div>  <div data-empty=\"0\" data-time=\"1735516800\" class=\"ti-review-item source-Google ti-image-layout-thumbnail\" data-id=\"cfcd208495d565ef66e7dff9f98764da\"> <div class=\"ti-inner\"> <div class=\"ti-review-header\"> <div class=\"ti-platform-icon ti-with-tooltip\"> <span class=\"ti-tooltip\">Gepostet auf <\/span> <trustindex-image data-imgurl=\"https:\/\/cdn.trustindex.io\/assets\/platform\/Google\/icon.svg\" alt=\"\" width=\"20\" height=\"20\" loading=\"lazy\"><\/trustindex-image> <\/div> <div class=\"ti-profile-img\"> <trustindex-image data-imgurl=\"https:\/\/lh3.googleusercontent.com\/a\/ACg8ocKNBSzIfVKmqmZCAHvFCM89DgG3M4rMMJFEufVBnLgRV3CwwA=w40-h40-c-rp-mo-br100\" alt=\"Oskar Wa\u015bkowski profile picture\" loading=\"lazy\"><\/trustindex-image> <\/div> <div class=\"ti-profile-details\"> <div class=\"ti-name\"> Oskar Wa\u015bkowski <\/div> <div class=\"ti-date\"><\/div> <\/div> <\/div> <span class=\"ti-stars\"><trustindex-image class=\"ti-star\" data-imgurl=\"https:\/\/cdn.trustindex.io\/assets\/platform\/Google\/star\/f.svg\" alt=\"Google\" width=\"17\" height=\"17\" loading=\"lazy\"><\/trustindex-image><trustindex-image class=\"ti-star\" data-imgurl=\"https:\/\/cdn.trustindex.io\/assets\/platform\/Google\/star\/f.svg\" alt=\"Google\" width=\"17\" height=\"17\" loading=\"lazy\"><\/trustindex-image><trustindex-image class=\"ti-star\" data-imgurl=\"https:\/\/cdn.trustindex.io\/assets\/platform\/Google\/star\/f.svg\" alt=\"Google\" width=\"17\" height=\"17\" loading=\"lazy\"><\/trustindex-image><trustindex-image class=\"ti-star\" data-imgurl=\"https:\/\/cdn.trustindex.io\/assets\/platform\/Google\/star\/f.svg\" alt=\"Google\" width=\"17\" height=\"17\" loading=\"lazy\"><\/trustindex-image><trustindex-image class=\"ti-star\" data-imgurl=\"https:\/\/cdn.trustindex.io\/assets\/platform\/Google\/star\/f.svg\" alt=\"Google\" width=\"17\" height=\"17\" loading=\"lazy\"><\/trustindex-image><span class=\"ti-verified-review ti-verified-platform\"><span class=\"ti-verified-tooltip\">Trustindex \u00fcberpr\u00fcft, ob die Originalquelle der Bewertung Google ist.<\/span><\/span><\/span> <div class=\"ti-review-text-container ti-review-content\"><!-- R-CONTENT -->Pyszne ! W \u017cyciu nie my\u015bla\u0142em, \u017ce sery mog\u0105 tak dobrze smakowa\u0107 \ud83e\uddc0\ud83d\ude0d<!-- R-CONTENT --><\/div> <span class=\"ti-read-more\" data-container=\".ti-review-content\" data-collapse-text=\"Ausblenden\" data-open-text=\"Weiterlesen\"><\/span> <\/div> <\/div>  <div data-empty=\"0\" data-time=\"1735516800\" class=\"ti-review-item source-Google ti-image-layout-thumbnail\" data-id=\"cfcd208495d565ef66e7dff9f98764da\"> <div class=\"ti-inner\"> <div class=\"ti-review-header\"> <div class=\"ti-platform-icon ti-with-tooltip\"> <span class=\"ti-tooltip\">Gepostet auf <\/span> <trustindex-image data-imgurl=\"https:\/\/cdn.trustindex.io\/assets\/platform\/Google\/icon.svg\" alt=\"\" width=\"20\" height=\"20\" loading=\"lazy\"><\/trustindex-image> <\/div> <div class=\"ti-profile-img\"> <trustindex-image data-imgurl=\"https:\/\/lh3.googleusercontent.com\/a\/ACg8ocJApfBGafkPpjicZreYdXd_U9jkQXZe6Un0ambtp7b3gtCekQ=w40-h40-c-rp-mo-br100\" alt=\"Lukasz Fecki profile picture\" loading=\"lazy\"><\/trustindex-image> <\/div> <div class=\"ti-profile-details\"> <div class=\"ti-name\"> Lukasz Fecki <\/div> <div class=\"ti-date\"><\/div> <\/div> <\/div> <span class=\"ti-stars\"><trustindex-image class=\"ti-star\" data-imgurl=\"https:\/\/cdn.trustindex.io\/assets\/platform\/Google\/star\/f.svg\" alt=\"Google\" width=\"17\" height=\"17\" loading=\"lazy\"><\/trustindex-image><trustindex-image class=\"ti-star\" data-imgurl=\"https:\/\/cdn.trustindex.io\/assets\/platform\/Google\/star\/f.svg\" alt=\"Google\" width=\"17\" height=\"17\" loading=\"lazy\"><\/trustindex-image><trustindex-image class=\"ti-star\" data-imgurl=\"https:\/\/cdn.trustindex.io\/assets\/platform\/Google\/star\/f.svg\" alt=\"Google\" width=\"17\" height=\"17\" loading=\"lazy\"><\/trustindex-image><trustindex-image class=\"ti-star\" data-imgurl=\"https:\/\/cdn.trustindex.io\/assets\/platform\/Google\/star\/f.svg\" alt=\"Google\" width=\"17\" height=\"17\" loading=\"lazy\"><\/trustindex-image><trustindex-image class=\"ti-star\" data-imgurl=\"https:\/\/cdn.trustindex.io\/assets\/platform\/Google\/star\/f.svg\" alt=\"Google\" width=\"17\" height=\"17\" loading=\"lazy\"><\/trustindex-image><span class=\"ti-verified-review ti-verified-platform\"><span class=\"ti-verified-tooltip\">Trustindex \u00fcberpr\u00fcft, ob die Originalquelle der Bewertung Google ist.<\/span><\/span><\/span> <div class=\"ti-review-text-container ti-review-content\"><!-- R-CONTENT -->Przepyszne sery:) a truflowy najlepszy<!-- R-CONTENT --><\/div> <span class=\"ti-read-more\" data-container=\".ti-review-content\" data-collapse-text=\"Ausblenden\" data-open-text=\"Weiterlesen\"><\/span> <\/div> <\/div>  <\/div> <div class=\"ti-controls-line\"> <div class=\"dot\"><\/div> <\/div>   <div class=\"ti-verified-by ti-verified-by-row\" data-style=\"1\"> <div class=\"ti-inner\"> Verifiziert von: Trustindex <span class=\"ti-info-icon\"><\/span> <div class=\"ti-disclaimer\">Das verifizierte Trustindex-Abzeichen ist das universelle Symbol des Vertrauens. Nur die besten Unternehmen k\u00f6nnen das verifizierte Abzeichen erhalten, die eine Bewertungsnote \u00fcber 4.5 haben, basierend auf Kundenbewertungen der letzten 12 Monate. <a href=\"https:\/\/www.trustindex.io\/?a=sys&amp;c=wp-verified-badge&amp;url=\/the-trustindex-verified-badge\/\" target=\"_blank\">Mehr erfahren<\/a><\/div> <\/div> <\/div>  <\/div> <\/div> <\/div> <\/template><\/pre><div data-src=\"https:\/\/cdn.trustindex.io\/loader.js?wp-widget\" data-template-id=\"trustindex-google-widget-html\" data-css-url=\"https:\/\/aromenderalpen.de\/wp-content\/uploads\/trustindex-google-widget.css?1764941118\"><\/div>\n\n<h2 id=\"wd-03b7fc26\" class=\"wp-block-wd-title title wd-align\">Z Alp i nie tylko<\/h2>\n\n<p id=\"wd-58751c62\" class=\"wp-block-wd-paragraph wd-align\">Kochamy ser.<\/p>\n\n<div id=\"wd-055084ac\" class=\"wp-block-wd-section\">\n<div id=\"wd-d65cfdf0\" class=\"wp-block-wd-row wd-custom-width\">\n<div id=\"wd-4510a715\" class=\"wp-block-wd-column\">\n<div id=\"wd-191cadc5\" class=\"wp-block-wd-hotspots wd-spots wd-icon-type-dot wd-effect-pulse wd-event-hover wd-show-hover\"><img decoding=\"async\" width=\"700\" height=\"700\" class=\"wp-image-1281\" src=\"https:\/\/aromenderalpen.de\/wp-content\/uploads\/2025\/07\/butterschmalz.jpg\" alt=\"\" srcset=\"https:\/\/aromenderalpen.de\/wp-content\/uploads\/2025\/07\/butterschmalz.jpg 700w, https:\/\/aromenderalpen.de\/wp-content\/uploads\/2025\/07\/butterschmalz-300x300.jpg 300w, https:\/\/aromenderalpen.de\/wp-content\/uploads\/2025\/07\/butterschmalz-150x150.jpg 150w, https:\/\/aromenderalpen.de\/wp-content\/uploads\/2025\/07\/butterschmalz-600x600.jpg 600w\" sizes=\"(max-width: 700px) 100vw, 700px\" \/>\n<div id=\"wd-c72c7121\" class=\"wp-block-wd-hotspot wd-spot\"><div class=\"wd-spot-icon\"><span class=\"wd-spot-icon-bg\"><\/span><\/div><div class=\"wd-spot-dropdown wd-dropdown wd-right\">\t\t<div class=\"wd-spot-product\">\n\t\t\t<div class=\"wd-spot-image\">\n\t\t\t\t<a href=\"https:\/\/aromenderalpen.de\/pl\/produkt\/serek-maslany-z-mleka-siennego-w-sloiku-300g\/\">\n\t\t\t\t\t<img decoding=\"async\" width=\"600\" height=\"600\" src=\"https:\/\/aromenderalpen.de\/wp-content\/uploads\/2025\/07\/butterschmalz-600x600.jpg\" class=\"attachment-woocommerce_thumbnail size-woocommerce_thumbnail\" alt=\"Heumilch-Butterk\u00e4se im Glas 300g\" srcset=\"https:\/\/aromenderalpen.de\/wp-content\/uploads\/2025\/07\/butterschmalz-600x600.jpg 600w, https:\/\/aromenderalpen.de\/wp-content\/uploads\/2025\/07\/butterschmalz-300x300.jpg 300w, https:\/\/aromenderalpen.de\/wp-content\/uploads\/2025\/07\/butterschmalz-150x150.jpg 150w, https:\/\/aromenderalpen.de\/wp-content\/uploads\/2025\/07\/butterschmalz.jpg 700w\" sizes=\"(max-width: 600px) 100vw, 600px\" \/>\t\t\t\t<\/a>\n\t\t\t<\/div>\n\n\t\t\t<h4 class=\"title\">\n\t\t\t\t<a href=\"https:\/\/aromenderalpen.de\/pl\/produkt\/serek-maslany-z-mleka-siennego-w-sloiku-300g\/\">\n\t\t\t\t\tSerek ma\u015blany z mleka siennego w s\u0142oiku 300g\t\t\t\t<\/a>\n\t\t\t<\/h4>\n\n\t\t\t\t\t\t\t\t\t\t\n\t\t\t<div class=\"price\">\n\t\t\t\t<span class=\"woocommerce-Price-amount amount\"><bdi>29,78&nbsp;<span class=\"woocommerce-Price-currencySymbol\">&#122;&#322;<\/span><\/bdi><\/span>\t\t\t<\/div>\n\n\t\t\t<div class=\"wd-spot-content wd-more-desc reset-last-child\">\n\t\t\t\t<div class=\"wd-more-desc-inner\">\n\t\t\t\t\t\t\t\t\t<\/div>\n\t\t\t\t<a href=\"#\" rel=\"nofollow\" class=\"wd-more-desc-btn\" aria-label=\"Prosz\u0119 przeczyta\u0107 wi\u0119cej opisu\"><\/a>\n\t\t\t<\/div>\n\n\t\t\t<a href=\"\/pl\/wp-json\/wp\/v2\/pages\/1675?add-to-cart=1798\" class=\"button product_type_simple add_to_cart_button ajax_add_to_cart\" data-product_id=\"1798\" rel=\"nofollow\">\n\t\t\t\tDodaj do koszyka\t\t\t<\/a>\n\t\t<\/div>\n\t\t<\/div><\/div>\n<\/div>\n\n\n\n<div id=\"wd-d87c2f2d\" class=\"wp-block-wd-hotspots wd-spots wd-icon-type-dot wd-effect-pulse wd-event-hover wd-show-hover\"><img decoding=\"async\" width=\"700\" height=\"700\" class=\"wp-image-1285\" src=\"https:\/\/aromenderalpen.de\/wp-content\/uploads\/2025\/07\/vulkankaese_1.jpg\" alt=\"\" srcset=\"https:\/\/aromenderalpen.de\/wp-content\/uploads\/2025\/07\/vulkankaese_1.jpg 700w, https:\/\/aromenderalpen.de\/wp-content\/uploads\/2025\/07\/vulkankaese_1-300x300.jpg 300w, https:\/\/aromenderalpen.de\/wp-content\/uploads\/2025\/07\/vulkankaese_1-150x150.jpg 150w, https:\/\/aromenderalpen.de\/wp-content\/uploads\/2025\/07\/vulkankaese_1-600x600.jpg 600w\" sizes=\"(max-width: 700px) 100vw, 700px\" \/>\n<div id=\"wd-0f1cfedf\" class=\"wp-block-wd-hotspot wd-spot\"><div class=\"wd-spot-icon\"><span class=\"wd-spot-icon-bg\"><\/span><\/div><div class=\"wd-spot-dropdown wd-dropdown wd-right\">\t\t<div class=\"wd-spot-product\">\n\t\t\t<div class=\"wd-spot-image\">\n\t\t\t\t<a href=\"https:\/\/aromenderalpen.de\/pl\/produkt\/ser-wulkaniczny\/\">\n\t\t\t\t\t<img decoding=\"async\" width=\"600\" height=\"600\" src=\"https:\/\/aromenderalpen.de\/wp-content\/uploads\/2025\/07\/vulkankaese_1-600x600.jpg\" class=\"attachment-woocommerce_thumbnail size-woocommerce_thumbnail\" alt=\"Vulkank\u00e4se\" srcset=\"https:\/\/aromenderalpen.de\/wp-content\/uploads\/2025\/07\/vulkankaese_1-600x600.jpg 600w, https:\/\/aromenderalpen.de\/wp-content\/uploads\/2025\/07\/vulkankaese_1-300x300.jpg 300w, https:\/\/aromenderalpen.de\/wp-content\/uploads\/2025\/07\/vulkankaese_1-150x150.jpg 150w, https:\/\/aromenderalpen.de\/wp-content\/uploads\/2025\/07\/vulkankaese_1.jpg 700w\" sizes=\"(max-width: 600px) 100vw, 600px\" \/>\t\t\t\t<\/a>\n\t\t\t<\/div>\n\n\t\t\t<h4 class=\"title\">\n\t\t\t\t<a href=\"https:\/\/aromenderalpen.de\/pl\/produkt\/ser-wulkaniczny\/\">\n\t\t\t\t\tSer wulkaniczny\t\t\t\t<\/a>\n\t\t\t<\/h4>\n\n\t\t\t\t\t\t\t\t\t\t\n\t\t\t<div class=\"price\">\n\t\t\t\t<span class=\"woocommerce-Price-amount amount\" aria-hidden=\"true\"><bdi>21,30&nbsp;<span class=\"woocommerce-Price-currencySymbol\">&#122;&#322;<\/span><\/bdi><\/span> <span aria-hidden=\"true\">\u2013<\/span> <span class=\"woocommerce-Price-amount amount\" aria-hidden=\"true\"><bdi>134,19&nbsp;<span class=\"woocommerce-Price-currencySymbol\">&#122;&#322;<\/span><\/bdi><\/span><span class=\"screen-reader-text\">Zakres cen: od 21,30&nbsp;&#122;&#322; do 134,19&nbsp;&#122;&#322;<\/span>\t\t\t<\/div>\n\n\t\t\t<div class=\"wd-spot-content wd-more-desc reset-last-child\">\n\t\t\t\t<div class=\"wd-more-desc-inner\">\n\t\t\t\t\t\t\t\t\t<\/div>\n\t\t\t\t<a href=\"#\" rel=\"nofollow\" class=\"wd-more-desc-btn\" aria-label=\"Prosz\u0119 przeczyta\u0107 wi\u0119cej opisu\"><\/a>\n\t\t\t<\/div>\n\n\t\t\t<a href=\"https:\/\/aromenderalpen.de\/pl\/produkt\/ser-wulkaniczny\/\" class=\"button product_type_variable add_to_cart_button\" data-product_id=\"1767\" rel=\"nofollow\">\n\t\t\t\tWybierz opcje\t\t\t<\/a>\n\t\t<\/div>\n\t\t<\/div><\/div>\n<\/div>\n<\/div>\n\n\n\n<div id=\"wd-a368e2e1\" class=\"wp-block-wd-column\">\n<div id=\"wd-eca43992\" class=\"wp-block-wd-hotspots wd-spots wd-icon-type-dot wd-effect-pulse wd-event-hover wd-show-hover\"><img decoding=\"async\" width=\"700\" height=\"700\" class=\"wp-image-1290\" src=\"https:\/\/aromenderalpen.de\/wp-content\/uploads\/2025\/07\/kuerbistraum.jpg\" alt=\"\" srcset=\"https:\/\/aromenderalpen.de\/wp-content\/uploads\/2025\/07\/kuerbistraum.jpg 700w, https:\/\/aromenderalpen.de\/wp-content\/uploads\/2025\/07\/kuerbistraum-300x300.jpg 300w, https:\/\/aromenderalpen.de\/wp-content\/uploads\/2025\/07\/kuerbistraum-150x150.jpg 150w, https:\/\/aromenderalpen.de\/wp-content\/uploads\/2025\/07\/kuerbistraum-600x600.jpg 600w\" sizes=\"(max-width: 700px) 100vw, 700px\" \/>\n<div id=\"wd-01815125\" class=\"wp-block-wd-hotspot wd-spot\"><div class=\"wd-spot-icon\"><span class=\"wd-spot-icon-bg\"><\/span><\/div><div class=\"wd-spot-dropdown wd-dropdown wd-right\">\t\t<div class=\"wd-spot-product\">\n\t\t\t<div class=\"wd-spot-image\">\n\t\t\t\t<a href=\"https:\/\/aromenderalpen.de\/pl\/produkt\/dyniowy-sen\/\">\n\t\t\t\t\t<img decoding=\"async\" width=\"600\" height=\"600\" src=\"https:\/\/aromenderalpen.de\/wp-content\/uploads\/2025\/07\/kuerbistraum-600x600.jpg\" class=\"attachment-woocommerce_thumbnail size-woocommerce_thumbnail\" alt=\"K\u00fcrbistraum\" srcset=\"https:\/\/aromenderalpen.de\/wp-content\/uploads\/2025\/07\/kuerbistraum-600x600.jpg 600w, https:\/\/aromenderalpen.de\/wp-content\/uploads\/2025\/07\/kuerbistraum-300x300.jpg 300w, https:\/\/aromenderalpen.de\/wp-content\/uploads\/2025\/07\/kuerbistraum-150x150.jpg 150w, https:\/\/aromenderalpen.de\/wp-content\/uploads\/2025\/07\/kuerbistraum.jpg 700w\" sizes=\"(max-width: 600px) 100vw, 600px\" \/>\t\t\t\t<\/a>\n\t\t\t<\/div>\n\n\t\t\t<h4 class=\"title\">\n\t\t\t\t<a href=\"https:\/\/aromenderalpen.de\/pl\/produkt\/dyniowy-sen\/\">\n\t\t\t\t\tDyniowy sen\t\t\t\t<\/a>\n\t\t\t<\/h4>\n\n\t\t\t\t\t\t\t\t\t\t\n\t\t\t<div class=\"price\">\n\t\t\t\t<span class=\"woocommerce-Price-amount amount\" aria-hidden=\"true\"><bdi>23,49&nbsp;<span class=\"woocommerce-Price-currencySymbol\">&#122;&#322;<\/span><\/bdi><\/span> <span aria-hidden=\"true\">\u2013<\/span> <span class=\"woocommerce-Price-amount amount\" aria-hidden=\"true\"><bdi>142,79&nbsp;<span class=\"woocommerce-Price-currencySymbol\">&#122;&#322;<\/span><\/bdi><\/span><span class=\"screen-reader-text\">Zakres cen: od 23,49&nbsp;&#122;&#322; do 142,79&nbsp;&#122;&#322;<\/span>\t\t\t<\/div>\n\n\t\t\t<div class=\"wd-spot-content wd-more-desc reset-last-child\">\n\t\t\t\t<div class=\"wd-more-desc-inner\">\n\t\t\t\t\t\t\t\t\t<\/div>\n\t\t\t\t<a href=\"#\" rel=\"nofollow\" class=\"wd-more-desc-btn\" aria-label=\"Prosz\u0119 przeczyta\u0107 wi\u0119cej opisu\"><\/a>\n\t\t\t<\/div>\n\n\t\t\t<a href=\"https:\/\/aromenderalpen.de\/pl\/produkt\/dyniowy-sen\/\" class=\"button product_type_variable add_to_cart_button\" data-product_id=\"1747\" rel=\"nofollow\">\n\t\t\t\tWybierz opcje\t\t\t<\/a>\n\t\t<\/div>\n\t\t<\/div><\/div>\n<\/div>\n\n\n\n<div id=\"wd-7c16f1b9\" class=\"wp-block-wd-cover wd-hover-parent\"><div class=\"wd-block-cover-img\"><\/div>\n<div id=\"wd-9a59d540\" class=\"wp-block-wd-container wd-dir-col\">\n<h2 id=\"wd-747269ac\" class=\"wp-block-wd-title title\">Wyj\u0105tkowe sery<\/h2>\n\n\n\n<p id=\"wd-87e40f64\" class=\"wp-block-wd-paragraph\">Niezapomniane aromaty, rzemie\u015blniczo wytwarzane i z mi\u0142o\u015bci\u0105 dojrzewaj\u0105ce.<\/p>\n<\/div>\n<\/div>\n<\/div>\n\n\n\n<div id=\"wd-b23303d6\" class=\"wp-block-wd-column\">\n<div id=\"wd-592d0960\" class=\"wp-block-wd-hotspots wd-spots wd-icon-type-dot wd-effect-pulse wd-event-hover wd-show-hover\"><img decoding=\"async\" width=\"700\" height=\"700\" class=\"wp-image-1300\" src=\"https:\/\/aromenderalpen.de\/wp-content\/uploads\/2025\/07\/mozzarella_2.jpg\" alt=\"\" srcset=\"https:\/\/aromenderalpen.de\/wp-content\/uploads\/2025\/07\/mozzarella_2.jpg 700w, https:\/\/aromenderalpen.de\/wp-content\/uploads\/2025\/07\/mozzarella_2-300x300.jpg 300w, https:\/\/aromenderalpen.de\/wp-content\/uploads\/2025\/07\/mozzarella_2-150x150.jpg 150w, https:\/\/aromenderalpen.de\/wp-content\/uploads\/2025\/07\/mozzarella_2-600x600.jpg 600w\" sizes=\"(max-width: 700px) 100vw, 700px\" \/>\n<div id=\"wd-133ccfe7\" class=\"wp-block-wd-hotspot wd-spot\"><div class=\"wd-spot-icon\"><span class=\"wd-spot-icon-bg\"><\/span><\/div><div class=\"wd-spot-dropdown wd-dropdown wd-right\">\t\t<div class=\"wd-spot-product\">\n\t\t\t<div class=\"wd-spot-image\">\n\t\t\t\t<a href=\"https:\/\/aromenderalpen.de\/?post_type=product&#038;p=1346\">\n\t\t\t\t\t<img decoding=\"async\" width=\"600\" height=\"600\" src=\"https:\/\/aromenderalpen.de\/wp-content\/uploads\/2025\/07\/mozzarella_2-600x600.jpg\" class=\"attachment-woocommerce_thumbnail size-woocommerce_thumbnail\" alt=\"Mozzarella 180 g\" srcset=\"https:\/\/aromenderalpen.de\/wp-content\/uploads\/2025\/07\/mozzarella_2-600x600.jpg 600w, https:\/\/aromenderalpen.de\/wp-content\/uploads\/2025\/07\/mozzarella_2-300x300.jpg 300w, https:\/\/aromenderalpen.de\/wp-content\/uploads\/2025\/07\/mozzarella_2-150x150.jpg 150w, https:\/\/aromenderalpen.de\/wp-content\/uploads\/2025\/07\/mozzarella_2.jpg 700w\" sizes=\"(max-width: 600px) 100vw, 600px\" \/>\t\t\t\t<\/a>\n\t\t\t<\/div>\n\n\t\t\t<h4 class=\"title\">\n\t\t\t\t<a href=\"https:\/\/aromenderalpen.de\/?post_type=product&#038;p=1346\">\n\t\t\t\t\tMozzarella 180 g\t\t\t\t<\/a>\n\t\t\t<\/h4>\n\n\t\t\t\t\t\t\t\t\t\t\n\t\t\t<div class=\"price\">\n\t\t\t\t<span class=\"woocommerce-Price-amount amount\"><bdi>21,29&nbsp;<span class=\"woocommerce-Price-currencySymbol\">&#122;&#322;<\/span><\/bdi><\/span>\t\t\t<\/div>\n\n\t\t\t<div class=\"wd-spot-content wd-more-desc reset-last-child\">\n\t\t\t\t<div class=\"wd-more-desc-inner\">\n\t\t\t\t\t\t\t\t\t<\/div>\n\t\t\t\t<a href=\"#\" rel=\"nofollow\" class=\"wd-more-desc-btn\" aria-label=\"Prosz\u0119 przeczyta\u0107 wi\u0119cej opisu\"><\/a>\n\t\t\t<\/div>\n\n\t\t\t<a href=\"https:\/\/aromenderalpen.de\/?post_type=product&#038;p=1346\" class=\"button product_type_simple ajax_add_to_cart\" data-product_id=\"1346\" rel=\"nofollow\">\n\t\t\t\tDowiedz si\u0119 wi\u0119cej\t\t\t<\/a>\n\t\t<\/div>\n\t\t<\/div><\/div>\n<\/div>\n\n\n\n<div id=\"wd-8b901d38\" class=\"wp-block-wd-hotspots wd-spots wd-icon-type-dot wd-effect-pulse wd-event-hover wd-show-hover\"><img decoding=\"async\" width=\"700\" height=\"700\" class=\"wp-image-1282\" src=\"https:\/\/aromenderalpen.de\/wp-content\/uploads\/2025\/07\/20_2022_feta_imagebild.jpg\" alt=\"\" srcset=\"https:\/\/aromenderalpen.de\/wp-content\/uploads\/2025\/07\/20_2022_feta_imagebild.jpg 700w, https:\/\/aromenderalpen.de\/wp-content\/uploads\/2025\/07\/20_2022_feta_imagebild-300x300.jpg 300w, https:\/\/aromenderalpen.de\/wp-content\/uploads\/2025\/07\/20_2022_feta_imagebild-150x150.jpg 150w, https:\/\/aromenderalpen.de\/wp-content\/uploads\/2025\/07\/20_2022_feta_imagebild-600x600.jpg 600w\" sizes=\"(max-width: 700px) 100vw, 700px\" \/>\n<div id=\"wd-034a1c69\" class=\"wp-block-wd-hotspot wd-spot\"><div class=\"wd-spot-icon\"><span class=\"wd-spot-icon-bg\"><\/span><\/div><div class=\"wd-spot-dropdown wd-dropdown wd-right\">\t\t<div class=\"wd-spot-product\">\n\t\t\t<div class=\"wd-spot-image\">\n\t\t\t\t<a href=\"https:\/\/aromenderalpen.de\/?post_type=product&#038;p=1328\">\n\t\t\t\t\t<img decoding=\"async\" width=\"600\" height=\"600\" src=\"https:\/\/aromenderalpen.de\/wp-content\/uploads\/2025\/07\/20_2022_feta_imagebild-600x600.jpg\" class=\"attachment-woocommerce_thumbnail size-woocommerce_thumbnail\" alt=\"Feta K\u00e4se 200 g\" srcset=\"https:\/\/aromenderalpen.de\/wp-content\/uploads\/2025\/07\/20_2022_feta_imagebild-600x600.jpg 600w, https:\/\/aromenderalpen.de\/wp-content\/uploads\/2025\/07\/20_2022_feta_imagebild-300x300.jpg 300w, https:\/\/aromenderalpen.de\/wp-content\/uploads\/2025\/07\/20_2022_feta_imagebild-150x150.jpg 150w, https:\/\/aromenderalpen.de\/wp-content\/uploads\/2025\/07\/20_2022_feta_imagebild.jpg 700w\" sizes=\"(max-width: 600px) 100vw, 600px\" \/>\t\t\t\t<\/a>\n\t\t\t<\/div>\n\n\t\t\t<h4 class=\"title\">\n\t\t\t\t<a href=\"https:\/\/aromenderalpen.de\/?post_type=product&#038;p=1328\">\n\t\t\t\t\tFeta K\u00e4se 200 g\t\t\t\t<\/a>\n\t\t\t<\/h4>\n\n\t\t\t\t\t\t\t\t\t\t\n\t\t\t<div class=\"price\">\n\t\t\t\t<span class=\"woocommerce-Price-amount amount\"><bdi>29,79&nbsp;<span class=\"woocommerce-Price-currencySymbol\">&#122;&#322;<\/span><\/bdi><\/span>\t\t\t<\/div>\n\n\t\t\t<div class=\"wd-spot-content wd-more-desc reset-last-child\">\n\t\t\t\t<div class=\"wd-more-desc-inner\">\n\t\t\t\t\t\t\t\t\t<\/div>\n\t\t\t\t<a href=\"#\" rel=\"nofollow\" class=\"wd-more-desc-btn\" aria-label=\"Prosz\u0119 przeczyta\u0107 wi\u0119cej opisu\"><\/a>\n\t\t\t<\/div>\n\n\t\t\t<a href=\"https:\/\/aromenderalpen.de\/?post_type=product&#038;p=1328\" class=\"button product_type_simple ajax_add_to_cart\" data-product_id=\"1328\" rel=\"nofollow\">\n\t\t\t\tDowiedz si\u0119 wi\u0119cej\t\t\t<\/a>\n\t\t<\/div>\n\t\t<\/div><\/div>\n<\/div>\n<\/div>\n\n\n\n<div id=\"wd-e72bc62c\" class=\"wp-block-wd-column\">\n<div id=\"wd-4720774d\" class=\"wp-block-wd-cover wd-hover-parent\"><div class=\"wd-block-cover-img\"><\/div>\n<div id=\"wd-58ffd4f8\" class=\"wp-block-wd-container wd-dir-col\">\n<h2 id=\"wd-d7fb2692\" class=\"wp-block-wd-title title\">Czysty alpejski smak<\/h2>\n\n\n\n<p id=\"wd-1284e825\" class=\"wp-block-wd-paragraph\">Prawdziwy ser, prawdziwy smak.<\/p>\n<\/div>\n<\/div>\n\n\n\n<div id=\"wd-c60860d9\" class=\"wp-block-wd-hotspots wd-spots wd-icon-type-dot wd-effect-pulse wd-event-hover wd-show-hover\"><img decoding=\"async\" width=\"700\" height=\"700\" class=\"wp-image-1283\" src=\"https:\/\/aromenderalpen.de\/wp-content\/uploads\/2025\/07\/ziegenlaib_1.png\" alt=\"\" srcset=\"https:\/\/aromenderalpen.de\/wp-content\/uploads\/2025\/07\/ziegenlaib_1.png 700w, https:\/\/aromenderalpen.de\/wp-content\/uploads\/2025\/07\/ziegenlaib_1-300x300.png 300w, https:\/\/aromenderalpen.de\/wp-content\/uploads\/2025\/07\/ziegenlaib_1-150x150.png 150w, https:\/\/aromenderalpen.de\/wp-content\/uploads\/2025\/07\/ziegenlaib_1-600x600.png 600w\" sizes=\"(max-width: 700px) 100vw, 700px\" \/>\n<div id=\"wd-8faab376\" class=\"wp-block-wd-hotspot wd-spot\"><div class=\"wd-spot-icon\"><span class=\"wd-spot-icon-bg\"><\/span><\/div><div class=\"wd-spot-dropdown wd-dropdown wd-right\">\t\t<div class=\"wd-spot-product\">\n\t\t\t<div class=\"wd-spot-image\">\n\t\t\t\t<a href=\"https:\/\/aromenderalpen.de\/pl\/produkt\/kozi-bochenek-poltwardy-ser-kozi\/\">\n\t\t\t\t\t<img decoding=\"async\" width=\"600\" height=\"600\" src=\"https:\/\/aromenderalpen.de\/wp-content\/uploads\/2025\/07\/ziegenlaib_1-600x600.png\" class=\"attachment-woocommerce_thumbnail size-woocommerce_thumbnail\" alt=\"Ziegenlaib \u2013 Halbfester Ziegenk\u00e4se\" srcset=\"https:\/\/aromenderalpen.de\/wp-content\/uploads\/2025\/07\/ziegenlaib_1-600x600.png 600w, https:\/\/aromenderalpen.de\/wp-content\/uploads\/2025\/07\/ziegenlaib_1-300x300.png 300w, https:\/\/aromenderalpen.de\/wp-content\/uploads\/2025\/07\/ziegenlaib_1-150x150.png 150w, https:\/\/aromenderalpen.de\/wp-content\/uploads\/2025\/07\/ziegenlaib_1.png 700w\" sizes=\"(max-width: 600px) 100vw, 600px\" \/>\t\t\t\t<\/a>\n\t\t\t<\/div>\n\n\t\t\t<h4 class=\"title\">\n\t\t\t\t<a href=\"https:\/\/aromenderalpen.de\/pl\/produkt\/kozi-bochenek-poltwardy-ser-kozi\/\">\n\t\t\t\t\tKozi bochenek \u2013 P\u00f3\u0142twardy ser kozi\t\t\t\t<\/a>\n\t\t\t<\/h4>\n\n\t\t\t\t\t\t\t\t\t\t\n\t\t\t<div class=\"price\">\n\t\t\t\t<span class=\"woocommerce-Price-amount amount\" aria-hidden=\"true\"><bdi>27,25&nbsp;<span class=\"woocommerce-Price-currencySymbol\">&#122;&#322;<\/span><\/bdi><\/span> <span aria-hidden=\"true\">\u2013<\/span> <span class=\"woocommerce-Price-amount amount\" aria-hidden=\"true\"><bdi>167,99&nbsp;<span class=\"woocommerce-Price-currencySymbol\">&#122;&#322;<\/span><\/bdi><\/span><span class=\"screen-reader-text\">Zakres cen: od 27,25&nbsp;&#122;&#322; do 167,99&nbsp;&#122;&#322;<\/span>\t\t\t<\/div>\n\n\t\t\t<div class=\"wd-spot-content wd-more-desc reset-last-child\">\n\t\t\t\t<div class=\"wd-more-desc-inner\">\n\t\t\t\t\t\t\t\t\t<\/div>\n\t\t\t\t<a href=\"#\" rel=\"nofollow\" class=\"wd-more-desc-btn\" aria-label=\"Prosz\u0119 przeczyta\u0107 wi\u0119cej opisu\"><\/a>\n\t\t\t<\/div>\n\n\t\t\t<a href=\"https:\/\/aromenderalpen.de\/pl\/produkt\/kozi-bochenek-poltwardy-ser-kozi\/\" class=\"button product_type_variable add_to_cart_button\" data-product_id=\"1780\" rel=\"nofollow\">\n\t\t\t\tWybierz opcje\t\t\t<\/a>\n\t\t<\/div>\n\t\t<\/div><\/div>\n<\/div>\n<\/div>\n\n\n\n<div id=\"wd-1f7ecada\" class=\"wp-block-wd-column wd-hide-md-sm wd-hide-sm\">\n<div id=\"wd-668f9920\" class=\"wp-block-wd-hotspots wd-spots wd-icon-type-dot wd-effect-pulse wd-event-hover wd-show-hover\"><img decoding=\"async\" width=\"700\" height=\"700\" class=\"wp-image-1294\" src=\"https:\/\/aromenderalpen.de\/wp-content\/uploads\/2025\/07\/holunderkaese_1.jpg\" alt=\"\" srcset=\"https:\/\/aromenderalpen.de\/wp-content\/uploads\/2025\/07\/holunderkaese_1.jpg 700w, https:\/\/aromenderalpen.de\/wp-content\/uploads\/2025\/07\/holunderkaese_1-300x300.jpg 300w, https:\/\/aromenderalpen.de\/wp-content\/uploads\/2025\/07\/holunderkaese_1-150x150.jpg 150w, https:\/\/aromenderalpen.de\/wp-content\/uploads\/2025\/07\/holunderkaese_1-600x600.jpg 600w\" sizes=\"(max-width: 700px) 100vw, 700px\" \/>\n<div id=\"wd-60ae7ed3\" class=\"wp-block-wd-hotspot wd-spot\"><div class=\"wd-spot-icon\"><span class=\"wd-spot-icon-bg\"><\/span><\/div><div class=\"wd-spot-dropdown wd-dropdown wd-left\">\t\t<div class=\"wd-spot-product\">\n\t\t\t<div class=\"wd-spot-image\">\n\t\t\t\t<a href=\"https:\/\/aromenderalpen.de\/pl\/produkt\/ser-z-czarnym-bzem\/\">\n\t\t\t\t\t<img decoding=\"async\" width=\"600\" height=\"600\" src=\"https:\/\/aromenderalpen.de\/wp-content\/uploads\/2025\/07\/holunderkaese_1-600x600.jpg\" class=\"attachment-woocommerce_thumbnail size-woocommerce_thumbnail\" alt=\"Holunderk\u00e4se\" srcset=\"https:\/\/aromenderalpen.de\/wp-content\/uploads\/2025\/07\/holunderkaese_1-600x600.jpg 600w, https:\/\/aromenderalpen.de\/wp-content\/uploads\/2025\/07\/holunderkaese_1-300x300.jpg 300w, https:\/\/aromenderalpen.de\/wp-content\/uploads\/2025\/07\/holunderkaese_1-150x150.jpg 150w, https:\/\/aromenderalpen.de\/wp-content\/uploads\/2025\/07\/holunderkaese_1.jpg 700w\" sizes=\"(max-width: 600px) 100vw, 600px\" \/>\t\t\t\t<\/a>\n\t\t\t<\/div>\n\n\t\t\t<h4 class=\"title\">\n\t\t\t\t<a href=\"https:\/\/aromenderalpen.de\/pl\/produkt\/ser-z-czarnym-bzem\/\">\n\t\t\t\t\tSer z czarnym bzem\t\t\t\t<\/a>\n\t\t\t<\/h4>\n\n\t\t\t\t\t\t\t\t\t\t\n\t\t\t<div class=\"price\">\n\t\t\t\t<span class=\"woocommerce-Price-amount amount\" aria-hidden=\"true\"><bdi>25,60&nbsp;<span class=\"woocommerce-Price-currencySymbol\">&#122;&#322;<\/span><\/bdi><\/span> <span aria-hidden=\"true\">\u2013<\/span> <span class=\"woocommerce-Price-amount amount\" aria-hidden=\"true\"><bdi>151,25&nbsp;<span class=\"woocommerce-Price-currencySymbol\">&#122;&#322;<\/span><\/bdi><\/span><span class=\"screen-reader-text\">Zakres cen: od 25,60&nbsp;&#122;&#322; do 151,25&nbsp;&#122;&#322;<\/span>\t\t\t<\/div>\n\n\t\t\t<div class=\"wd-spot-content wd-more-desc reset-last-child\">\n\t\t\t\t<div class=\"wd-more-desc-inner\">\n\t\t\t\t\t\t\t\t\t<\/div>\n\t\t\t\t<a href=\"#\" rel=\"nofollow\" class=\"wd-more-desc-btn\" aria-label=\"Prosz\u0119 przeczyta\u0107 wi\u0119cej opisu\"><\/a>\n\t\t\t<\/div>\n\n\t\t\t<a href=\"https:\/\/aromenderalpen.de\/pl\/produkt\/ser-z-czarnym-bzem\/\" class=\"button product_type_variable add_to_cart_button\" data-product_id=\"1734\" rel=\"nofollow\">\n\t\t\t\tWybierz opcje\t\t\t<\/a>\n\t\t<\/div>\n\t\t<\/div><\/div>\n<\/div>\n\n\n\n<div id=\"wd-7638cc9c\" class=\"wp-block-wd-hotspots wd-spots wd-icon-type-dot wd-effect-pulse wd-event-hover wd-show-hover\"><img decoding=\"async\" width=\"1200\" height=\"1200\" class=\"wp-image-1278\" src=\"https:\/\/aromenderalpen.de\/wp-content\/uploads\/2025\/07\/02_Trueffel_1920x1920_d23b16a4-4755-41da-8aa0-376ebce2743e.jpg\" alt=\"\" srcset=\"https:\/\/aromenderalpen.de\/wp-content\/uploads\/2025\/07\/02_Trueffel_1920x1920_d23b16a4-4755-41da-8aa0-376ebce2743e.jpg 1200w, https:\/\/aromenderalpen.de\/wp-content\/uploads\/2025\/07\/02_Trueffel_1920x1920_d23b16a4-4755-41da-8aa0-376ebce2743e-300x300.jpg 300w, https:\/\/aromenderalpen.de\/wp-content\/uploads\/2025\/07\/02_Trueffel_1920x1920_d23b16a4-4755-41da-8aa0-376ebce2743e-1024x1024.jpg 1024w, https:\/\/aromenderalpen.de\/wp-content\/uploads\/2025\/07\/02_Trueffel_1920x1920_d23b16a4-4755-41da-8aa0-376ebce2743e-150x150.jpg 150w, https:\/\/aromenderalpen.de\/wp-content\/uploads\/2025\/07\/02_Trueffel_1920x1920_d23b16a4-4755-41da-8aa0-376ebce2743e-768x768.jpg 768w, https:\/\/aromenderalpen.de\/wp-content\/uploads\/2025\/07\/02_Trueffel_1920x1920_d23b16a4-4755-41da-8aa0-376ebce2743e-600x600.jpg 600w\" sizes=\"(max-width: 1200px) 100vw, 1200px\" \/>\n<div id=\"wd-f51ad509\" class=\"wp-block-wd-hotspot wd-spot\"><div class=\"wd-spot-icon\"><span class=\"wd-spot-icon-bg\"><\/span><\/div><div class=\"wd-spot-dropdown wd-dropdown wd-left\">\t\t<div class=\"wd-spot-product\">\n\t\t\t<div class=\"wd-spot-image\">\n\t\t\t\t<a href=\"https:\/\/aromenderalpen.de\/pl\/produkt\/ser-z-czarnym-bzem\/\">\n\t\t\t\t\t<img decoding=\"async\" width=\"600\" height=\"600\" src=\"https:\/\/aromenderalpen.de\/wp-content\/uploads\/2025\/07\/holunderkaese_1-600x600.jpg\" class=\"attachment-woocommerce_thumbnail size-woocommerce_thumbnail\" alt=\"Holunderk\u00e4se\" srcset=\"https:\/\/aromenderalpen.de\/wp-content\/uploads\/2025\/07\/holunderkaese_1-600x600.jpg 600w, https:\/\/aromenderalpen.de\/wp-content\/uploads\/2025\/07\/holunderkaese_1-300x300.jpg 300w, https:\/\/aromenderalpen.de\/wp-content\/uploads\/2025\/07\/holunderkaese_1-150x150.jpg 150w, https:\/\/aromenderalpen.de\/wp-content\/uploads\/2025\/07\/holunderkaese_1.jpg 700w\" sizes=\"(max-width: 600px) 100vw, 600px\" \/>\t\t\t\t<\/a>\n\t\t\t<\/div>\n\n\t\t\t<h4 class=\"title\">\n\t\t\t\t<a href=\"https:\/\/aromenderalpen.de\/pl\/produkt\/ser-z-czarnym-bzem\/\">\n\t\t\t\t\tSer z czarnym bzem\t\t\t\t<\/a>\n\t\t\t<\/h4>\n\n\t\t\t\t\t\t\t\t\t\t\n\t\t\t<div class=\"price\">\n\t\t\t\t<span class=\"woocommerce-Price-amount amount\" aria-hidden=\"true\"><bdi>25,60&nbsp;<span class=\"woocommerce-Price-currencySymbol\">&#122;&#322;<\/span><\/bdi><\/span> <span aria-hidden=\"true\">\u2013<\/span> <span class=\"woocommerce-Price-amount amount\" aria-hidden=\"true\"><bdi>151,25&nbsp;<span class=\"woocommerce-Price-currencySymbol\">&#122;&#322;<\/span><\/bdi><\/span><span class=\"screen-reader-text\">Zakres cen: od 25,60&nbsp;&#122;&#322; do 151,25&nbsp;&#122;&#322;<\/span>\t\t\t<\/div>\n\n\t\t\t<div class=\"wd-spot-content wd-more-desc reset-last-child\">\n\t\t\t\t<div class=\"wd-more-desc-inner\">\n\t\t\t\t\t\t\t\t\t<\/div>\n\t\t\t\t<a href=\"#\" rel=\"nofollow\" class=\"wd-more-desc-btn\" aria-label=\"Prosz\u0119 przeczyta\u0107 wi\u0119cej opisu\"><\/a>\n\t\t\t<\/div>\n\n\t\t\t<a href=\"https:\/\/aromenderalpen.de\/pl\/produkt\/ser-z-czarnym-bzem\/\" class=\"button product_type_variable add_to_cart_button\" data-product_id=\"1734\" rel=\"nofollow\">\n\t\t\t\tWybierz opcje\t\t\t<\/a>\n\t\t<\/div>\n\t\t<\/div><\/div>\n<\/div>\n<\/div>\n<\/div>\n<\/div>\n\n<div id=\"wd-bc3925b0\" class=\"wp-block-wd-row\">\n<div id=\"wd-3a1c4af1\" class=\"wp-block-wd-column\">\n<h2 id=\"wd-1ea360e1\" class=\"wp-block-wd-title title\">Najpopularniejsze produkty<\/h2>\n\n\n\n<p id=\"wd-44eb1449\" class=\"wp-block-wd-paragraph\">Te produkty s\u0105 szczeg\u00f3lnie popularne w\u015br\u00f3d naszych klient\u00f3w.<\/p>\n\n\n\t\t\t\n\t\t\t<div id=\"wd-5016365c\" class=\"wd-carousel-container  wd-products-element wd-products products wd-products-with-bg wd-stretch-cont-lg wd-stretch-cont-md wd-stretch-cont-sm\">\n\t\t\t\t\n\t\t\t\t\t\t\t\n\t\t\t\t<div class=\"wd-carousel-inner\">\n\t\t\t\t\t<div class=\" wd-carousel wd-grid wd-stretch-cont-lg wd-stretch-cont-md wd-stretch-cont-sm\"  data-grid-gallery='{\"grid_gallery\":\"1\",\"grid_gallery_control\":\"arrows\",\"grid_gallery_enable_arrows\":\"none\"}' data-scroll_per_page=\"yes\" style=\"--wd-col-lg:3;--wd-col-md:2;--wd-col-sm:2;--wd-gap-lg:20px;--wd-gap-sm:10px;\">\n\t\t\t\t\t\t<div class=\"wd-carousel-wrap\">\n\t\t\t\t\t\t\t\t\t<div class=\"wd-carousel-item\">\n\t\t\t\t\t\t\t\t\t\t\t<div class=\"wd-product wd-hover-buttons-on-hover product-grid-item product type-product post-1800 status-publish instock product_cat-deska-serow has-post-thumbnail purchasable product-type-simple\" data-loop=\"1\" data-id=\"1800\">\n\t\n\t\n<div class=\"product-wrapper\">\n\t<div class=\"product-element-top wd-quick-shop\">\n\t\t<a href=\"https:\/\/aromenderalpen.de\/pl\/produkt\/alpenfest-duza-deska-serow-dla-smakoszy\/\" class=\"product-image-link\" tabindex=\"-1\" aria-label=\"Alpenfest \u2013 Du\u017ca deska ser\u00f3w dla smakoszy\">\n\t\t\t<img decoding=\"async\" width=\"600\" height=\"600\" src=\"https:\/\/aromenderalpen.de\/wp-content\/uploads\/2025\/07\/IMG_5800_6d3fcc90-97ef-4377-9e37-dc1ee11c16a0-600x600.jpg\" class=\"attachment-woocommerce_thumbnail size-woocommerce_thumbnail\" alt=\"Alpenfest \u2013 Gro\u00dfe K\u00e4seplatte f\u00fcr Feinschmecker\" srcset=\"https:\/\/aromenderalpen.de\/wp-content\/uploads\/2025\/07\/IMG_5800_6d3fcc90-97ef-4377-9e37-dc1ee11c16a0-600x600.jpg 600w, https:\/\/aromenderalpen.de\/wp-content\/uploads\/2025\/07\/IMG_5800_6d3fcc90-97ef-4377-9e37-dc1ee11c16a0-150x150.jpg 150w\" sizes=\"(max-width: 600px) 100vw, 600px\" \/>\t\t<\/a>\n\n\t\t\n\t\t<div class=\"wd-buttons wd-pos-r-t\">\n\t\t\t\t\t<\/div>\n\t<\/div>\n\n\t<div class=\"product-element-bottom\">\n\n\t\t<div class=\"wd-product-header\">\n\t\t\t<h3 class=\"wd-entities-title\"><a href=\"https:\/\/aromenderalpen.de\/pl\/produkt\/alpenfest-duza-deska-serow-dla-smakoszy\/\">Alpenfest \u2013 Du\u017ca deska ser\u00f3w dla smakoszy<\/a><\/h3>\n\t\t\t\t\t<\/div>\n\n\t\t\n\t\t\t\t<div class=\"wd-product-cats\">\n\t\t\t<a href=\"https:\/\/aromenderalpen.de\/pl\/kategoria-produktow\/deska-serow\/\" rel=\"tag\">Deska ser\u00f3w<\/a>\t\t<\/div>\n\t\t\n\t\t\n\t\t<div class=\"wrap-price\">\n\t\t\t\n\t<span class=\"price\"><span class=\"woocommerce-Price-amount amount\"><bdi>106,50&nbsp;<span class=\"woocommerce-Price-currencySymbol\">&#122;&#322;<\/span><\/bdi><\/span><\/span>\n\n\t\t\t\t\t<\/div>\n\n\t\t<span class=\"gtm4wp_productdata\" style=\"display:none; visibility:hidden;\" data-gtm4wp_product_data=\"{&quot;internal_id&quot;:1800,&quot;item_id&quot;:&quot;1000&quot;,&quot;item_name&quot;:&quot;Alpenfest \\u2013 Du\\u017ca deska ser\\u00f3w dla smakoszy&quot;,&quot;sku&quot;:&quot;1000&quot;,&quot;price&quot;:106.5,&quot;stocklevel&quot;:null,&quot;stockstatus&quot;:&quot;instock&quot;,&quot;google_business_vertical&quot;:&quot;retail&quot;,&quot;item_category&quot;:&quot;Deska ser\\u00f3w&quot;,&quot;id&quot;:&quot;1000&quot;,&quot;productlink&quot;:&quot;https:\\\/\\\/aromenderalpen.de\\\/pl\\\/produkt\\\/alpenfest-duza-deska-serow-dla-smakoszy\\\/&quot;,&quot;item_list_name&quot;:&quot;General Product List&quot;,&quot;index&quot;:2,&quot;product_type&quot;:&quot;simple&quot;,&quot;item_brand&quot;:&quot;&quot;}\"><\/span>\t\t\t<input type=\"hidden\" class=\"wpmProductId\" data-id=\"1800\">\n\t\t\t\t\t<script>\n\t\t\t(window.wpmDataLayer = window.wpmDataLayer || {}).products                = window.wpmDataLayer.products || {};\n\t\t\twindow.wpmDataLayer.products[1800] = {\"id\":\"1800\",\"sku\":\"1000\",\"price\":106.5,\"brand\":\"Aromen der Alpen\",\"quantity\":1,\"dyn_r_ids\":{\"post_id\":\"1800\",\"sku\":\"1000\",\"gpf\":\"woocommerce_gpf_1800\",\"gla\":\"gla_1800\"},\"is_variable\":false,\"type\":\"simple\",\"name\":\"Alpenfest \u2013 Du\u017ca deska ser\u00f3w dla smakoszy\",\"category\":[\"Deska ser\u00f3w\"],\"is_variation\":false};\n\t\t\t\t\twindow.pmw_product_position = window.pmw_product_position || 1;\n\t\twindow.wpmDataLayer.products[1800]['position'] = window.pmw_product_position++;\n\t\t\t\t<\/script>\n\t\t\n\t\t\n\t\t\n\t\t\n\t\t<div class=\"wd-product-footer\">\n\t\t\t<div class=\"wd-add-btn wd-add-btn-replace\">\n\t\t\t\t<a href=\"\/pl\/wp-json\/wp\/v2\/pages\/1675?add-to-cart=1800\" aria-describedby=\"woocommerce_loop_add_to_cart_link_describedby_1800\" data-quantity=\"1\" class=\"button product_type_simple add_to_cart_button ajax_add_to_cart add-to-cart-loop\" data-product_id=\"1800\" data-product_sku=\"1000\" aria-label=\"Dodaj do koszyka: &bdquo;Alpenfest \u2013 Du\u017ca deska ser\u00f3w dla smakoszy&rdquo;\" rel=\"nofollow\" data-success_message=\"&ldquo;Alpenfest \u2013 Du\u017ca deska ser\u00f3w dla smakoszy&rdquo; zosta\u0142 dodany do twojego koszyka\" role=\"button\"><span>Dodaj do koszyka<\/span><\/a>\t<span id=\"woocommerce_loop_add_to_cart_link_describedby_1800\" class=\"screen-reader-text\">\n\t\t\t<\/span>\n\t\t\t<\/div>\n\n\t\t\t\t\t\t<div class=\"wd-action-buttons\">\n\t\t\t\t\t\t\t\t\t\t<div class=\"quick-view wd-action-btn wd-style-icon wd-quick-view-icon wd-tooltip\">\n\t\t\t<a\n\t\t\t\thref=\"https:\/\/aromenderalpen.de\/pl\/produkt\/alpenfest-duza-deska-serow-dla-smakoszy\/\"\n\t\t\t\tclass=\"open-quick-view quick-view-button\"\n\t\t\t\trel=\"nofollow\"\n\t\t\t\tdata-id=\"1800\"\n\t\t\t\t>Zobacz<\/a>\n\t\t<\/div>\n\t\t\t\t\t<\/div>\n\t\t\t\t\t<\/div>\n\t<\/div>\n<\/div>\n<\/div>\n\t\t\t\t\t<\/div>\n\t\t\t\t<div class=\"wd-carousel-item\">\n\t\t\t\t\t\t\t\t\t\t\t<div class=\"wd-product wd-hover-buttons-on-hover product-grid-item product type-product post-1809 status-publish instock product_cat-maslo has-post-thumbnail taxable shipping-taxable purchasable product-type-simple\" data-loop=\"2\" data-id=\"1809\">\n\t\n\t\n<div class=\"product-wrapper\">\n\t<div class=\"product-element-top wd-quick-shop\">\n\t\t<a href=\"https:\/\/aromenderalpen.de\/pl\/produkt\/maslo-alpejskie-200g\/\" class=\"product-image-link\" tabindex=\"-1\" aria-label=\"Mas\u0142o alpejskie 200g\">\n\t\t\t\t\t<div class=\"wd-product-grid-slider wd-fill\">\n\t\t\t\t\t\t\t<div class=\"wd-product-grid-slide\" data-image-url=\"https:\/\/aromenderalpen.de\/wp-content\/uploads\/2025\/07\/almbutter_butterbrot_2-600x600.jpg\" data-image-srcset=\"https:\/\/aromenderalpen.de\/wp-content\/uploads\/2025\/07\/almbutter_butterbrot_2-600x600.jpg 600w, https:\/\/aromenderalpen.de\/wp-content\/uploads\/2025\/07\/almbutter_butterbrot_2-300x300.jpg 300w, https:\/\/aromenderalpen.de\/wp-content\/uploads\/2025\/07\/almbutter_butterbrot_2-150x150.jpg 150w, https:\/\/aromenderalpen.de\/wp-content\/uploads\/2025\/07\/almbutter_butterbrot_2.jpg 700w\" data-image-id=\"0\"><\/div>\n\t\t\t\t\t\t\t<div class=\"wd-product-grid-slide\" data-image-url=\"https:\/\/aromenderalpen.de\/wp-content\/uploads\/2025\/07\/Almbutter-200g-600x600.webp\" data-image-srcset=\"https:\/\/aromenderalpen.de\/wp-content\/uploads\/2025\/07\/Almbutter-200g-600x600.webp 600w, https:\/\/aromenderalpen.de\/wp-content\/uploads\/2025\/07\/Almbutter-200g-300x300.webp 300w, https:\/\/aromenderalpen.de\/wp-content\/uploads\/2025\/07\/Almbutter-200g-150x150.webp 150w, https:\/\/aromenderalpen.de\/wp-content\/uploads\/2025\/07\/Almbutter-200g.webp 700w\" data-image-id=\"1\"><\/div>\n\t\t\t\t\t<\/div>\n\n\t\t\t\t\t<div class=\"wd-product-grid-slider-nav wd-fill wd-hide-md\">\n\t\t\t\t<div class=\"wd-prev\"><\/div>\n\t\t\t\t<div class=\"wd-next\"><\/div>\n\t\t\t<\/div>\n\t\t\n\t\t\t\t\t\t\t\t\t<img decoding=\"async\" width=\"600\" height=\"600\" src=\"https:\/\/aromenderalpen.de\/wp-content\/uploads\/2025\/07\/almbutter_butterbrot_2-600x600.jpg\" class=\"attachment-woocommerce_thumbnail size-woocommerce_thumbnail\" alt=\"Almbutter 200g\" srcset=\"https:\/\/aromenderalpen.de\/wp-content\/uploads\/2025\/07\/almbutter_butterbrot_2-600x600.jpg 600w, https:\/\/aromenderalpen.de\/wp-content\/uploads\/2025\/07\/almbutter_butterbrot_2-300x300.jpg 300w, https:\/\/aromenderalpen.de\/wp-content\/uploads\/2025\/07\/almbutter_butterbrot_2-150x150.jpg 150w, https:\/\/aromenderalpen.de\/wp-content\/uploads\/2025\/07\/almbutter_butterbrot_2.jpg 700w\" sizes=\"(max-width: 600px) 100vw, 600px\" \/>\t\t<\/a>\n\n\t\t\n\t\t<div class=\"wd-buttons wd-pos-r-t\">\n\t\t\t\t\t<\/div>\n\t<\/div>\n\n\t<div class=\"product-element-bottom\">\n\n\t\t<div class=\"wd-product-header\">\n\t\t\t<h3 class=\"wd-entities-title\"><a href=\"https:\/\/aromenderalpen.de\/pl\/produkt\/maslo-alpejskie-200g\/\">Mas\u0142o alpejskie 200g<\/a><\/h3>\n\t\t\t\t\t<\/div>\n\n\t\t\n\t\t\t\t<div class=\"wd-product-cats\">\n\t\t\t<a href=\"https:\/\/aromenderalpen.de\/pl\/kategoria-produktow\/maslo\/\" rel=\"tag\">Mas\u0142o<\/a>\t\t<\/div>\n\t\t\n\t\t\n\t\t<div class=\"wrap-price\">\n\t\t\t\n\t<span class=\"price\"><span class=\"woocommerce-Price-amount amount\"><bdi>17,94&nbsp;<span class=\"woocommerce-Price-currencySymbol\">&#122;&#322;<\/span><\/bdi><\/span><\/span>\n\n\t\t\t\t\t<\/div>\n\n\t\t<span class=\"gtm4wp_productdata\" style=\"display:none; visibility:hidden;\" data-gtm4wp_product_data=\"{&quot;internal_id&quot;:1809,&quot;item_id&quot;:&quot;1015&quot;,&quot;item_name&quot;:&quot;Mas\\u0142o alpejskie 200g&quot;,&quot;sku&quot;:&quot;1015&quot;,&quot;price&quot;:17.94,&quot;stocklevel&quot;:null,&quot;stockstatus&quot;:&quot;instock&quot;,&quot;google_business_vertical&quot;:&quot;retail&quot;,&quot;item_category&quot;:&quot;Mas\\u0142o&quot;,&quot;id&quot;:&quot;1015&quot;,&quot;productlink&quot;:&quot;https:\\\/\\\/aromenderalpen.de\\\/pl\\\/produkt\\\/maslo-alpejskie-200g\\\/&quot;,&quot;item_list_name&quot;:&quot;General Product List&quot;,&quot;index&quot;:3,&quot;product_type&quot;:&quot;simple&quot;,&quot;item_brand&quot;:&quot;&quot;}\"><\/span>\t\t\t<input type=\"hidden\" class=\"wpmProductId\" data-id=\"1809\">\n\t\t\t\t\t<script>\n\t\t\t(window.wpmDataLayer = window.wpmDataLayer || {}).products                = window.wpmDataLayer.products || {};\n\t\t\twindow.wpmDataLayer.products[1809] = {\"id\":\"1809\",\"sku\":\"1015\",\"price\":17.94,\"brand\":\"Aromen der Alpen\",\"quantity\":1,\"dyn_r_ids\":{\"post_id\":\"1809\",\"sku\":\"1015\",\"gpf\":\"woocommerce_gpf_1809\",\"gla\":\"gla_1809\"},\"is_variable\":false,\"type\":\"simple\",\"name\":\"Mas\u0142o alpejskie 200g\",\"category\":[\"Mas\u0142o\"],\"is_variation\":false};\n\t\t\t\t\twindow.pmw_product_position = window.pmw_product_position || 1;\n\t\twindow.wpmDataLayer.products[1809]['position'] = window.pmw_product_position++;\n\t\t\t\t<\/script>\n\t\t\n\t\t\n\t\t\n\t\t\n\t\t<div class=\"wd-product-footer\">\n\t\t\t<div class=\"wd-add-btn wd-add-btn-replace\">\n\t\t\t\t<a href=\"\/pl\/wp-json\/wp\/v2\/pages\/1675?add-to-cart=1809\" aria-describedby=\"woocommerce_loop_add_to_cart_link_describedby_1809\" data-quantity=\"1\" class=\"button product_type_simple add_to_cart_button ajax_add_to_cart add-to-cart-loop\" data-product_id=\"1809\" data-product_sku=\"1015\" aria-label=\"Dodaj do koszyka: &bdquo;Mas\u0142o alpejskie 200g&rdquo;\" rel=\"nofollow\" data-success_message=\"&ldquo;Mas\u0142o alpejskie 200g&rdquo; zosta\u0142 dodany do twojego koszyka\" role=\"button\"><span>Dodaj do koszyka<\/span><\/a>\t<span id=\"woocommerce_loop_add_to_cart_link_describedby_1809\" class=\"screen-reader-text\">\n\t\t\t<\/span>\n\t\t\t<\/div>\n\n\t\t\t\t\t\t<div class=\"wd-action-buttons\">\n\t\t\t\t\t\t\t\t\t\t<div class=\"quick-view wd-action-btn wd-style-icon wd-quick-view-icon wd-tooltip\">\n\t\t\t<a\n\t\t\t\thref=\"https:\/\/aromenderalpen.de\/pl\/produkt\/maslo-alpejskie-200g\/\"\n\t\t\t\tclass=\"open-quick-view quick-view-button\"\n\t\t\t\trel=\"nofollow\"\n\t\t\t\tdata-id=\"1809\"\n\t\t\t\t>Zobacz<\/a>\n\t\t<\/div>\n\t\t\t\t\t<\/div>\n\t\t\t\t\t<\/div>\n\t<\/div>\n<\/div>\n<\/div>\n\t\t\t\t\t<\/div>\n\t\t\t\t<div class=\"wd-carousel-item\">\n\t\t\t\t\t\t\t\t\t\t\t<div class=\"wd-product wd-hover-buttons-on-hover product-grid-item product type-product post-1709 status-publish last instock product_cat-ser-dojrzewajacy has-post-thumbnail purchasable product-type-variable\" data-loop=\"3\" data-id=\"1709\">\n\t\n\t\n<div class=\"product-wrapper\">\n\t<div class=\"product-element-top wd-quick-shop\">\n\t\t<a href=\"https:\/\/aromenderalpen.de\/pl\/produkt\/ser-z-kwiatami-alpejskimi\/\" class=\"product-image-link\" tabindex=\"-1\" aria-label=\"Ser z kwiatami alpejskimi\">\n\t\t\t\t\t<div class=\"wd-product-grid-slider wd-fill\">\n\t\t\t\t\t\t\t<div class=\"wd-product-grid-slide\" data-image-url=\"https:\/\/aromenderalpen.de\/wp-content\/uploads\/2025\/07\/almbluetenkaese_1-600x600.jpg\" data-image-srcset=\"https:\/\/aromenderalpen.de\/wp-content\/uploads\/2025\/07\/almbluetenkaese_1-600x600.jpg 600w, https:\/\/aromenderalpen.de\/wp-content\/uploads\/2025\/07\/almbluetenkaese_1-300x300.jpg 300w, https:\/\/aromenderalpen.de\/wp-content\/uploads\/2025\/07\/almbluetenkaese_1-150x150.jpg 150w, https:\/\/aromenderalpen.de\/wp-content\/uploads\/2025\/07\/almbluetenkaese_1.jpg 700w\" data-image-id=\"0\"><\/div>\n\t\t\t\t\t\t\t<div class=\"wd-product-grid-slide\" data-image-url=\"https:\/\/aromenderalpen.de\/wp-content\/uploads\/2025\/07\/Almblu\u0308tenka\u0308se1-600x600.webp\" data-image-srcset=\"https:\/\/aromenderalpen.de\/wp-content\/uploads\/2025\/07\/Almblu\u0308tenka\u0308se1-600x600.webp 600w, https:\/\/aromenderalpen.de\/wp-content\/uploads\/2025\/07\/Almblu\u0308tenka\u0308se1-300x300.webp 300w, https:\/\/aromenderalpen.de\/wp-content\/uploads\/2025\/07\/Almblu\u0308tenka\u0308se1-150x150.webp 150w, https:\/\/aromenderalpen.de\/wp-content\/uploads\/2025\/07\/Almblu\u0308tenka\u0308se1.webp 700w\" data-image-id=\"1\"><\/div>\n\t\t\t\t\t\t\t<div class=\"wd-product-grid-slide\" data-image-url=\"https:\/\/aromenderalpen.de\/wp-content\/uploads\/2025\/07\/Almblu\u0308tenka\u0308se-600x600.webp\" data-image-srcset=\"https:\/\/aromenderalpen.de\/wp-content\/uploads\/2025\/07\/Almblu\u0308tenka\u0308se-600x600.webp 600w, https:\/\/aromenderalpen.de\/wp-content\/uploads\/2025\/07\/Almblu\u0308tenka\u0308se-300x300.webp 300w, https:\/\/aromenderalpen.de\/wp-content\/uploads\/2025\/07\/Almblu\u0308tenka\u0308se-150x150.webp 150w, https:\/\/aromenderalpen.de\/wp-content\/uploads\/2025\/07\/Almblu\u0308tenka\u0308se.webp 700w\" data-image-id=\"2\"><\/div>\n\t\t\t\t\t<\/div>\n\n\t\t\t\t\t<div class=\"wd-product-grid-slider-nav wd-fill wd-hide-md\">\n\t\t\t\t<div class=\"wd-prev\"><\/div>\n\t\t\t\t<div class=\"wd-next\"><\/div>\n\t\t\t<\/div>\n\t\t\n\t\t\t\t\t\t\t\t\t<img decoding=\"async\" width=\"600\" height=\"600\" src=\"https:\/\/aromenderalpen.de\/wp-content\/uploads\/2025\/07\/almbluetenkaese_1-600x600.jpg\" class=\"attachment-woocommerce_thumbnail size-woocommerce_thumbnail\" alt=\"Almbl\u00fctenk\u00e4se\" srcset=\"https:\/\/aromenderalpen.de\/wp-content\/uploads\/2025\/07\/almbluetenkaese_1-600x600.jpg 600w, https:\/\/aromenderalpen.de\/wp-content\/uploads\/2025\/07\/almbluetenkaese_1-300x300.jpg 300w, https:\/\/aromenderalpen.de\/wp-content\/uploads\/2025\/07\/almbluetenkaese_1-150x150.jpg 150w, https:\/\/aromenderalpen.de\/wp-content\/uploads\/2025\/07\/almbluetenkaese_1.jpg 700w\" sizes=\"(max-width: 600px) 100vw, 600px\" \/>\t\t<\/a>\n\n\t\t\n\t\t<div class=\"wd-buttons wd-pos-r-t\">\n\t\t\t\t\t<\/div>\n\t<\/div>\n\n\t<div class=\"product-element-bottom\">\n\n\t\t<div class=\"wd-product-header\">\n\t\t\t<h3 class=\"wd-entities-title\"><a href=\"https:\/\/aromenderalpen.de\/pl\/produkt\/ser-z-kwiatami-alpejskimi\/\">Ser z kwiatami alpejskimi<\/a><\/h3>\n\t\t\t\t\t<\/div>\n\n\t\t\n\t\t\t\t<div class=\"wd-product-cats\">\n\t\t\t<a href=\"https:\/\/aromenderalpen.de\/pl\/kategoria-produktow\/ser-dojrzewajacy\/\" rel=\"tag\">Ser dojrzewaj\u0105cy<\/a>\t\t<\/div>\n\t\t\n\t\t\n\t\t<div class=\"wrap-price\">\n\t\t\t\n\t<span class=\"price\"><span class=\"woocommerce-Price-amount amount\" aria-hidden=\"true\"><bdi>23,45&nbsp;<span class=\"woocommerce-Price-currencySymbol\">&#122;&#322;<\/span><\/bdi><\/span> <span aria-hidden=\"true\">\u2013<\/span> <span class=\"woocommerce-Price-amount amount\" aria-hidden=\"true\"><bdi>142,69&nbsp;<span class=\"woocommerce-Price-currencySymbol\">&#122;&#322;<\/span><\/bdi><\/span><span class=\"screen-reader-text\">Zakres cen: od 23,45&nbsp;&#122;&#322; do 142,69&nbsp;&#122;&#322;<\/span><\/span>\n\n\t\t\t\t\t<\/div>\n\n\t\t<span class=\"gtm4wp_productdata\" style=\"display:none; visibility:hidden;\" data-gtm4wp_product_data=\"{&quot;internal_id&quot;:1709,&quot;item_id&quot;:&quot;1103&quot;,&quot;item_name&quot;:&quot;Ser z kwiatami alpejskimi&quot;,&quot;sku&quot;:&quot;1103&quot;,&quot;price&quot;:23.45,&quot;stocklevel&quot;:null,&quot;stockstatus&quot;:&quot;instock&quot;,&quot;google_business_vertical&quot;:&quot;retail&quot;,&quot;item_category&quot;:&quot;Ser dojrzewaj\\u0105cy&quot;,&quot;id&quot;:&quot;1103&quot;,&quot;productlink&quot;:&quot;https:\\\/\\\/aromenderalpen.de\\\/pl\\\/produkt\\\/ser-z-kwiatami-alpejskimi\\\/&quot;,&quot;item_list_name&quot;:&quot;General Product List&quot;,&quot;index&quot;:4,&quot;product_type&quot;:&quot;variable&quot;,&quot;item_brand&quot;:&quot;&quot;}\"><\/span>\t\t\t<input type=\"hidden\" class=\"wpmProductId\" data-id=\"1709\">\n\t\t\t\t\t<script>\n\t\t\t(window.wpmDataLayer = window.wpmDataLayer || {}).products                = window.wpmDataLayer.products || {};\n\t\t\twindow.wpmDataLayer.products[1709] = {\"id\":\"1709\",\"sku\":\"1103\",\"price\":23.45,\"brand\":\"Aromen der Alpen\",\"quantity\":1,\"dyn_r_ids\":{\"post_id\":\"1709\",\"sku\":\"1103\",\"gpf\":\"woocommerce_gpf_1709\",\"gla\":\"gla_1709\"},\"is_variable\":true,\"type\":\"variable\",\"name\":\"Ser z kwiatami alpejskimi\",\"category\":[\"Ser dojrzewaj\u0105cy\"],\"is_variation\":false};\n\t\t\t\t\twindow.pmw_product_position = window.pmw_product_position || 1;\n\t\twindow.wpmDataLayer.products[1709]['position'] = window.pmw_product_position++;\n\t\t\t\t<\/script>\n\t\t\n\t\t\n\t\t\n\t\t\n\t\t<div class=\"wd-product-footer\">\n\t\t\t<div class=\"wd-add-btn wd-add-btn-replace\">\n\t\t\t\t<a href=\"https:\/\/aromenderalpen.de\/pl\/produkt\/ser-z-kwiatami-alpejskimi\/\" aria-describedby=\"woocommerce_loop_add_to_cart_link_describedby_1709\" data-quantity=\"1\" class=\"button product_type_variable add_to_cart_button add-to-cart-loop\" data-product_id=\"1709\" data-product_sku=\"1103\" aria-label=\"Wybierz opcje dla &bdquo;Ser z kwiatami alpejskimi&rdquo;\" rel=\"nofollow\"><span>Wybierz opcje<\/span><\/a>\t<span id=\"woocommerce_loop_add_to_cart_link_describedby_1709\" class=\"screen-reader-text\">\n\t\tTen produkt ma wiele wariant\u00f3w. Opcje mo\u017cna wybra\u0107 na stronie produktu\t<\/span>\n\t\t\t<\/div>\n\n\t\t\t\t\t\t<div class=\"wd-action-buttons\">\n\t\t\t\t\t\t\t\t\t\t<div class=\"quick-view wd-action-btn wd-style-icon wd-quick-view-icon wd-tooltip\">\n\t\t\t<a\n\t\t\t\thref=\"https:\/\/aromenderalpen.de\/pl\/produkt\/ser-z-kwiatami-alpejskimi\/\"\n\t\t\t\tclass=\"open-quick-view quick-view-button\"\n\t\t\t\trel=\"nofollow\"\n\t\t\t\tdata-id=\"1709\"\n\t\t\t\t>Zobacz<\/a>\n\t\t<\/div>\n\t\t\t\t\t<\/div>\n\t\t\t\t\t<\/div>\n\t<\/div>\n<\/div>\n<\/div>\n\t\t\t\t\t<\/div>\n\t\t\t\t<div class=\"wd-carousel-item\">\n\t\t\t\t\t\t\t\t\t\t\t<div class=\"wd-product wd-hover-buttons-on-hover product-grid-item product type-product post-1765 status-publish first instock product_cat-produkty-truflowe product_cat-ser-dojrzewajacy has-post-thumbnail purchasable product-type-variable\" data-loop=\"4\" data-id=\"1765\">\n\t\n\t\n<div class=\"product-wrapper\">\n\t<div class=\"product-element-top wd-quick-shop\">\n\t\t<a href=\"https:\/\/aromenderalpen.de\/pl\/produkt\/ser-truflowy\/\" class=\"product-image-link\" tabindex=\"-1\" aria-label=\"Ser truflowy\">\n\t\t\t\t\t<div class=\"wd-product-grid-slider wd-fill\">\n\t\t\t\t\t\t\t<div class=\"wd-product-grid-slide\" data-image-url=\"https:\/\/aromenderalpen.de\/wp-content\/uploads\/2025\/07\/02_Trueffel_1920x1920_d23b16a4-4755-41da-8aa0-376ebce2743e-600x600.jpg\" data-image-srcset=\"https:\/\/aromenderalpen.de\/wp-content\/uploads\/2025\/07\/02_Trueffel_1920x1920_d23b16a4-4755-41da-8aa0-376ebce2743e-600x600.jpg 600w, https:\/\/aromenderalpen.de\/wp-content\/uploads\/2025\/07\/02_Trueffel_1920x1920_d23b16a4-4755-41da-8aa0-376ebce2743e-300x300.jpg 300w, https:\/\/aromenderalpen.de\/wp-content\/uploads\/2025\/07\/02_Trueffel_1920x1920_d23b16a4-4755-41da-8aa0-376ebce2743e-1024x1024.jpg 1024w, https:\/\/aromenderalpen.de\/wp-content\/uploads\/2025\/07\/02_Trueffel_1920x1920_d23b16a4-4755-41da-8aa0-376ebce2743e-150x150.jpg 150w, https:\/\/aromenderalpen.de\/wp-content\/uploads\/2025\/07\/02_Trueffel_1920x1920_d23b16a4-4755-41da-8aa0-376ebce2743e-768x768.jpg 768w, https:\/\/aromenderalpen.de\/wp-content\/uploads\/2025\/07\/02_Trueffel_1920x1920_d23b16a4-4755-41da-8aa0-376ebce2743e.jpg 1200w\" data-image-id=\"0\"><\/div>\n\t\t\t\t\t\t\t<div class=\"wd-product-grid-slide\" data-image-url=\"https:\/\/aromenderalpen.de\/wp-content\/uploads\/2025\/07\/Tru\u0308ffelka\u0308se-600x600.webp\" data-image-srcset=\"https:\/\/aromenderalpen.de\/wp-content\/uploads\/2025\/07\/Tru\u0308ffelka\u0308se-600x600.webp 600w, https:\/\/aromenderalpen.de\/wp-content\/uploads\/2025\/07\/Tru\u0308ffelka\u0308se-300x300.webp 300w, https:\/\/aromenderalpen.de\/wp-content\/uploads\/2025\/07\/Tru\u0308ffelka\u0308se-150x150.webp 150w, https:\/\/aromenderalpen.de\/wp-content\/uploads\/2025\/07\/Tru\u0308ffelka\u0308se-768x768.webp 768w, https:\/\/aromenderalpen.de\/wp-content\/uploads\/2025\/07\/Tru\u0308ffelka\u0308se.webp 800w\" data-image-id=\"1\"><\/div>\n\t\t\t\t\t<\/div>\n\n\t\t\t\t\t<div class=\"wd-product-grid-slider-nav wd-fill wd-hide-md\">\n\t\t\t\t<div class=\"wd-prev\"><\/div>\n\t\t\t\t<div class=\"wd-next\"><\/div>\n\t\t\t<\/div>\n\t\t\n\t\t\t\t\t\t\t\t\t<img decoding=\"async\" width=\"600\" height=\"600\" src=\"https:\/\/aromenderalpen.de\/wp-content\/uploads\/2025\/07\/02_Trueffel_1920x1920_d23b16a4-4755-41da-8aa0-376ebce2743e-600x600.jpg\" class=\"attachment-woocommerce_thumbnail size-woocommerce_thumbnail\" alt=\"Tr\u00fcffelk\u00e4se\" srcset=\"https:\/\/aromenderalpen.de\/wp-content\/uploads\/2025\/07\/02_Trueffel_1920x1920_d23b16a4-4755-41da-8aa0-376ebce2743e-600x600.jpg 600w, https:\/\/aromenderalpen.de\/wp-content\/uploads\/2025\/07\/02_Trueffel_1920x1920_d23b16a4-4755-41da-8aa0-376ebce2743e-300x300.jpg 300w, https:\/\/aromenderalpen.de\/wp-content\/uploads\/2025\/07\/02_Trueffel_1920x1920_d23b16a4-4755-41da-8aa0-376ebce2743e-1024x1024.jpg 1024w, https:\/\/aromenderalpen.de\/wp-content\/uploads\/2025\/07\/02_Trueffel_1920x1920_d23b16a4-4755-41da-8aa0-376ebce2743e-150x150.jpg 150w, https:\/\/aromenderalpen.de\/wp-content\/uploads\/2025\/07\/02_Trueffel_1920x1920_d23b16a4-4755-41da-8aa0-376ebce2743e-768x768.jpg 768w, https:\/\/aromenderalpen.de\/wp-content\/uploads\/2025\/07\/02_Trueffel_1920x1920_d23b16a4-4755-41da-8aa0-376ebce2743e.jpg 1200w\" sizes=\"(max-width: 600px) 100vw, 600px\" \/>\t\t<\/a>\n\n\t\t\n\t\t<div class=\"wd-buttons wd-pos-r-t\">\n\t\t\t\t\t<\/div>\n\t<\/div>\n\n\t<div class=\"product-element-bottom\">\n\n\t\t<div class=\"wd-product-header\">\n\t\t\t<h3 class=\"wd-entities-title\"><a href=\"https:\/\/aromenderalpen.de\/pl\/produkt\/ser-truflowy\/\">Ser truflowy<\/a><\/h3>\n\t\t\t\t\t<\/div>\n\n\t\t\n\t\t\t\t<div class=\"wd-product-cats\">\n\t\t\t<a href=\"https:\/\/aromenderalpen.de\/pl\/kategoria-produktow\/produkty-truflowe\/\" rel=\"tag\">Produkty truflowe<\/a>, <a href=\"https:\/\/aromenderalpen.de\/pl\/kategoria-produktow\/ser-dojrzewajacy\/\" rel=\"tag\">Ser dojrzewaj\u0105cy<\/a>\t\t<\/div>\n\t\t\n\t\t\n\t\t<div class=\"wrap-price\">\n\t\t\t\n\t<span class=\"price\"><span class=\"woocommerce-Price-amount amount\" aria-hidden=\"true\"><bdi>22,35&nbsp;<span class=\"woocommerce-Price-currencySymbol\">&#122;&#322;<\/span><\/bdi><\/span> <span aria-hidden=\"true\">\u2013<\/span> <span class=\"woocommerce-Price-amount amount\" aria-hidden=\"true\"><bdi>137,39&nbsp;<span class=\"woocommerce-Price-currencySymbol\">&#122;&#322;<\/span><\/bdi><\/span><span class=\"screen-reader-text\">Zakres cen: od 22,35&nbsp;&#122;&#322; do 137,39&nbsp;&#122;&#322;<\/span><\/span>\n\n\t\t\t\t\t<\/div>\n\n\t\t<span class=\"gtm4wp_productdata\" style=\"display:none; visibility:hidden;\" data-gtm4wp_product_data=\"{&quot;internal_id&quot;:1765,&quot;item_id&quot;:&quot;1018&quot;,&quot;item_name&quot;:&quot;Ser truflowy&quot;,&quot;sku&quot;:&quot;1018&quot;,&quot;price&quot;:22.35,&quot;stocklevel&quot;:null,&quot;stockstatus&quot;:&quot;instock&quot;,&quot;google_business_vertical&quot;:&quot;retail&quot;,&quot;item_category&quot;:&quot;Produkty truflowe&quot;,&quot;id&quot;:&quot;1018&quot;,&quot;productlink&quot;:&quot;https:\\\/\\\/aromenderalpen.de\\\/pl\\\/produkt\\\/ser-truflowy\\\/&quot;,&quot;item_list_name&quot;:&quot;General Product List&quot;,&quot;index&quot;:5,&quot;product_type&quot;:&quot;variable&quot;,&quot;item_brand&quot;:&quot;&quot;}\"><\/span>\t\t\t<input type=\"hidden\" class=\"wpmProductId\" data-id=\"1765\">\n\t\t\t\t\t<script>\n\t\t\t(window.wpmDataLayer = window.wpmDataLayer || {}).products                = window.wpmDataLayer.products || {};\n\t\t\twindow.wpmDataLayer.products[1765] = {\"id\":\"1765\",\"sku\":\"1018\",\"price\":22.35,\"brand\":\"Aromen der Alpen\",\"quantity\":1,\"dyn_r_ids\":{\"post_id\":\"1765\",\"sku\":\"1018\",\"gpf\":\"woocommerce_gpf_1765\",\"gla\":\"gla_1765\"},\"is_variable\":true,\"type\":\"variable\",\"name\":\"Ser truflowy\",\"category\":[\"Produkty truflowe\",\"Ser dojrzewaj\u0105cy\"],\"is_variation\":false};\n\t\t\t\t\twindow.pmw_product_position = window.pmw_product_position || 1;\n\t\twindow.wpmDataLayer.products[1765]['position'] = window.pmw_product_position++;\n\t\t\t\t<\/script>\n\t\t\n\t\t\n\t\t\n\t\t\n\t\t<div class=\"wd-product-footer\">\n\t\t\t<div class=\"wd-add-btn wd-add-btn-replace\">\n\t\t\t\t<a href=\"https:\/\/aromenderalpen.de\/pl\/produkt\/ser-truflowy\/\" aria-describedby=\"woocommerce_loop_add_to_cart_link_describedby_1765\" data-quantity=\"1\" class=\"button product_type_variable add_to_cart_button add-to-cart-loop\" data-product_id=\"1765\" data-product_sku=\"1018\" aria-label=\"Wybierz opcje dla &bdquo;Ser truflowy&rdquo;\" rel=\"nofollow\"><span>Wybierz opcje<\/span><\/a>\t<span id=\"woocommerce_loop_add_to_cart_link_describedby_1765\" class=\"screen-reader-text\">\n\t\tTen produkt ma wiele wariant\u00f3w. Opcje mo\u017cna wybra\u0107 na stronie produktu\t<\/span>\n\t\t\t<\/div>\n\n\t\t\t\t\t\t<div class=\"wd-action-buttons\">\n\t\t\t\t\t\t\t\t\t\t<div class=\"quick-view wd-action-btn wd-style-icon wd-quick-view-icon wd-tooltip\">\n\t\t\t<a\n\t\t\t\thref=\"https:\/\/aromenderalpen.de\/pl\/produkt\/ser-truflowy\/\"\n\t\t\t\tclass=\"open-quick-view quick-view-button\"\n\t\t\t\trel=\"nofollow\"\n\t\t\t\tdata-id=\"1765\"\n\t\t\t\t>Zobacz<\/a>\n\t\t<\/div>\n\t\t\t\t\t<\/div>\n\t\t\t\t\t<\/div>\n\t<\/div>\n<\/div>\n<\/div>\n\t\t\t\t\t<\/div>\n\t\t\t\t\t\t\t\t<\/div>\n\t\t\t\t\t<\/div>\n\n\t\t\t\t\t\t\t<div class=\"wd-nav-arrows wd-pos-sep wd-hover-1 wd-icon-1\">\n\t\t\t<div class=\"wd-btn-arrow wd-prev wd-disabled\">\n\t\t\t\t<div class=\"wd-arrow-inner\"><\/div>\n\t\t\t<\/div>\n\t\t\t<div class=\"wd-btn-arrow wd-next\">\n\t\t\t\t<div class=\"wd-arrow-inner\"><\/div>\n\t\t\t<\/div>\n\t\t<\/div>\n\t\t\t\t\t\t<\/div>\n\n\t\t\t\t\t\t\t\t\t\t\t\t\t\t<\/div>\n\t\t\t\t\t\t<\/div>\n\n\n\n<div id=\"wd-c01e5c02\" class=\"wp-block-wd-column\">\n<div id=\"wd-49b7df33\" class=\"wp-block-wd-hotspots wd-spots wd-icon-type-dot wd-effect-pulse wd-event-hover wd-show-static\"><img decoding=\"async\" width=\"1707\" height=\"2560\" class=\"wp-image-1277\" src=\"https:\/\/aromenderalpen.de\/wp-content\/uploads\/2025\/07\/IMG_5408-scaled.jpg\" alt=\"\" srcset=\"https:\/\/aromenderalpen.de\/wp-content\/uploads\/2025\/07\/IMG_5408-scaled.jpg 1707w, https:\/\/aromenderalpen.de\/wp-content\/uploads\/2025\/07\/IMG_5408-200x300.jpg 200w, https:\/\/aromenderalpen.de\/wp-content\/uploads\/2025\/07\/IMG_5408-683x1024.jpg 683w, https:\/\/aromenderalpen.de\/wp-content\/uploads\/2025\/07\/IMG_5408-768x1152.jpg 768w, https:\/\/aromenderalpen.de\/wp-content\/uploads\/2025\/07\/IMG_5408-1024x1536.jpg 1024w, https:\/\/aromenderalpen.de\/wp-content\/uploads\/2025\/07\/IMG_5408-1365x2048.jpg 1365w, https:\/\/aromenderalpen.de\/wp-content\/uploads\/2025\/07\/IMG_5408-1200x1800.jpg 1200w, https:\/\/aromenderalpen.de\/wp-content\/uploads\/2025\/07\/IMG_5408-150x225.jpg 150w\" sizes=\"(max-width: 1707px) 100vw, 1707px\" \/>\n<div id=\"wd-b92f6986\" class=\"wp-block-wd-hotspot wd-spot\"><div class=\"wd-spot-icon\"><span class=\"wd-spot-icon-bg\"><\/span><\/div><div class=\"wd-spot-dropdown wd-dropdown wd-left\">\t\t<div class=\"wd-spot-product\">\n\t\t\t<div class=\"wd-spot-image\">\n\t\t\t\t<a href=\"https:\/\/aromenderalpen.de\/pl\/produkt\/deska-serow\/\">\n\t\t\t\t\t<img decoding=\"async\" width=\"600\" height=\"600\" src=\"https:\/\/aromenderalpen.de\/wp-content\/uploads\/2025\/07\/IMG_5408-600x600.jpg\" class=\"attachment-woocommerce_thumbnail size-woocommerce_thumbnail\" alt=\"K\u00e4seplatte\" srcset=\"https:\/\/aromenderalpen.de\/wp-content\/uploads\/2025\/07\/IMG_5408-600x600.jpg 600w, https:\/\/aromenderalpen.de\/wp-content\/uploads\/2025\/07\/IMG_5408-150x150.jpg 150w\" sizes=\"(max-width: 600px) 100vw, 600px\" \/>\t\t\t\t<\/a>\n\t\t\t<\/div>\n\n\t\t\t<h4 class=\"title\">\n\t\t\t\t<a href=\"https:\/\/aromenderalpen.de\/pl\/produkt\/deska-serow\/\">\n\t\t\t\t\tDeska ser\u00f3w\t\t\t\t<\/a>\n\t\t\t<\/h4>\n\n\t\t\t\t\t\t\t\t\t\t\n\t\t\t<div class=\"price\">\n\t\t\t\t<span class=\"woocommerce-Price-amount amount\"><bdi>169,99&nbsp;<span class=\"woocommerce-Price-currencySymbol\">&#122;&#322;<\/span><\/bdi><\/span>\t\t\t<\/div>\n\n\t\t\t<div class=\"wd-spot-content wd-more-desc reset-last-child\">\n\t\t\t\t<div class=\"wd-more-desc-inner\">\n\t\t\t\t\tSzukasz <strong>pomys\u0142\u00f3w na przygotowanie deski ser\u00f3w<\/strong> lub chcesz po prostu kupi\u0107 gotow\u0105 <strong>desk\u0119 ser\u00f3w<\/strong>? W takim razie nasza starannie skomponowana deska ser\u00f3w jest dok\u0142adnie tym, czego potrzebujesz.\n\nIdealna na brunch, kolacj\u0119 lub jako g\u0142\u00f3wna atrakcja bufetu \u2013 wystarczy rozpakowa\u0107, u\u0142o\u017cy\u0107 i podawa\u0107. Opcjonalnie mo\u017cna po\u0142\u0105czy\u0107 ze \u015bwie\u017cymi owocami, chlebem, krakersami lub winem.\n<h3>Zawarto\u015b\u0107 deski ser\u00f3w<\/h3>\nTa deska ser\u00f3w oferuje wyrafinowan\u0105 mieszank\u0119 kremowych, \u0142agodnych i pikantnych odmian \u2013 idealna dla mi\u0142o\u015bnik\u00f3w sera i go\u015bci o r\u00f3\u017cnych upodobaniach smakowych.\n<h3>Zawarte rodzaje ser\u00f3w:<\/h3>\n<ul>\n \t<li>Ser kozi \u2013 200 g<\/li>\n \t<li>Ser truflowy \u2013 200 g<\/li>\n \t<li>Camembert \u2013 250 g<\/li>\n \t<li>Ser farmerski \u2013 250 g<\/li>\n \t<li>Ser wulkaniczny \u2013 200 g<\/li>\n \t<li>Ser kminkowy \u2013 200 g<\/li>\n<\/ul>\n<h3>Dla wszystkich, kt\u00f3rzy chc\u0105 sami skomponowa\u0107 desk\u0119 ser\u00f3w<\/h3>\nOdpowiednia r\u00f3wnie\u017c dla fan\u00f3w DIY: Ten wyb\u00f3r stanowi \u015bwietn\u0105 baz\u0119 do <strong>samodzielnego przygotowania deski ser\u00f3w<\/strong> \u2013 uzupe\u0142nij j\u0105 dipami, winogronami, orzechami lub konfitur\u0105 z fig.\n<h4>Przechowywanie i dodatkowe informacje<\/h4>\n<ul>\n \t<li>Przechowywa\u0107 w ch\u0142odnym miejscu<\/li>\n \t<li>Wyj\u0105\u0107 30 minut przed podaniem<\/li>\n \t<li>Warto\u015bci od\u017cywcze i dat\u0119 wa\u017cno\u015bci znajdziesz na opakowaniu<\/li>\n<\/ul>\t\t\t\t<\/div>\n\t\t\t\t<a href=\"#\" rel=\"nofollow\" class=\"wd-more-desc-btn\" aria-label=\"Prosz\u0119 przeczyta\u0107 wi\u0119cej opisu\"><\/a>\n\t\t\t<\/div>\n\n\t\t\t<a href=\"\/pl\/wp-json\/wp\/v2\/pages\/1675?add-to-cart=1808\" class=\"button product_type_simple add_to_cart_button ajax_add_to_cart\" data-product_id=\"1808\" rel=\"nofollow\">\n\t\t\t\tDodaj do koszyka\t\t\t<\/a>\n\t\t<\/div>\n\t\t<\/div><\/div>\n<\/div>\n<\/div>\n<\/div>\n\n<div id=\"wd-6ad532f7\" class=\"wp-block-wd-container wd-dir-row wd-align-is-lg-center\">\n<h2 id=\"wd-d1966157\" class=\"wp-block-wd-title title\">Najnowsze artyku\u0142y<\/h2>\n\n\n\n<a id=\"wd-9847f9e4\" class=\"wp-block-wd-button btn btn-style-default btn-color-white btn-size-default btn-shape-round btn-icon-pos-right\" href=\"#\"><span>Odwied\u017a blog<\/span>\n<div id=\"wd-40f4e156\" class=\"wp-block-wd-icon\"><img decoding=\"async\" width=\"16\" height=\"17\" class=\"wp-image-859\" src=\"https:\/\/aromenderalpen.de\/wp-content\/uploads\/2024\/08\/wd-furniture-long-arrow-black.svg\" alt=\"\"><\/div>\n<\/a>\n<\/div>\n\t\t\t\n\t\t\t<div id=\"wd-b8eed34b\" class=\"wd-carousel-container  wd-posts wd-blog-element\">\n\t\t\t\t\n\t\t\t\t\t\t\t\n\t\t\t\t<div class=\"wd-carousel-inner\">\n\t\t\t\t\t<div class=\" wd-carousel wd-grid\" data-scroll_per_page=\"yes\" style=\"--wd-col-lg:4;--wd-col-md:2;--wd-col-sm:1;--wd-gap-lg:20px;--wd-gap-sm:10px;\">\n\t\t\t\t\t\t<div class=\"wd-carousel-wrap\">\n\t\t\t\t\t\t\t\t\t<div class=\"wd-carousel-item\">\n\t\t\t\t\t\t\t\n<article id=\"post-1827\" class=\"wd-post blog-design-meta-image blog-post-loop blog-style-bg post-1827 post type-post status-publish format-standard has-post-thumbnail hentry category-bez-kategorii\">\n\t\t\t<div class=\"wd-post-inner\">\n\t\n\t<div class=\"wd-post-thumb color-scheme-light\">\n\t\t\t\t\t<div class=\"wd-post-img\">\n\t\t\t\t<img decoding=\"async\" width=\"300\" height=\"198\" src=\"https:\/\/aromenderalpen.de\/wp-content\/uploads\/2025\/07\/zapiekanka-300x198.webp\" class=\"attachment-medium size-medium\" alt=\"\" srcset=\"https:\/\/aromenderalpen.de\/wp-content\/uploads\/2025\/07\/zapiekanka-300x198.webp 300w, https:\/\/aromenderalpen.de\/wp-content\/uploads\/2025\/07\/zapiekanka-1024x677.webp 1024w, https:\/\/aromenderalpen.de\/wp-content\/uploads\/2025\/07\/zapiekanka-768x508.webp 768w, https:\/\/aromenderalpen.de\/wp-content\/uploads\/2025\/07\/zapiekanka-1200x793.webp 1200w, https:\/\/aromenderalpen.de\/wp-content\/uploads\/2025\/07\/zapiekanka-150x99.webp 150w, https:\/\/aromenderalpen.de\/wp-content\/uploads\/2025\/07\/zapiekanka.webp 1210w\" sizes=\"(max-width: 300px) 100vw, 300px\" \/>\t\t\t<\/div>\n\t\t\n\t\t\t\t<a class=\"wd-post-link wd-fill\" tabindex=\"-1\" href=\"https:\/\/aromenderalpen.de\/pl\/zapiekanka-ziemniaczana-z-serem-le-gruyere\/\" rel=\"bookmark\" aria-label=\"Link w po\u015bcie Zapiekanka ziemniaczana z serem Le Gruy\u00e8re\"><\/a>\n\n\t\t\t\t\t<div class=\"wd-post-header\">\n\t\t\t\t\t\t\t\t<div class=\"wd-post-author wd-meta-author\">\n\t\t\t\t\t\t\t\n\t\t\t\t\t\t\t\n\t\t\t\t\t<a href=\"https:\/\/aromenderalpen.de\/pl\/author\/geschmack-der-alpen\/\" class=\"author\" rel=\"author\">Aromen der Alpen<\/a>\n\t\t\t\t\t\t\t\t<\/div>\n\n\t\t\t\t<div class=\"wd-post-actions\">\n\t\t\t\t\t\t\t\t\t\t\t<div tabindex=\"0\" class=\"wd-post-share wd-tltp\">\n\t\t\t\t\t\t\t<div class=\"tooltip top\">\n\t\t\t\t\t\t\t\t<div class=\"tooltip-inner\">\n\t\t\t\t\t\t\t\t\t\t\t\t<div\n\t\t\t\t\t\tclass=\" wd-social-icons wd-style-default wd-size-small social-share wd-shape-circle color-scheme-light text-center\">\n\t\t\t\t\n\t\t\t\t\n\t\t\t\t\t\t\t\t\t<a rel=\"noopener noreferrer nofollow\" href=\"https:\/\/www.facebook.com\/sharer\/sharer.php?u=https:\/\/aromenderalpen.de\/pl\/zapiekanka-ziemniaczana-z-serem-le-gruyere\/\" target=\"_blank\" class=\" wd-social-icon social-facebook\" aria-label=\"\u0141\u0105cze spo\u0142eczno\u015bciowe Facebook\">\n\t\t\t\t\t\t<span class=\"wd-icon\"><\/span>\n\t\t\t\t\t\t\t\t\t\t\t<\/a>\n\t\t\t\t\n\t\t\t\t\n\t\t\t\t\n\t\t\t\t\n\t\t\t\t\n\t\t\t\t\n\t\t\t\t\n\t\t\t\t\t\t\t\t\t<a rel=\"noopener noreferrer nofollow\" href=\"https:\/\/pinterest.com\/pin\/create\/button\/?url=https:\/\/aromenderalpen.de\/pl\/zapiekanka-ziemniaczana-z-serem-le-gruyere\/&#038;media=https:\/\/aromenderalpen.de\/wp-content\/uploads\/2025\/07\/zapiekanka.webp&#038;description=Zapiekanka+ziemniaczana+z+serem+Le+Gruy%C3%A8re\" target=\"_blank\" class=\" wd-social-icon social-pinterest\" aria-label=\"Link spo\u0142eczno\u015bciowy Pinterest\">\n\t\t\t\t\t\t<span class=\"wd-icon\"><\/span>\n\t\t\t\t\t\t\t\t\t\t\t<\/a>\n\t\t\t\t\n\t\t\t\t\n\t\t\t\t\n\t\t\t\t\n\t\t\t\t\n\t\t\t\t\n\t\t\t\t\n\t\t\t\t\n\t\t\t\t\n\t\t\t\t\n\t\t\t\t\n\t\t\t\t\n\t\t\t\t\n\t\t\t\t\n\t\t\t\t\n\t\t\t\t\n\t\t\t\t\n\t\t\t\t\n\t\t\t\t\n\t\t\t<\/div>\n\n\t\t\t\t\t\t\t\t\t\t<\/div>\n\t\t\t\t\t\t\t\t<div class=\"tooltip-arrow\"><\/div>\n\t\t\t\t\t\t\t<\/div>\n\t\t\t\t\t\t<\/div>\n\t\t\t\t\t\n\t\t\t\t\t\t\t\t\t\t\t\t\t\t\t\t\t<div class=\"wd-post-reply wd-meta-reply wd-style-1\">\n\t\t\t\t\t\t\t<a href=\"https:\/\/aromenderalpen.de\/pl\/zapiekanka-ziemniaczana-z-serem-le-gruyere\/#respond\"><span class=\"wd-replies-count\">0<\/span><\/a>\t\t\t\t\t\t<\/div>\n\t\t\t\t\t\t\t\t\t<\/div>\n\t\t\t<\/div>\n\t\t\t<\/div>\n\n\t<div class=\"wd-post-content\">\n\t\t<div class=\"wd-post-meta wd-post-entry-meta\">\n\t\t\t\n\t\t\t\t\t\t\t<div class=\"wd-post-cat wd-style-default\">\n\t\t\t\t\t<a href=\"https:\/\/aromenderalpen.de\/pl\/category\/bez-kategorii\/\" rel=\"category tag\">Bez kategorii<\/a>\t\t\t\t<\/div>\n\t\t\t\n\t\t\t\t\t\t\t<div class=\"wd-post-date wd-style-default\">\n\t\t\t\t\t<time class=\"published\" datetime=\"2025-07-25T15:34:31+02:00\">\n\t\t\t\t\t\t25 lip 2025\t\t\t\t\t<\/time>\n\t\t\t\t<\/div>\n\n\t\t\t\t<div class=\"wd-modified-date\">\n\t\t\t\t\t\t\t<time class=\"updated\" datetime=\"2025-08-01T12:07:25+02:00\">\n\t\t\t2025-08-01\t\t<\/time>\n\t\t\t\t\t\t<\/div>\n\t\t\t\t\t<\/div>\n\n\t\t\t\t\t<h3 class=\"wd-post-title wd-entities-title title post-title\">\n\t\t\t\t<a href=\"https:\/\/aromenderalpen.de\/pl\/zapiekanka-ziemniaczana-z-serem-le-gruyere\/\" rel=\"bookmark\">\n\t\t\t\t\tZapiekanka ziemniaczana z serem Le Gruy\u00e8re\t\t\t\t<\/a>\n\t\t\t<\/h3>\n\t\t\n\t\t\t\t\t<div class=\"wd-post-excerpt\">\n\t\t\t\t\t\t\t\t\tSk\u0142adniki (na 4 porcje):1 kg ziemniak\u00f3w (obranych, pokrojonych w cienkie plasterki)200 g sera Le Gru&#8230;\t\t\t\t\t\t\t<\/div>\n\t\t\n\t\t\t\t\t\t\t\t\t\t<div class=\"wd-post-read-more wd-style-link read-more-section\">\n\t\t\t\t\t\t<a class=\"\" href=\"https:\/\/aromenderalpen.de\/pl\/zapiekanka-ziemniaczana-z-serem-le-gruyere\/\">Czytaj dalej<\/a>\t\t\t\t\t<\/div>\n\t\t\t\t\t\t\t<\/div>\n\n\t\t\t<\/div>\n\t<\/article>\n\t\t\t\t\t<\/div>\n\t\t\t\t\t\t\t\t<\/div>\n\t\t\t\t\t<\/div>\n\n\t\t\t\t\t\t\t<div class=\"wd-nav-arrows wd-pos-sep wd-hover-1 wd-icon-1\">\n\t\t\t<div class=\"wd-btn-arrow wd-prev wd-disabled\">\n\t\t\t\t<div class=\"wd-arrow-inner\"><\/div>\n\t\t\t<\/div>\n\t\t\t<div class=\"wd-btn-arrow wd-next\">\n\t\t\t\t<div class=\"wd-arrow-inner\"><\/div>\n\t\t\t<\/div>\n\t\t<\/div>\n\t\t\t\t\t\t<\/div>\n\n\t\t\t\t\t\t\t\t\t\t\t\t\t\t<\/div>\n\t\t\t\t\t\t\n<div id=\"wd-9bc1bf17\" class=\"wp-block-wd-collapsible-content wd-effect-fade\">\n<div id=\"wd-f1ef5c26\" class=\"wp-block-wd-container wd-dir-col\">\n<h2 id=\"wd-b9684e90\" class=\"wp-block-wd-title title\">Aromen der Alpen \u2013 Smak Alp i \u015bwiata, uchwycony w prawdziwej autentyczno\u015bci<\/h2>\n\n\n\n<p id=\"wd-6aae6766\" class=\"wp-block-wd-paragraph\">Aromen der Alpen to wi\u0119cej ni\u017c sklep czy marka \u2013 to filozofia smaku, \u0142\u0105cz\u0105ca czysto\u015b\u0107 i dziedzictwo Alp z wyj\u0105tkowymi produktami z ca\u0142ego \u015bwiata, wytwarzanymi z pasj\u0105 i szacunkiem dla natury.<\/p>\n\n\n\n<p id=\"wd-3263be7c\" class=\"wp-block-wd-paragraph\">Nasze serce bije w regionach alpejskich, gdzie tradycja spotyka si\u0119 z natur\u0105, a produkty powstaj\u0105 w harmonii z rytmem g\u00f3r. U nas znajdziesz wyj\u0105tkowe sery g\u00f3rskie, mi\u00f3d z g\u00f3rskich pasiek, dzikie zio\u0142a, herbaty, przyprawy i oleje pachn\u0105ce lasem i czystym g\u00f3rskim powietrzem. <\/p>\n\n\n\n<p id=\"wd-b43ce987\" class=\"wp-block-wd-paragraph\">Jednak smak i historia nie znaj\u0105 granic \u2013 dlatego zapraszamy Ci\u0119 tak\u017ce w kulinarn\u0105 podr\u00f3\u017c dooko\u0142a \u015bwiata. W naszym asortymencie znajdziesz starannie wyselekcjonowane rzemie\u015blnicze produkty z region\u00f3w o bogatej kulturze kulinarnej. <\/p>\n\n\n\n<p>Ka\u017cdy produkt opowiada histori\u0119 \u2013 o miejscu, o ludziach i o czasie. Histori\u0119 przekazywan\u0105 z pokolenia na pokolenie, kt\u00f3r\u0105 mo\u017cna odnale\u017a\u0107 w ka\u017cdym k\u0119sie i ka\u017cdym \u0142yku. <\/p>\n\n\n\n<h2 id=\"wd-d6885800\" class=\"wp-block-wd-title title\">W Aromen der Alpen stawiamy na:<\/h2>\n\n\n\n<ul id=\"wd-8e5caa28\" class=\"wp-block-wd-list wd-list wd-type-unordered wd-style-default\">\n<li id=\"wd-60a80feb\" class=\"wp-block-wd-list-item\"><div class=\"wd-icon\"><\/div><span class=\"wd-list-content\">Naturalno\u015b\u0107 i czysto\u015b\u0107 sk\u0142adnik\u00f3w<\/span><\/li>\n\n\n\n<li id=\"wd-843ec76b\" class=\"wp-block-wd-list-item\"><div class=\"wd-icon\"><\/div><span class=\"wd-list-content\">Rzemios\u0142o i prawdziwe umiej\u0119tno\u015bci zamiast masowej produkcji<\/span><\/li>\n\n\n\n<li id=\"wd-a17cea0c\" class=\"wp-block-wd-list-item\"><div class=\"wd-icon\"><\/div><span class=\"wd-list-content\">Szacunek dla lokalnych tradycji<\/span><\/li>\n\n\n\n<li id=\"wd-7281425e\" class=\"wp-block-wd-list-item\"><div class=\"wd-icon\"><\/div><span class=\"wd-list-content\">\u015awiadome, oparte na warto\u015bciach decyzje zakupowe<\/span><\/li>\n<\/ul>\n\n\n\n<p>W ten spos\u00f3b powstaje kolekcja aromat\u00f3w, kt\u00f3re s\u0105 prawdziwe, wyj\u0105tkowe i niezapomniane.<\/p>\n<\/div>\n\n\n\n<a id=\"wd-851fa9a8\" class=\"wp-block-wd-button btn btn-style-link btn-color-primary btn-size-default\" href=\"#\"><span>Czytaj wi\u0119cej<\/span><\/a>\n<\/div>\n","protected":false},"excerpt":{"rendered":"","protected":false},"author":1,"featured_media":0,"parent":0,"menu_order":0,"comment_status":"closed","ping_status":"closed","template":"","meta":{"footnotes":""},"class_list":["post-1675","page","type-page","status-publish","hentry"],"_links":{"self":[{"href":"https:\/\/aromenderalpen.de\/pl\/wp-json\/wp\/v2\/pages\/1675","targetHints":{"allow":["GET"]}}],"collection":[{"href":"https:\/\/aromenderalpen.de\/pl\/wp-json\/wp\/v2\/pages"}],"about":[{"href":"https:\/\/aromenderalpen.de\/pl\/wp-json\/wp\/v2\/types\/page"}],"author":[{"embeddable":true,"href":"https:\/\/aromenderalpen.de\/pl\/wp-json\/wp\/v2\/users\/1"}],"replies":[{"embeddable":true,"href":"https:\/\/aromenderalpen.de\/pl\/wp-json\/wp\/v2\/comments?post=1675"}],"version-history":[{"count":34,"href":"https:\/\/aromenderalpen.de\/pl\/wp-json\/wp\/v2\/pages\/1675\/revisions"}],"predecessor-version":[{"id":2361,"href":"https:\/\/aromenderalpen.de\/pl\/wp-json\/wp\/v2\/pages\/1675\/revisions\/2361"}],"wp:attachment":[{"href":"https:\/\/aromenderalpen.de\/pl\/wp-json\/wp\/v2\/media?parent=1675"}],"curies":[{"name":"wp","href":"https:\/\/api.w.org\/{rel}","templated":true}]}}